{"id":18490,"date":"2019-10-11T15:45:11","date_gmt":"2019-10-11T15:45:11","guid":{"rendered":"http:\/\/ikostudio.it\/el-portafolio\/"},"modified":"2024-12-02T10:52:08","modified_gmt":"2024-12-02T10:52:08","slug":"el-portafolio","status":"publish","type":"page","link":"https:\/\/ikostudio.it\/es\/el-portafolio\/","title":{"rendered":"El portafolio"},"content":{"rendered":"\t\t<div data-elementor-type=\"wp-post\" data-elementor-id=\"18490\" class=\"elementor elementor-18490 elementor-1200\" data-elementor-post-type=\"page\">\n\t\t\t\t<div class=\"elementor-element elementor-element-7afa370 e-flex e-con-boxed e-con e-parent\" data-id=\"7afa370\" data-element_type=\"container\" data-e-type=\"container\">\n\t\t\t\t\t<div class=\"e-con-inner\">\n\t\t<div class=\"elementor-element elementor-element-60ba1c1 e-con-full e-flex e-con e-child\" data-id=\"60ba1c1\" data-element_type=\"container\" data-e-type=\"container\">\n\t\t\t\t<div class=\"elementor-element elementor-element-a7c5877 animated-slow elementor-grid-3 elementor-grid-tablet-2 elementor-grid-mobile-1 elementor-invisible elementor-widget elementor-widget-portfolio\" data-id=\"a7c5877\" data-element_type=\"widget\" data-e-type=\"widget\" data-settings=\"{&quot;row_gap&quot;:{&quot;unit&quot;:&quot;px&quot;,&quot;size&quot;:18,&quot;sizes&quot;:[]},&quot;_animation&quot;:&quot;fadeIn&quot;,&quot;masonry&quot;:&quot;yes&quot;,&quot;columns&quot;:&quot;3&quot;,&quot;columns_tablet&quot;:&quot;2&quot;,&quot;columns_mobile&quot;:&quot;1&quot;,&quot;item_gap&quot;:{&quot;unit&quot;:&quot;px&quot;,&quot;size&quot;:&quot;&quot;,&quot;sizes&quot;:[]}}\" data-widget_type=\"portfolio.default\">\n\t\t\t\t<div class=\"elementor-widget-container\">\n\t\t\t\t\t\t\t<ul class=\"elementor-portfolio__filters\">\n\t\t\t<li class=\"elementor-portfolio__filter elementor-active\" tabindex=\"0\" data-filter=\"__all\">Todo<\/li>\n\t\t\t\t\t\t\t<li class=\"elementor-portfolio__filter\" tabindex=\"0\" data-filter=\"2402\">Vetrate d\u2019arredamento<\/li>\n\t\t\t\t\t\t\t<li class=\"elementor-portfolio__filter\" tabindex=\"0\" data-filter=\"2920\">Vitrales art\u00edsticos sacros<\/li>\n\t\t\t\t\t\t\t<li class=\"elementor-portfolio__filter\" tabindex=\"0\" data-filter=\"2923\">vitrales decorativos<\/li>\n\t\t\t\t\t<\/ul>\n\t\t\t\t<div class=\"elementor-portfolio elementor-grid elementor-posts-container\" role=\"list\">\n\t\t\t\t<article class=\"elementor-portfolio-item elementor-post elementor-filter-2923 post-28695 lavori type-lavori status-publish has-post-thumbnail hentry stile-vitrales-decorativos\" role=\"listitem\">\n\t\t\t<a class=\"elementor-post__thumbnail__link\" href=\"https:\/\/ikostudio.it\/es\/lavori\/vitral-artistico-con-rosas-antiguas\/\">\n\t\t\t\t<div class=\"elementor-portfolio-item__img elementor-post__thumbnail\">\n\t\t\t<img fetchpriority=\"high\" decoding=\"async\" width=\"563\" height=\"750\" src=\"https:\/\/ikostudio.it\/wp-content\/uploads\/2025\/01\/Vetrata-Artistica-con-Rose-Antiche-1.webp\" class=\"attachment-medium_large size-medium_large wp-image-28688\" alt=\"Vetrata Artistica con Rose Antiche\" \/>\t\t<\/div>\n\t\t\t\t<div class=\"elementor-portfolio-item__overlay\">\n\t\t\t\t<h3 class=\"elementor-portfolio-item__title\">\n\t\tVitral Art\u00edstico con Rosas Antiguas\t\t<\/h3>\n\t\t\t\t<\/div>\n\t\t\t\t<\/a>\n\t\t<\/article>\n\t\t\t\t<article class=\"elementor-portfolio-item elementor-post elementor-filter-2920 post-27884 lavori type-lavori status-publish has-post-thumbnail hentry stile-vitrales-artisticos-sacros\" role=\"listitem\">\n\t\t\t<a class=\"elementor-post__thumbnail__link\" href=\"https:\/\/ikostudio.it\/es\/lavori\/vidriera-artistica-con-el-espiritu-santo\/\">\n\t\t\t\t<div class=\"elementor-portfolio-item__img elementor-post__thumbnail\">\n\t\t\t<img decoding=\"async\" width=\"768\" height=\"768\" src=\"https:\/\/ikostudio.it\/wp-content\/uploads\/2024\/11\/Holy-Spirit-2-768x768.webp\" class=\"attachment-medium_large size-medium_large wp-image-27827\" alt=\"Vetrata religiosa con Colomba\" srcset=\"https:\/\/ikostudio.it\/wp-content\/uploads\/2024\/11\/Holy-Spirit-2-768x768.webp 768w, https:\/\/ikostudio.it\/wp-content\/uploads\/2024\/11\/Holy-Spirit-2-300x300.webp 300w, https:\/\/ikostudio.it\/wp-content\/uploads\/2024\/11\/Holy-Spirit-2-1024x1024.webp 1024w, https:\/\/ikostudio.it\/wp-content\/uploads\/2024\/11\/Holy-Spirit-2-150x150.webp 150w, https:\/\/ikostudio.it\/wp-content\/uploads\/2024\/11\/Holy-Spirit-2.webp 1181w\" sizes=\"(max-width: 768px) 100vw, 768px\" \/>\t\t<\/div>\n\t\t\t\t<div class=\"elementor-portfolio-item__overlay\">\n\t\t\t\t<h3 class=\"elementor-portfolio-item__title\">\n\t\tVidriera art\u00edstica con el Esp\u00edritu Santo\t\t<\/h3>\n\t\t\t\t<\/div>\n\t\t\t\t<\/a>\n\t\t<\/article>\n\t\t\t\t<article class=\"elementor-portfolio-item elementor-post elementor-filter-2920 post-24990 lavori type-lavori status-publish has-post-thumbnail hentry stile-vitrales-artisticos-sacros lavori-tags-rosone-es\" role=\"listitem\">\n\t\t\t<a class=\"elementor-post__thumbnail__link\" href=\"https:\/\/ikostudio.it\/es\/lavori\/roseton-vitral-con-angel\/\">\n\t\t\t\t<div class=\"elementor-portfolio-item__img elementor-post__thumbnail\">\n\t\t\t<img decoding=\"async\" width=\"728\" height=\"750\" src=\"https:\/\/ikostudio.it\/wp-content\/uploads\/2020\/12\/Vetrata-con-Angelo.webp\" class=\"attachment-medium_large size-medium_large wp-image-21910\" alt=\"Vetrata con Angelo\" \/>\t\t<\/div>\n\t\t\t\t<div class=\"elementor-portfolio-item__overlay\">\n\t\t\t\t<h3 class=\"elementor-portfolio-item__title\">\n\t\tRoset\u00f3n vitral con \u00e1ngel\t\t<\/h3>\n\t\t\t\t<\/div>\n\t\t\t\t<\/a>\n\t\t<\/article>\n\t\t\t\t<article class=\"elementor-portfolio-item elementor-post elementor-filter-2920 post-24724 lavori type-lavori status-publish has-post-thumbnail hentry stile-vitrales-artisticos-sacros lavori-tags-gotico-es\" role=\"listitem\">\n\t\t\t<a class=\"elementor-post__thumbnail__link\" href=\"https:\/\/ikostudio.it\/es\/lavori\/vitral-artistico-con-crucifixion\/\">\n\t\t\t\t<div class=\"elementor-portfolio-item__img elementor-post__thumbnail\">\n\t\t\t<img loading=\"lazy\" decoding=\"async\" width=\"468\" height=\"750\" src=\"https:\/\/ikostudio.it\/wp-content\/uploads\/2024\/10\/Crocifissione-Vetrate-artistiche-per-una-chiesa-in-Africa.webp\" class=\"attachment-medium_large size-medium_large wp-image-24596\" alt=\"Vitral Art\u00edstico Sagrado Crucifixi\u00f3n Para una Iglesia en \u00c1frica\" \/>\t\t<\/div>\n\t\t\t\t<div class=\"elementor-portfolio-item__overlay\">\n\t\t\t\t<h3 class=\"elementor-portfolio-item__title\">\n\t\tVitral art\u00edstico con crucifixi\u00f3n\t\t<\/h3>\n\t\t\t\t<\/div>\n\t\t\t\t<\/a>\n\t\t<\/article>\n\t\t\t\t<article class=\"elementor-portfolio-item elementor-post elementor-filter-2920 post-24718 lavori type-lavori status-publish has-post-thumbnail hentry stile-vitrales-artisticos-sacros\" role=\"listitem\">\n\t\t\t<a class=\"elementor-post__thumbnail__link\" href=\"https:\/\/ikostudio.it\/es\/lavori\/vitral-de-una-virgen-coronada\/\">\n\t\t\t\t<div class=\"elementor-portfolio-item__img elementor-post__thumbnail\">\n\t\t\t<img loading=\"lazy\" decoding=\"async\" width=\"750\" height=\"1211\" src=\"https:\/\/ikostudio.it\/wp-content\/uploads\/2024\/10\/Vergine-Incoronata-Vetrate-Artistiche-per-una-Chiesa-in-Africa.webp\" class=\"attachment-medium_large size-medium_large wp-image-24590\" alt=\"Vitrale Art\u00edstico Sagrado Virgen Coronada\" \/>\t\t<\/div>\n\t\t\t\t<div class=\"elementor-portfolio-item__overlay\">\n\t\t\t\t<h3 class=\"elementor-portfolio-item__title\">\n\t\tVitral de una Virgen Coronada\t\t<\/h3>\n\t\t\t\t<\/div>\n\t\t\t\t<\/a>\n\t\t<\/article>\n\t\t\t\t<article class=\"elementor-portfolio-item elementor-post elementor-filter-2920 post-24716 lavori type-lavori status-publish has-post-thumbnail hentry stile-vitrales-artisticos-sacros\" role=\"listitem\">\n\t\t\t<a class=\"elementor-post__thumbnail__link\" href=\"https:\/\/ikostudio.it\/es\/lavori\/vitral-de-jesus-misericordioso\/\">\n\t\t\t\t<div class=\"elementor-portfolio-item__img elementor-post__thumbnail\">\n\t\t\t<img loading=\"lazy\" decoding=\"async\" width=\"442\" height=\"750\" src=\"https:\/\/ikostudio.it\/wp-content\/uploads\/2024\/10\/Gesu-misericordioso-Vetrate-artistiche-Africa.webp\" class=\"attachment-medium_large size-medium_large wp-image-24582\" alt=\"Vitrale Art\u00edstico Sagrado Jes\u00fas Misericordioso\" \/>\t\t<\/div>\n\t\t\t\t<div class=\"elementor-portfolio-item__overlay\">\n\t\t\t\t<h3 class=\"elementor-portfolio-item__title\">\n\t\tVitral de Jes\u00fas Misericordioso\t\t<\/h3>\n\t\t\t\t<\/div>\n\t\t\t\t<\/a>\n\t\t<\/article>\n\t\t\t\t<article class=\"elementor-portfolio-item elementor-post elementor-filter-2920 post-24712 lavori type-lavori status-publish has-post-thumbnail hentry stile-vitrales-artisticos-sacros\" role=\"listitem\">\n\t\t\t<a class=\"elementor-post__thumbnail__link\" href=\"https:\/\/ikostudio.it\/es\/lavori\/vitral-con-maria-inmaculada\/\">\n\t\t\t\t<div class=\"elementor-portfolio-item__img elementor-post__thumbnail\">\n\t\t\t<img loading=\"lazy\" decoding=\"async\" width=\"452\" height=\"750\" src=\"https:\/\/ikostudio.it\/wp-content\/uploads\/2024\/10\/Maria-Immacolata-Vetrate-Artistiche-per-una-Chiesa-in-Africa.webp\" class=\"attachment-medium_large size-medium_large wp-image-24575\" alt=\"Mar\u00eda Inmaculada Vitrales Art\u00edsticos Sagrados \u00c1frica\" \/>\t\t<\/div>\n\t\t\t\t<div class=\"elementor-portfolio-item__overlay\">\n\t\t\t\t<h3 class=\"elementor-portfolio-item__title\">\n\t\tVitral con Mar\u00eda Inmaculada\t\t<\/h3>\n\t\t\t\t<\/div>\n\t\t\t\t<\/a>\n\t\t<\/article>\n\t\t\t\t<article class=\"elementor-portfolio-item elementor-post elementor-filter-2920 post-24678 lavori type-lavori status-publish has-post-thumbnail hentry stile-vitrales-artisticos-sacros\" role=\"listitem\">\n\t\t\t<a class=\"elementor-post__thumbnail__link\" href=\"https:\/\/ikostudio.it\/es\/lavori\/ultima-cena-de-leonardo\/\">\n\t\t\t\t<div class=\"elementor-portfolio-item__img elementor-post__thumbnail\">\n\t\t\t<img loading=\"lazy\" decoding=\"async\" width=\"768\" height=\"468\" src=\"https:\/\/ikostudio.it\/wp-content\/uploads\/2024\/10\/Vetrata-Artistica-Ultima-Cena-Leonardo-768x468.jpg\" class=\"attachment-medium_large size-medium_large wp-image-24604\" alt=\"Vitral Art\u00edstico Sagrado \u00daltima Cena Leonardo\" srcset=\"https:\/\/ikostudio.it\/wp-content\/uploads\/2024\/10\/Vetrata-Artistica-Ultima-Cena-Leonardo-768x468.jpg 768w, https:\/\/ikostudio.it\/wp-content\/uploads\/2024\/10\/Vetrata-Artistica-Ultima-Cena-Leonardo-300x183.jpg 300w, https:\/\/ikostudio.it\/wp-content\/uploads\/2024\/10\/Vetrata-Artistica-Ultima-Cena-Leonardo.jpg 980w\" sizes=\"(max-width: 768px) 100vw, 768px\" \/>\t\t<\/div>\n\t\t\t\t<div class=\"elementor-portfolio-item__overlay\">\n\t\t\t\t<h3 class=\"elementor-portfolio-item__title\">\n\t\tVitral de la \u00daltima Cena de Leonardo\t\t<\/h3>\n\t\t\t\t<\/div>\n\t\t\t\t<\/a>\n\t\t<\/article>\n\t\t\t\t<article class=\"elementor-portfolio-item elementor-post elementor-filter-2923 post-24562 lavori type-lavori status-publish has-post-thumbnail hentry stile-vitrales-decorativos lavori-tags-arredamento-su-misura-es lavori-tags-calas lavori-tags-flor lavori-tags-hojas lavori-tags-libertad lavori-tags-naturaleza lavori-tags-nouveau-es lavori-tags-ventana\" role=\"listitem\">\n\t\t\t<a class=\"elementor-post__thumbnail__link\" href=\"https:\/\/ikostudio.it\/es\/lavori\/vitral-artistico-con-calle\/\">\n\t\t\t\t<div class=\"elementor-portfolio-item__img elementor-post__thumbnail\">\n\t\t\t<img loading=\"lazy\" decoding=\"async\" width=\"563\" height=\"750\" src=\"https:\/\/ikostudio.it\/wp-content\/uploads\/2024\/09\/Vetrata-Artistica-con-Calle.webp\" class=\"attachment-medium_large size-medium_large wp-image-24555\" alt=\"Vitral art\u00edstico con Calle\" \/>\t\t<\/div>\n\t\t\t\t<div class=\"elementor-portfolio-item__overlay\">\n\t\t\t\t<h3 class=\"elementor-portfolio-item__title\">\n\t\tVitral art\u00edstico con Calas\t\t<\/h3>\n\t\t\t\t<\/div>\n\t\t\t\t<\/a>\n\t\t<\/article>\n\t\t\t\t<article class=\"elementor-portfolio-item elementor-post elementor-filter-2923 post-24495 lavori type-lavori status-publish has-post-thumbnail hentry stile-vitrales-decorativos lavori-tags-flor\" role=\"listitem\">\n\t\t\t<a class=\"elementor-post__thumbnail__link\" href=\"https:\/\/ikostudio.it\/es\/lavori\/puerta-con-rosas\/\">\n\t\t\t\t<div class=\"elementor-portfolio-item__img elementor-post__thumbnail\">\n\t\t\t<img loading=\"lazy\" decoding=\"async\" width=\"562\" height=\"750\" src=\"https:\/\/ikostudio.it\/wp-content\/uploads\/2024\/06\/Porta-artigianale-con-rose-Mackintosh.webp\" class=\"attachment-medium_large size-medium_large wp-image-24480\" alt=\"Vitral para puerta con rosas Mackintosh\" \/>\t\t<\/div>\n\t\t\t\t<div class=\"elementor-portfolio-item__overlay\">\n\t\t\t\t<h3 class=\"elementor-portfolio-item__title\">\n\t\tPuerta con rosas\t\t<\/h3>\n\t\t\t\t<\/div>\n\t\t\t\t<\/a>\n\t\t<\/article>\n\t\t\t\t<article class=\"elementor-portfolio-item elementor-post elementor-filter-2923 post-24302 lavori type-lavori status-publish has-post-thumbnail hentry stile-vitrales-decorativos lavori-tags-animales lavori-tags-arredamento-su-misura-es lavori-tags-caballo lavori-tags-naturaleza\" role=\"listitem\">\n\t\t\t<a class=\"elementor-post__thumbnail__link\" href=\"https:\/\/ikostudio.it\/es\/lavori\/vidriera-con-caballo\/\">\n\t\t\t\t<div class=\"elementor-portfolio-item__img elementor-post__thumbnail\">\n\t\t\t<img loading=\"lazy\" decoding=\"async\" width=\"563\" height=\"750\" src=\"https:\/\/ikostudio.it\/wp-content\/uploads\/2023\/11\/Vetrata-Artistica-con-Cavallo.webp\" class=\"attachment-medium_large size-medium_large wp-image-24270\" alt=\"vitral art\u00edstico con caballo\" \/>\t\t<\/div>\n\t\t\t\t<div class=\"elementor-portfolio-item__overlay\">\n\t\t\t\t<h3 class=\"elementor-portfolio-item__title\">\n\t\tVidriera con caballo\t\t<\/h3>\n\t\t\t\t<\/div>\n\t\t\t\t<\/a>\n\t\t<\/article>\n\t\t\t\t<article class=\"elementor-portfolio-item elementor-post elementor-filter-2923 post-24264 lavori type-lavori status-publish has-post-thumbnail hentry stile-vitrales-decorativos lavori-tags-naturaleza\" role=\"listitem\">\n\t\t\t<a class=\"elementor-post__thumbnail__link\" href=\"https:\/\/ikostudio.it\/es\/lavori\/vitral-clasico-con-cuervos\/\">\n\t\t\t\t<div class=\"elementor-portfolio-item__img elementor-post__thumbnail\">\n\t\t\t<img loading=\"lazy\" decoding=\"async\" width=\"591\" height=\"750\" src=\"https:\/\/ikostudio.it\/wp-content\/uploads\/2023\/08\/Vetrate-classiche-con-corvi.webp\" class=\"attachment-medium_large size-medium_large wp-image-24257\" alt=\"Vitrales con cuervos\" \/>\t\t<\/div>\n\t\t\t\t<div class=\"elementor-portfolio-item__overlay\">\n\t\t\t\t<h3 class=\"elementor-portfolio-item__title\">\n\t\tVitral cl\u00e1sico con cuervos\t\t<\/h3>\n\t\t\t\t<\/div>\n\t\t\t\t<\/a>\n\t\t<\/article>\n\t\t\t\t<article class=\"elementor-portfolio-item elementor-post elementor-filter-2923 post-24102 lavori type-lavori status-publish has-post-thumbnail hentry stile-vitrales-decorativos lavori-tags-arredamento-su-misura-es\" role=\"listitem\">\n\t\t\t<a class=\"elementor-post__thumbnail__link\" href=\"https:\/\/ikostudio.it\/es\/lavori\/vitrales-de-los-recuerdos\/\">\n\t\t\t\t<div class=\"elementor-portfolio-item__img elementor-post__thumbnail\">\n\t\t\t<img loading=\"lazy\" decoding=\"async\" width=\"768\" height=\"576\" src=\"https:\/\/ikostudio.it\/wp-content\/uploads\/2023\/05\/Vetrate-dei-Ricordi-Quadrifora-768x576.jpg\" class=\"attachment-medium_large size-medium_large wp-image-24000\" alt=\"Vetrate dei Ricordi Quadrifora\" srcset=\"https:\/\/ikostudio.it\/wp-content\/uploads\/2023\/05\/Vetrate-dei-Ricordi-Quadrifora-768x576.jpg 768w, https:\/\/ikostudio.it\/wp-content\/uploads\/2023\/05\/Vetrate-dei-Ricordi-Quadrifora-300x225.jpg 300w, https:\/\/ikostudio.it\/wp-content\/uploads\/2023\/05\/Vetrate-dei-Ricordi-Quadrifora.jpg 980w\" sizes=\"(max-width: 768px) 100vw, 768px\" \/>\t\t<\/div>\n\t\t\t\t<div class=\"elementor-portfolio-item__overlay\">\n\t\t\t\t<h3 class=\"elementor-portfolio-item__title\">\n\t\tVitrales de los recuerdos\t\t<\/h3>\n\t\t\t\t<\/div>\n\t\t\t\t<\/a>\n\t\t<\/article>\n\t\t\t\t<article class=\"elementor-portfolio-item elementor-post elementor-filter-2920 post-23994 lavori type-lavori status-publish has-post-thumbnail hentry stile-vitrales-artisticos-sacros\" role=\"listitem\">\n\t\t\t<a class=\"elementor-post__thumbnail__link\" href=\"https:\/\/ikostudio.it\/es\/lavori\/vitral-con-angel-volador\/\">\n\t\t\t\t<div class=\"elementor-portfolio-item__img elementor-post__thumbnail\">\n\t\t\t<img loading=\"lazy\" decoding=\"async\" width=\"488\" height=\"750\" src=\"https:\/\/ikostudio.it\/wp-content\/uploads\/2023\/03\/Angelo-per-cappella-cimiteriale.webp\" class=\"attachment-medium_large size-medium_large wp-image-23976\" alt=\"Vidriera Art\u00edstica con \u00c1ngel por a Capilla de Cementerio en Roma\" \/>\t\t<\/div>\n\t\t\t\t<div class=\"elementor-portfolio-item__overlay\">\n\t\t\t\t<h3 class=\"elementor-portfolio-item__title\">\n\t\tVitral con \u00e1ngel volador\t\t<\/h3>\n\t\t\t\t<\/div>\n\t\t\t\t<\/a>\n\t\t<\/article>\n\t\t\t\t<article class=\"elementor-portfolio-item elementor-post elementor-filter-2923 post-23848 lavori type-lavori status-publish has-post-thumbnail hentry stile-vitrales-decorativos lavori-tags-flor\" role=\"listitem\">\n\t\t\t<a class=\"elementor-post__thumbnail__link\" href=\"https:\/\/ikostudio.it\/es\/lavori\/vitral-con-flores-para-puerta\/\">\n\t\t\t\t<div class=\"elementor-portfolio-item__img elementor-post__thumbnail\">\n\t\t\t<img loading=\"lazy\" decoding=\"async\" width=\"344\" height=\"750\" src=\"https:\/\/ikostudio.it\/wp-content\/uploads\/2022\/09\/Vetrata-con-fiori-per-una-porta.webp\" class=\"attachment-medium_large size-medium_large wp-image-23778\" alt=\"Vitrale Art\u00edstico con Flores para una Puerta\" \/>\t\t<\/div>\n\t\t\t\t<div class=\"elementor-portfolio-item__overlay\">\n\t\t\t\t<h3 class=\"elementor-portfolio-item__title\">\n\t\tVitral con flores para puerta\t\t<\/h3>\n\t\t\t\t<\/div>\n\t\t\t\t<\/a>\n\t\t<\/article>\n\t\t\t\t<article class=\"elementor-portfolio-item elementor-post elementor-filter-2920 post-23767 lavori type-lavori status-publish has-post-thumbnail hentry stile-vitrales-artisticos-sacros lavori-tags-icono\" role=\"listitem\">\n\t\t\t<a class=\"elementor-post__thumbnail__link\" href=\"https:\/\/ikostudio.it\/es\/lavori\/vitral-con-icono-sagrado\/\">\n\t\t\t\t<div class=\"elementor-portfolio-item__img elementor-post__thumbnail\">\n\t\t\t<img loading=\"lazy\" decoding=\"async\" width=\"768\" height=\"761\" src=\"https:\/\/ikostudio.it\/wp-content\/uploads\/2022\/08\/Vetrata-con-Icona-Sacra-768x761.jpg\" class=\"attachment-medium_large size-medium_large wp-image-23760\" alt=\"Vitral con icono sagrado\" srcset=\"https:\/\/ikostudio.it\/wp-content\/uploads\/2022\/08\/Vetrata-con-Icona-Sacra-768x761.jpg 768w, https:\/\/ikostudio.it\/wp-content\/uploads\/2022\/08\/Vetrata-con-Icona-Sacra-300x297.jpg 300w, https:\/\/ikostudio.it\/wp-content\/uploads\/2022\/08\/Vetrata-con-Icona-Sacra-150x150.jpg 150w, https:\/\/ikostudio.it\/wp-content\/uploads\/2022\/08\/Vetrata-con-Icona-Sacra.jpg 980w\" sizes=\"(max-width: 768px) 100vw, 768px\" \/>\t\t<\/div>\n\t\t\t\t<div class=\"elementor-portfolio-item__overlay\">\n\t\t\t\t<h3 class=\"elementor-portfolio-item__title\">\n\t\tVitral con icono sagrado\t\t<\/h3>\n\t\t\t\t<\/div>\n\t\t\t\t<\/a>\n\t\t<\/article>\n\t\t\t\t<article class=\"elementor-portfolio-item elementor-post elementor-filter-2923 post-23706 lavori type-lavori status-publish has-post-thumbnail hentry stile-vitrales-decorativos lavori-tags-pisces\" role=\"listitem\">\n\t\t\t<a class=\"elementor-post__thumbnail__link\" href=\"https:\/\/ikostudio.it\/es\/lavori\/vitral-moderno-con-escena-del-lago\/\">\n\t\t\t\t<div class=\"elementor-portfolio-item__img elementor-post__thumbnail\">\n\t\t\t<img loading=\"lazy\" decoding=\"async\" width=\"705\" height=\"750\" src=\"https:\/\/ikostudio.it\/wp-content\/uploads\/2022\/07\/Vetrata-Moderna-con-il-Lago.webp\" class=\"attachment-medium_large size-medium_large wp-image-23663\" alt=\"Vitral art\u00edstico moderno de colores\" \/>\t\t<\/div>\n\t\t\t\t<div class=\"elementor-portfolio-item__overlay\">\n\t\t\t\t<h3 class=\"elementor-portfolio-item__title\">\n\t\tVitral moderno con escena del lago\t\t<\/h3>\n\t\t\t\t<\/div>\n\t\t\t\t<\/a>\n\t\t<\/article>\n\t\t\t\t<article class=\"elementor-portfolio-item elementor-post elementor-filter-2920 post-23650 lavori type-lavori status-publish has-post-thumbnail hentry stile-vitrales-artisticos-sacros\" role=\"listitem\">\n\t\t\t<a class=\"elementor-post__thumbnail__link\" href=\"https:\/\/ikostudio.it\/es\/lavori\/vitral-con-santa-cristina\/\">\n\t\t\t\t<div class=\"elementor-portfolio-item__img elementor-post__thumbnail\">\n\t\t\t<img loading=\"lazy\" decoding=\"async\" width=\"750\" height=\"755\" src=\"https:\/\/ikostudio.it\/wp-content\/uploads\/2022\/07\/Vetrata-con-Santa-Cristina.webp\" class=\"attachment-medium_large size-medium_large wp-image-23642\" alt=\"Vitral con Santa Cristina\" \/>\t\t<\/div>\n\t\t\t\t<div class=\"elementor-portfolio-item__overlay\">\n\t\t\t\t<h3 class=\"elementor-portfolio-item__title\">\n\t\tVitral con Santa Cristina\t\t<\/h3>\n\t\t\t\t<\/div>\n\t\t\t\t<\/a>\n\t\t<\/article>\n\t\t\t\t<article class=\"elementor-portfolio-item elementor-post elementor-filter-2923 post-23549 lavori type-lavori status-publish has-post-thumbnail hentry stile-vitrales-decorativos lavori-tags-pisces\" role=\"listitem\">\n\t\t\t<a class=\"elementor-post__thumbnail__link\" href=\"https:\/\/ikostudio.it\/es\/lavori\/vitral-con-martin-pescador\/\">\n\t\t\t\t<div class=\"elementor-portfolio-item__img elementor-post__thumbnail\">\n\t\t\t<img loading=\"lazy\" decoding=\"async\" width=\"768\" height=\"577\" src=\"https:\/\/ikostudio.it\/wp-content\/uploads\/2022\/05\/Vetrate-con-Uccelli-Martin-Pescatore-768x577.jpg\" class=\"attachment-medium_large size-medium_large wp-image-23473\" alt=\"Vitrales con P\u00e1jaros Mart\u00edn Pescador\" srcset=\"https:\/\/ikostudio.it\/wp-content\/uploads\/2022\/05\/Vetrate-con-Uccelli-Martin-Pescatore-768x577.jpg 768w, https:\/\/ikostudio.it\/wp-content\/uploads\/2022\/05\/Vetrate-con-Uccelli-Martin-Pescatore-300x225.jpg 300w, https:\/\/ikostudio.it\/wp-content\/uploads\/2022\/05\/Vetrate-con-Uccelli-Martin-Pescatore.jpg 980w\" sizes=\"(max-width: 768px) 100vw, 768px\" \/>\t\t<\/div>\n\t\t\t\t<div class=\"elementor-portfolio-item__overlay\">\n\t\t\t\t<h3 class=\"elementor-portfolio-item__title\">\n\t\tVitral con mart\u00edn pescador\t\t<\/h3>\n\t\t\t\t<\/div>\n\t\t\t\t<\/a>\n\t\t<\/article>\n\t\t\t\t<article class=\"elementor-portfolio-item elementor-post elementor-filter-2923 post-23540 lavori type-lavori status-publish has-post-thumbnail hentry stile-vitrales-decorativos lavori-tags-flor\" role=\"listitem\">\n\t\t\t<a class=\"elementor-post__thumbnail__link\" href=\"https:\/\/ikostudio.it\/es\/lavori\/vitral-con-flamencos\/\">\n\t\t\t\t<div class=\"elementor-portfolio-item__img elementor-post__thumbnail\">\n\t\t\t<img loading=\"lazy\" decoding=\"async\" width=\"768\" height=\"253\" src=\"https:\/\/ikostudio.it\/wp-content\/uploads\/2022\/05\/Vetrata-Artistica-con-Fenicotteri-768x253.jpg\" class=\"attachment-medium_large size-medium_large wp-image-23460\" alt=\"Vitral con Flamencos\" srcset=\"https:\/\/ikostudio.it\/wp-content\/uploads\/2022\/05\/Vetrata-Artistica-con-Fenicotteri-768x253.jpg 768w, https:\/\/ikostudio.it\/wp-content\/uploads\/2022\/05\/Vetrata-Artistica-con-Fenicotteri-300x99.jpg 300w, https:\/\/ikostudio.it\/wp-content\/uploads\/2022\/05\/Vetrata-Artistica-con-Fenicotteri.jpg 980w\" sizes=\"(max-width: 768px) 100vw, 768px\" \/>\t\t<\/div>\n\t\t\t\t<div class=\"elementor-portfolio-item__overlay\">\n\t\t\t\t<h3 class=\"elementor-portfolio-item__title\">\n\t\tVitral con flamencos\t\t<\/h3>\n\t\t\t\t<\/div>\n\t\t\t\t<\/a>\n\t\t<\/article>\n\t\t\t\t<article class=\"elementor-portfolio-item elementor-post elementor-filter-2923 post-23531 lavori type-lavori status-publish has-post-thumbnail hentry stile-vitrales-decorativos lavori-tags-naturaleza\" role=\"listitem\">\n\t\t\t<a class=\"elementor-post__thumbnail__link\" href=\"https:\/\/ikostudio.it\/es\/lavori\/vitral-con-abubilla\/\">\n\t\t\t\t<div class=\"elementor-portfolio-item__img elementor-post__thumbnail\">\n\t\t\t<img loading=\"lazy\" decoding=\"async\" width=\"629\" height=\"750\" src=\"https:\/\/ikostudio.it\/wp-content\/uploads\/2022\/05\/Vetrata-con-Uccelli-Upupa.webp\" class=\"attachment-medium_large size-medium_large wp-image-23470\" alt=\"Vitrales con P\u00e1jaros Abubilla\" \/>\t\t<\/div>\n\t\t\t\t<div class=\"elementor-portfolio-item__overlay\">\n\t\t\t\t<h3 class=\"elementor-portfolio-item__title\">\n\t\tVitral con abubilla\t\t<\/h3>\n\t\t\t\t<\/div>\n\t\t\t\t<\/a>\n\t\t<\/article>\n\t\t\t\t<article class=\"elementor-portfolio-item elementor-post elementor-filter-2923 post-22680 lavori type-lavori status-publish has-post-thumbnail hentry stile-vitrales-decorativos lavori-tags-mariposas\" role=\"listitem\">\n\t\t\t<a class=\"elementor-post__thumbnail__link\" href=\"https:\/\/ikostudio.it\/es\/lavori\/lamparas-tiffany-con-mariposas\/\">\n\t\t\t\t<div class=\"elementor-portfolio-item__img elementor-post__thumbnail\">\n\t\t\t<img loading=\"lazy\" decoding=\"async\" width=\"768\" height=\"577\" src=\"https:\/\/ikostudio.it\/wp-content\/uploads\/2021\/11\/Lampade-con-farfalle-768x577.jpg\" class=\"attachment-medium_large size-medium_large wp-image-22603\" alt=\"L\u00e1mparas con mariposas\" srcset=\"https:\/\/ikostudio.it\/wp-content\/uploads\/2021\/11\/Lampade-con-farfalle-768x577.jpg 768w, https:\/\/ikostudio.it\/wp-content\/uploads\/2021\/11\/Lampade-con-farfalle-300x225.jpg 300w, https:\/\/ikostudio.it\/wp-content\/uploads\/2021\/11\/Lampade-con-farfalle.jpg 980w\" sizes=\"(max-width: 768px) 100vw, 768px\" \/>\t\t<\/div>\n\t\t\t\t<div class=\"elementor-portfolio-item__overlay\">\n\t\t\t\t<h3 class=\"elementor-portfolio-item__title\">\n\t\tL\u00e1mparas Tiffany con mariposas\t\t<\/h3>\n\t\t\t\t<\/div>\n\t\t\t\t<\/a>\n\t\t<\/article>\n\t\t\t\t<article class=\"elementor-portfolio-item elementor-post elementor-filter-2923 post-22522 lavori type-lavori status-publish has-post-thumbnail hentry stile-vitrales-decorativos lavori-tags-arredamento-su-misura-es\" role=\"listitem\">\n\t\t\t<a class=\"elementor-post__thumbnail__link\" href=\"https:\/\/ikostudio.it\/es\/lavori\/puerta-atmosfera-veneciana-2\/\">\n\t\t\t\t<div class=\"elementor-portfolio-item__img elementor-post__thumbnail\">\n\t\t\t<img loading=\"lazy\" decoding=\"async\" width=\"768\" height=\"577\" src=\"https:\/\/ikostudio.it\/wp-content\/uploads\/2021\/11\/Porta-Artistica-Veneziana-768x577.jpg\" class=\"attachment-medium_large size-medium_large wp-image-22489\" alt=\"Puerta con Vidriera Art\u00edstica de Estilo Veneciano\" srcset=\"https:\/\/ikostudio.it\/wp-content\/uploads\/2021\/11\/Porta-Artistica-Veneziana-768x577.jpg 768w, https:\/\/ikostudio.it\/wp-content\/uploads\/2021\/11\/Porta-Artistica-Veneziana-300x225.jpg 300w, https:\/\/ikostudio.it\/wp-content\/uploads\/2021\/11\/Porta-Artistica-Veneziana.jpg 980w\" sizes=\"(max-width: 768px) 100vw, 768px\" \/>\t\t<\/div>\n\t\t\t\t<div class=\"elementor-portfolio-item__overlay\">\n\t\t\t\t<h3 class=\"elementor-portfolio-item__title\">\n\t\tPuerta atm\u00f3sfera veneciana\t\t<\/h3>\n\t\t\t\t<\/div>\n\t\t\t\t<\/a>\n\t\t<\/article>\n\t\t\t\t<article class=\"elementor-portfolio-item elementor-post elementor-filter-2923 post-22443 lavori type-lavori status-publish has-post-thumbnail hentry stile-vitrales-decorativos lavori-tags-arredamento-su-misura-es\" role=\"listitem\">\n\t\t\t<a class=\"elementor-post__thumbnail__link\" href=\"https:\/\/ikostudio.it\/es\/lavori\/puerta-con-vitrales-simples-y-elegantes\/\">\n\t\t\t\t<div class=\"elementor-portfolio-item__img elementor-post__thumbnail\">\n\t\t\t<img loading=\"lazy\" decoding=\"async\" width=\"768\" height=\"577\" src=\"https:\/\/ikostudio.it\/wp-content\/uploads\/2021\/05\/Porta-con-vetrate-artistiche-semplici-ed-eleganti-768x577.jpg\" class=\"attachment-medium_large size-medium_large wp-image-22318\" alt=\"Puerta con vitrales art\u00edsticos simples y elegantes\" srcset=\"https:\/\/ikostudio.it\/wp-content\/uploads\/2021\/05\/Porta-con-vetrate-artistiche-semplici-ed-eleganti-768x577.jpg 768w, https:\/\/ikostudio.it\/wp-content\/uploads\/2021\/05\/Porta-con-vetrate-artistiche-semplici-ed-eleganti-300x225.jpg 300w, https:\/\/ikostudio.it\/wp-content\/uploads\/2021\/05\/Porta-con-vetrate-artistiche-semplici-ed-eleganti.jpg 980w\" sizes=\"(max-width: 768px) 100vw, 768px\" \/>\t\t<\/div>\n\t\t\t\t<div class=\"elementor-portfolio-item__overlay\">\n\t\t\t\t<h3 class=\"elementor-portfolio-item__title\">\n\t\tPuerta con vitrales simples y elegantes\t\t<\/h3>\n\t\t\t\t<\/div>\n\t\t\t\t<\/a>\n\t\t<\/article>\n\t\t\t\t<article class=\"elementor-portfolio-item elementor-post elementor-filter-2923 post-22307 lavori type-lavori status-publish has-post-thumbnail hentry stile-vitrales-decorativos lavori-tags-flor\" role=\"listitem\">\n\t\t\t<a class=\"elementor-post__thumbnail__link\" href=\"https:\/\/ikostudio.it\/es\/lavori\/vitral-con-hortensias\/\">\n\t\t\t\t<div class=\"elementor-portfolio-item__img elementor-post__thumbnail\">\n\t\t\t<img loading=\"lazy\" decoding=\"async\" width=\"553\" height=\"750\" src=\"https:\/\/ikostudio.it\/wp-content\/uploads\/2021\/04\/Vetrata-con-ortensie.webp\" class=\"attachment-medium_large size-medium_large wp-image-22251\" alt=\"Vitrales con hortensias\" \/>\t\t<\/div>\n\t\t\t\t<div class=\"elementor-portfolio-item__overlay\">\n\t\t\t\t<h3 class=\"elementor-portfolio-item__title\">\n\t\tVitral con hortensias\t\t<\/h3>\n\t\t\t\t<\/div>\n\t\t\t\t<\/a>\n\t\t<\/article>\n\t\t\t\t<article class=\"elementor-portfolio-item elementor-post elementor-filter-2923 post-22245 lavori type-lavori status-publish has-post-thumbnail hentry stile-vitrales-decorativos lavori-tags-flor\" role=\"listitem\">\n\t\t\t<a class=\"elementor-post__thumbnail__link\" href=\"https:\/\/ikostudio.it\/es\/lavori\/lamparas-de-pared-con-hortensias\/\">\n\t\t\t\t<div class=\"elementor-portfolio-item__img elementor-post__thumbnail\">\n\t\t\t<img loading=\"lazy\" decoding=\"async\" width=\"768\" height=\"763\" src=\"https:\/\/ikostudio.it\/wp-content\/uploads\/2021\/04\/Lampada-con-Ortensie-768x763.jpg\" class=\"attachment-medium_large size-medium_large wp-image-22237\" alt=\"L\u00e1mparas de pared con hortensias\" srcset=\"https:\/\/ikostudio.it\/wp-content\/uploads\/2021\/04\/Lampada-con-Ortensie-768x763.jpg 768w, https:\/\/ikostudio.it\/wp-content\/uploads\/2021\/04\/Lampada-con-Ortensie-300x298.jpg 300w, https:\/\/ikostudio.it\/wp-content\/uploads\/2021\/04\/Lampada-con-Ortensie-150x150.jpg 150w, https:\/\/ikostudio.it\/wp-content\/uploads\/2021\/04\/Lampada-con-Ortensie.jpg 980w\" sizes=\"(max-width: 768px) 100vw, 768px\" \/>\t\t<\/div>\n\t\t\t\t<div class=\"elementor-portfolio-item__overlay\">\n\t\t\t\t<h3 class=\"elementor-portfolio-item__title\">\n\t\tL\u00e1mparas de pared con hortensias\t\t<\/h3>\n\t\t\t\t<\/div>\n\t\t\t\t<\/a>\n\t\t<\/article>\n\t\t\t\t<article class=\"elementor-portfolio-item elementor-post elementor-filter-2923 post-22213 lavori type-lavori status-publish has-post-thumbnail hentry stile-vitrales-decorativos lavori-tags-flor\" role=\"listitem\">\n\t\t\t<a class=\"elementor-post__thumbnail__link\" href=\"https:\/\/ikostudio.it\/es\/lavori\/vitral-artistico-con-barca-roja-y-arana-avispa\/\">\n\t\t\t\t<div class=\"elementor-portfolio-item__img elementor-post__thumbnail\">\n\t\t\t<img loading=\"lazy\" decoding=\"async\" width=\"501\" height=\"750\" src=\"https:\/\/ikostudio.it\/wp-content\/uploads\/2021\/03\/Vetrata-Artistica-barca-con-ragno.webp\" class=\"attachment-medium_large size-medium_large wp-image-22206\" alt=\"Vitral art\u00edstico con barca roja y ara\u00f1a avispa\" \/>\t\t<\/div>\n\t\t\t\t<div class=\"elementor-portfolio-item__overlay\">\n\t\t\t\t<h3 class=\"elementor-portfolio-item__title\">\n\t\tVitral art\u00edstico con barca roja y ara\u00f1a avispa\t\t<\/h3>\n\t\t\t\t<\/div>\n\t\t\t\t<\/a>\n\t\t<\/article>\n\t\t\t\t<article class=\"elementor-portfolio-item elementor-post elementor-filter-2923 post-22201 lavori type-lavori status-publish has-post-thumbnail hentry stile-vitrales-decorativos lavori-tags-arredamento-su-misura-es\" role=\"listitem\">\n\t\t\t<a class=\"elementor-post__thumbnail__link\" href=\"https:\/\/ikostudio.it\/es\/lavori\/vitrales-largos-y-delgados-para-puerta\/\">\n\t\t\t\t<div class=\"elementor-portfolio-item__img elementor-post__thumbnail\">\n\t\t\t<img loading=\"lazy\" decoding=\"async\" width=\"563\" height=\"750\" src=\"https:\/\/ikostudio.it\/wp-content\/uploads\/2021\/03\/Porta-artigianale-con-vetrate-artistiche-1.webp\" class=\"attachment-medium_large size-medium_large wp-image-22062\" alt=\"Puerta artesanal con vitrales\" \/>\t\t<\/div>\n\t\t\t\t<div class=\"elementor-portfolio-item__overlay\">\n\t\t\t\t<h3 class=\"elementor-portfolio-item__title\">\n\t\tVitrales largos y delgados para puerta\t\t<\/h3>\n\t\t\t\t<\/div>\n\t\t\t\t<\/a>\n\t\t<\/article>\n\t\t\t\t<article class=\"elementor-portfolio-item elementor-post elementor-filter-2923 post-22030 lavori type-lavori status-publish has-post-thumbnail hentry stile-vitrales-decorativos lavori-tags-flor\" role=\"listitem\">\n\t\t\t<a class=\"elementor-post__thumbnail__link\" href=\"https:\/\/ikostudio.it\/es\/lavori\/vitrales-con-flores-para-una-puerta\/\">\n\t\t\t\t<div class=\"elementor-portfolio-item__img elementor-post__thumbnail\">\n\t\t\t<img loading=\"lazy\" decoding=\"async\" width=\"468\" height=\"750\" src=\"https:\/\/ikostudio.it\/wp-content\/uploads\/2021\/01\/Porta-Artigianale-con-Fiori.webp\" class=\"attachment-medium_large size-medium_large wp-image-22018\" alt=\"Puerta artesanal con flores\" \/>\t\t<\/div>\n\t\t\t\t<div class=\"elementor-portfolio-item__overlay\">\n\t\t\t\t<h3 class=\"elementor-portfolio-item__title\">\n\t\tVitrales con flores para una puerta\t\t<\/h3>\n\t\t\t\t<\/div>\n\t\t\t\t<\/a>\n\t\t<\/article>\n\t\t\t\t<article class=\"elementor-portfolio-item elementor-post elementor-filter-2920 post-21972 lavori type-lavori status-publish has-post-thumbnail hentry stile-vitrales-artisticos-sacros lavori-tags-rosone-es\" role=\"listitem\">\n\t\t\t<a class=\"elementor-post__thumbnail__link\" href=\"https:\/\/ikostudio.it\/es\/lavori\/vitral-con-paloma\/\">\n\t\t\t\t<div class=\"elementor-portfolio-item__img elementor-post__thumbnail\">\n\t\t\t<img loading=\"lazy\" decoding=\"async\" width=\"748\" height=\"750\" src=\"https:\/\/ikostudio.it\/wp-content\/uploads\/2021\/01\/Vetrata-Artistica-con-Spirito-Santo.webp\" class=\"attachment-medium_large size-medium_large wp-image-21945\" alt=\"Vitral con el Esp\u00edritu Santo\" \/>\t\t<\/div>\n\t\t\t\t<div class=\"elementor-portfolio-item__overlay\">\n\t\t\t\t<h3 class=\"elementor-portfolio-item__title\">\n\t\tVitral con Paloma\t\t<\/h3>\n\t\t\t\t<\/div>\n\t\t\t\t<\/a>\n\t\t<\/article>\n\t\t\t\t<article class=\"elementor-portfolio-item elementor-post elementor-filter-2923 post-21900 lavori type-lavori status-publish has-post-thumbnail hentry stile-vitrales-decorativos lavori-tags-geometrico\" role=\"listitem\">\n\t\t\t<a class=\"elementor-post__thumbnail__link\" href=\"https:\/\/ikostudio.it\/es\/lavori\/vitral-con-diseno-geometrico\/\">\n\t\t\t\t<div class=\"elementor-portfolio-item__img elementor-post__thumbnail\">\n\t\t\t<img loading=\"lazy\" decoding=\"async\" width=\"563\" height=\"750\" src=\"https:\/\/ikostudio.it\/wp-content\/uploads\/2020\/12\/Porta-Geometrica.webp\" class=\"attachment-medium_large size-medium_large wp-image-21881\" alt=\"Puerta personalizada Arezzo\" \/>\t\t<\/div>\n\t\t\t\t<div class=\"elementor-portfolio-item__overlay\">\n\t\t\t\t<h3 class=\"elementor-portfolio-item__title\">\n\t\tVitral con Dise\u00f1o Geom\u00e9trico\t\t<\/h3>\n\t\t\t\t<\/div>\n\t\t\t\t<\/a>\n\t\t<\/article>\n\t\t\t\t<article class=\"elementor-portfolio-item elementor-post elementor-filter-2923 post-20003 lavori type-lavori status-publish has-post-thumbnail hentry stile-vitrales-decorativos\" role=\"listitem\">\n\t\t\t<a class=\"elementor-post__thumbnail__link\" href=\"https:\/\/ikostudio.it\/es\/lavori\/vidriera-barroca-circular-con-cristal-de-murano\/\">\n\t\t\t\t<div class=\"elementor-portfolio-item__img elementor-post__thumbnail\">\n\t\t\t<img loading=\"lazy\" decoding=\"async\" width=\"768\" height=\"648\" src=\"https:\/\/ikostudio.it\/wp-content\/uploads\/2018\/05\/Vetrata-Venezia-Barocca-1-768x648.jpg\" class=\"attachment-medium_large size-medium_large wp-image-19662\" alt=\"Vidriera barroca circular con cristal de Murano\" srcset=\"https:\/\/ikostudio.it\/wp-content\/uploads\/2018\/05\/Vetrata-Venezia-Barocca-1-768x648.jpg 768w, https:\/\/ikostudio.it\/wp-content\/uploads\/2018\/05\/Vetrata-Venezia-Barocca-1-300x253.jpg 300w, https:\/\/ikostudio.it\/wp-content\/uploads\/2018\/05\/Vetrata-Venezia-Barocca-1.jpg 980w\" sizes=\"(max-width: 768px) 100vw, 768px\" \/>\t\t<\/div>\n\t\t\t\t<div class=\"elementor-portfolio-item__overlay\">\n\t\t\t\t<h3 class=\"elementor-portfolio-item__title\">\n\t\tVidriera barroca circular con cristal de Murano\t\t<\/h3>\n\t\t\t\t<\/div>\n\t\t\t\t<\/a>\n\t\t<\/article>\n\t\t\t\t<article class=\"elementor-portfolio-item elementor-post elementor-filter-2923 post-20002 lavori type-lavori status-publish has-post-thumbnail hentry stile-vitrales-decorativos\" role=\"listitem\">\n\t\t\t<a class=\"elementor-post__thumbnail__link\" href=\"https:\/\/ikostudio.it\/es\/lavori\/roseton-gotico-circular-con-cristal-de-murano\/\">\n\t\t\t\t<div class=\"elementor-portfolio-item__img elementor-post__thumbnail\">\n\t\t\t<img loading=\"lazy\" decoding=\"async\" width=\"768\" height=\"608\" src=\"https:\/\/ikostudio.it\/wp-content\/uploads\/2018\/05\/Vetrate-Venezia-Gotica-768x608.jpg\" class=\"attachment-medium_large size-medium_large wp-image-19655\" alt=\"Roset\u00f3n g\u00f3tico circular con cristal de Murano\" srcset=\"https:\/\/ikostudio.it\/wp-content\/uploads\/2018\/05\/Vetrate-Venezia-Gotica-768x608.jpg 768w, https:\/\/ikostudio.it\/wp-content\/uploads\/2018\/05\/Vetrate-Venezia-Gotica-300x238.jpg 300w, https:\/\/ikostudio.it\/wp-content\/uploads\/2018\/05\/Vetrate-Venezia-Gotica.jpg 980w\" sizes=\"(max-width: 768px) 100vw, 768px\" \/>\t\t<\/div>\n\t\t\t\t<div class=\"elementor-portfolio-item__overlay\">\n\t\t\t\t<h3 class=\"elementor-portfolio-item__title\">\n\t\tRoset\u00f3n g\u00f3tico circular con cristal de Murano\t\t<\/h3>\n\t\t\t\t<\/div>\n\t\t\t\t<\/a>\n\t\t<\/article>\n\t\t\t\t<article class=\"elementor-portfolio-item elementor-post elementor-filter-2923 post-20001 lavori type-lavori status-publish has-post-thumbnail hentry stile-vitrales-decorativos\" role=\"listitem\">\n\t\t\t<a class=\"elementor-post__thumbnail__link\" href=\"https:\/\/ikostudio.it\/es\/lavori\/vitral-carnaval-de-venecia\/\">\n\t\t\t\t<div class=\"elementor-portfolio-item__img elementor-post__thumbnail\">\n\t\t\t<img loading=\"lazy\" decoding=\"async\" width=\"768\" height=\"676\" src=\"https:\/\/ikostudio.it\/wp-content\/uploads\/2018\/05\/Vetrata-Venezia-Maschera-768x676.jpg\" class=\"attachment-medium_large size-medium_large wp-image-19659\" alt=\"Vitral carnaval de Venecia\" srcset=\"https:\/\/ikostudio.it\/wp-content\/uploads\/2018\/05\/Vetrata-Venezia-Maschera-768x676.jpg 768w, https:\/\/ikostudio.it\/wp-content\/uploads\/2018\/05\/Vetrata-Venezia-Maschera-300x264.jpg 300w, https:\/\/ikostudio.it\/wp-content\/uploads\/2018\/05\/Vetrata-Venezia-Maschera.jpg 980w\" sizes=\"(max-width: 768px) 100vw, 768px\" \/>\t\t<\/div>\n\t\t\t\t<div class=\"elementor-portfolio-item__overlay\">\n\t\t\t\t<h3 class=\"elementor-portfolio-item__title\">\n\t\tVitral carnaval de Venecia\t\t<\/h3>\n\t\t\t\t<\/div>\n\t\t\t\t<\/a>\n\t\t<\/article>\n\t\t\t\t<article class=\"elementor-portfolio-item elementor-post elementor-filter-2923 post-19999 lavori type-lavori status-publish has-post-thumbnail hentry stile-vitrales-decorativos lavori-tags-senza-pittura-es\" role=\"listitem\">\n\t\t\t<a class=\"elementor-post__thumbnail__link\" href=\"https:\/\/ikostudio.it\/es\/lavori\/vitral-de-flores-con-pan-de-oro\/\">\n\t\t\t\t<div class=\"elementor-portfolio-item__img elementor-post__thumbnail\">\n\t\t\t<img loading=\"lazy\" decoding=\"async\" width=\"768\" height=\"400\" src=\"https:\/\/ikostudio.it\/wp-content\/uploads\/2019\/07\/Vetrata-Artistica-con-Foglia-Oro-Fiore-768x400.jpg\" class=\"attachment-medium_large size-medium_large wp-image-19701\" alt=\"Vitral de flores con pan de oro\" srcset=\"https:\/\/ikostudio.it\/wp-content\/uploads\/2019\/07\/Vetrata-Artistica-con-Foglia-Oro-Fiore-768x400.jpg 768w, https:\/\/ikostudio.it\/wp-content\/uploads\/2019\/07\/Vetrata-Artistica-con-Foglia-Oro-Fiore-300x156.jpg 300w, https:\/\/ikostudio.it\/wp-content\/uploads\/2019\/07\/Vetrata-Artistica-con-Foglia-Oro-Fiore.jpg 980w\" sizes=\"(max-width: 768px) 100vw, 768px\" \/>\t\t<\/div>\n\t\t\t\t<div class=\"elementor-portfolio-item__overlay\">\n\t\t\t\t<h3 class=\"elementor-portfolio-item__title\">\n\t\tVitral de flores con pan de oro\t\t<\/h3>\n\t\t\t\t<\/div>\n\t\t\t\t<\/a>\n\t\t<\/article>\n\t\t\t\t<article class=\"elementor-portfolio-item elementor-post elementor-filter-2923 post-19037 lavori type-lavori status-publish has-post-thumbnail hentry stile-vitrales-decorativos lavori-tags-pajaro\" role=\"listitem\">\n\t\t\t<a class=\"elementor-post__thumbnail__link\" href=\"https:\/\/ikostudio.it\/es\/lavori\/vitral-con-airone\/\">\n\t\t\t\t<div class=\"elementor-portfolio-item__img elementor-post__thumbnail\">\n\t\t\t<img loading=\"lazy\" decoding=\"async\" width=\"300\" height=\"400\" src=\"https:\/\/ikostudio.it\/wp-content\/uploads\/2019\/08\/tradizionali9.jpg\" class=\"attachment-medium_large size-medium_large wp-image-2546\" alt=\"Vitral con Airone\" srcset=\"https:\/\/ikostudio.it\/wp-content\/uploads\/2019\/08\/tradizionali9.jpg 300w, https:\/\/ikostudio.it\/wp-content\/uploads\/2019\/08\/tradizionali9-225x300.jpg 225w\" sizes=\"(max-width: 300px) 100vw, 300px\" \/>\t\t<\/div>\n\t\t\t\t<div class=\"elementor-portfolio-item__overlay\">\n\t\t\t\t<h3 class=\"elementor-portfolio-item__title\">\n\t\tVitral con Airone\t\t<\/h3>\n\t\t\t\t<\/div>\n\t\t\t\t<\/a>\n\t\t<\/article>\n\t\t\t\t<article class=\"elementor-portfolio-item elementor-post elementor-filter-2923 post-19007 lavori type-lavori status-publish has-post-thumbnail hentry stile-vitrales-decorativos lavori-tags-senza-pittura-es\" role=\"listitem\">\n\t\t\t<a class=\"elementor-post__thumbnail__link\" href=\"https:\/\/ikostudio.it\/es\/lavori\/vitral-mackintosh\/\">\n\t\t\t\t<div class=\"elementor-portfolio-item__img elementor-post__thumbnail\">\n\t\t\t<img loading=\"lazy\" decoding=\"async\" width=\"768\" height=\"617\" src=\"https:\/\/ikostudio.it\/wp-content\/uploads\/2019\/08\/Vetrata-Artistica-Mackintosh-e1374253283347-768x617.jpg\" class=\"attachment-medium_large size-medium_large wp-image-2768\" alt=\"Vitral Mackintosh\" srcset=\"https:\/\/ikostudio.it\/wp-content\/uploads\/2019\/08\/Vetrata-Artistica-Mackintosh-e1374253283347-768x617.jpg 768w, https:\/\/ikostudio.it\/wp-content\/uploads\/2019\/08\/Vetrata-Artistica-Mackintosh-e1374253283347-300x241.jpg 300w, https:\/\/ikostudio.it\/wp-content\/uploads\/2019\/08\/Vetrata-Artistica-Mackintosh-e1374253283347.jpg 960w\" sizes=\"(max-width: 768px) 100vw, 768px\" \/>\t\t<\/div>\n\t\t\t\t<div class=\"elementor-portfolio-item__overlay\">\n\t\t\t\t<h3 class=\"elementor-portfolio-item__title\">\n\t\tVitral Mackintosh\t\t<\/h3>\n\t\t\t\t<\/div>\n\t\t\t\t<\/a>\n\t\t<\/article>\n\t\t\t\t<article class=\"elementor-portfolio-item elementor-post elementor-filter-2923 post-19006 lavori type-lavori status-publish has-post-thumbnail hentry stile-vitrales-decorativos lavori-tags-senza-pittura-es\" role=\"listitem\">\n\t\t\t<a class=\"elementor-post__thumbnail__link\" href=\"https:\/\/ikostudio.it\/es\/lavori\/vitral-para-puerta-modernista-con-rosas\/\">\n\t\t\t\t<div class=\"elementor-portfolio-item__img elementor-post__thumbnail\">\n\t\t\t<img loading=\"lazy\" decoding=\"async\" width=\"768\" height=\"512\" src=\"https:\/\/ikostudio.it\/wp-content\/uploads\/2019\/08\/Vetrata-Artistica-Porta-Fiori-768x512.jpg\" class=\"attachment-medium_large size-medium_large wp-image-2776\" alt=\"Vitral para Puerta Modernista con Rosas\" srcset=\"https:\/\/ikostudio.it\/wp-content\/uploads\/2019\/08\/Vetrata-Artistica-Porta-Fiori-768x512.jpg 768w, https:\/\/ikostudio.it\/wp-content\/uploads\/2019\/08\/Vetrata-Artistica-Porta-Fiori-300x200.jpg 300w, https:\/\/ikostudio.it\/wp-content\/uploads\/2019\/08\/Vetrata-Artistica-Porta-Fiori.jpg 960w\" sizes=\"(max-width: 768px) 100vw, 768px\" \/>\t\t<\/div>\n\t\t\t\t<div class=\"elementor-portfolio-item__overlay\">\n\t\t\t\t<h3 class=\"elementor-portfolio-item__title\">\n\t\tVitral para Puerta Modernista con Rosas\t\t<\/h3>\n\t\t\t\t<\/div>\n\t\t\t\t<\/a>\n\t\t<\/article>\n\t\t\t\t<article class=\"elementor-portfolio-item elementor-post elementor-filter-2923 post-19005 lavori type-lavori status-publish has-post-thumbnail hentry stile-vitrales-decorativos lavori-tags-arredamento-su-misura-es\" role=\"listitem\">\n\t\t\t<a class=\"elementor-post__thumbnail__link\" href=\"https:\/\/ikostudio.it\/es\/lavori\/vitral-modernista-con-rosas\/\">\n\t\t\t\t<div class=\"elementor-portfolio-item__img elementor-post__thumbnail\">\n\t\t\t<img loading=\"lazy\" decoding=\"async\" width=\"768\" height=\"691\" src=\"https:\/\/ikostudio.it\/wp-content\/uploads\/2019\/08\/Vetrata-Artistica-Rose-768x691.jpg\" class=\"attachment-medium_large size-medium_large wp-image-2780\" alt=\"Vitral Modernista con Rosas\" srcset=\"https:\/\/ikostudio.it\/wp-content\/uploads\/2019\/08\/Vetrata-Artistica-Rose-768x691.jpg 768w, https:\/\/ikostudio.it\/wp-content\/uploads\/2019\/08\/Vetrata-Artistica-Rose-300x270.jpg 300w, https:\/\/ikostudio.it\/wp-content\/uploads\/2019\/08\/Vetrata-Artistica-Rose.jpg 860w\" sizes=\"(max-width: 768px) 100vw, 768px\" \/>\t\t<\/div>\n\t\t\t\t<div class=\"elementor-portfolio-item__overlay\">\n\t\t\t\t<h3 class=\"elementor-portfolio-item__title\">\n\t\tVitral Modernista con Rosas\t\t<\/h3>\n\t\t\t\t<\/div>\n\t\t\t\t<\/a>\n\t\t<\/article>\n\t\t\t\t<article class=\"elementor-portfolio-item elementor-post elementor-filter-2923 post-19004 lavori type-lavori status-publish has-post-thumbnail hentry stile-vitrales-decorativos lavori-tags-arredamento-su-misura-es\" role=\"listitem\">\n\t\t\t<a class=\"elementor-post__thumbnail__link\" href=\"https:\/\/ikostudio.it\/es\/lavori\/vitral-con-sirena\/\">\n\t\t\t\t<div class=\"elementor-portfolio-item__img elementor-post__thumbnail\">\n\t\t\t<img loading=\"lazy\" decoding=\"async\" width=\"382\" height=\"596\" src=\"https:\/\/ikostudio.it\/wp-content\/uploads\/2019\/08\/Vetrata-Artistica-Sirena.jpg\" class=\"attachment-medium_large size-medium_large wp-image-2784\" alt=\"Vitral con Sirena\" srcset=\"https:\/\/ikostudio.it\/wp-content\/uploads\/2019\/08\/Vetrata-Artistica-Sirena.jpg 382w, https:\/\/ikostudio.it\/wp-content\/uploads\/2019\/08\/Vetrata-Artistica-Sirena-192x300.jpg 192w\" sizes=\"(max-width: 382px) 100vw, 382px\" \/>\t\t<\/div>\n\t\t\t\t<div class=\"elementor-portfolio-item__overlay\">\n\t\t\t\t<h3 class=\"elementor-portfolio-item__title\">\n\t\tVitral con Sirena\t\t<\/h3>\n\t\t\t\t<\/div>\n\t\t\t\t<\/a>\n\t\t<\/article>\n\t\t\t\t<article class=\"elementor-portfolio-item elementor-post elementor-filter-2923 post-19003 lavori type-lavori status-publish has-post-thumbnail hentry stile-vitrales-decorativos lavori-tags-flor\" role=\"listitem\">\n\t\t\t<a class=\"elementor-post__thumbnail__link\" href=\"https:\/\/ikostudio.it\/es\/lavori\/vitral-tema-musical\/\">\n\t\t\t\t<div class=\"elementor-portfolio-item__img elementor-post__thumbnail\">\n\t\t\t<img loading=\"lazy\" decoding=\"async\" width=\"207\" height=\"597\" src=\"https:\/\/ikostudio.it\/wp-content\/uploads\/2019\/08\/Vetrata-Artistica-Violino.jpg\" class=\"attachment-medium_large size-medium_large wp-image-2792\" alt=\"Vitral Tema Musical\" srcset=\"https:\/\/ikostudio.it\/wp-content\/uploads\/2019\/08\/Vetrata-Artistica-Violino.jpg 207w, https:\/\/ikostudio.it\/wp-content\/uploads\/2019\/08\/Vetrata-Artistica-Violino-104x300.jpg 104w\" sizes=\"(max-width: 207px) 100vw, 207px\" \/>\t\t<\/div>\n\t\t\t\t<div class=\"elementor-portfolio-item__overlay\">\n\t\t\t\t<h3 class=\"elementor-portfolio-item__title\">\n\t\tVitral Tema Musical\t\t<\/h3>\n\t\t\t\t<\/div>\n\t\t\t\t<\/a>\n\t\t<\/article>\n\t\t\t\t<article class=\"elementor-portfolio-item elementor-post elementor-filter-2923 post-19002 lavori type-lavori status-publish has-post-thumbnail hentry stile-vitrales-decorativos lavori-tags-arredamento-su-misura-es\" role=\"listitem\">\n\t\t\t<a class=\"elementor-post__thumbnail__link\" href=\"https:\/\/ikostudio.it\/es\/lavori\/vitral-para-moviles\/\">\n\t\t\t\t<div class=\"elementor-portfolio-item__img elementor-post__thumbnail\">\n\t\t\t<img loading=\"lazy\" decoding=\"async\" width=\"768\" height=\"433\" src=\"https:\/\/ikostudio.it\/wp-content\/uploads\/2019\/08\/Vetrata-Artistica-Vineria-2-768x433.jpg\" class=\"attachment-medium_large size-medium_large wp-image-2796\" alt=\"Vitral para M\u00f3viles\" srcset=\"https:\/\/ikostudio.it\/wp-content\/uploads\/2019\/08\/Vetrata-Artistica-Vineria-2-768x433.jpg 768w, https:\/\/ikostudio.it\/wp-content\/uploads\/2019\/08\/Vetrata-Artistica-Vineria-2-300x169.jpg 300w, https:\/\/ikostudio.it\/wp-content\/uploads\/2019\/08\/Vetrata-Artistica-Vineria-2.jpg 960w\" sizes=\"(max-width: 768px) 100vw, 768px\" \/>\t\t<\/div>\n\t\t\t\t<div class=\"elementor-portfolio-item__overlay\">\n\t\t\t\t<h3 class=\"elementor-portfolio-item__title\">\n\t\tVitral para M\u00f3viles\t\t<\/h3>\n\t\t\t\t<\/div>\n\t\t\t\t<\/a>\n\t\t<\/article>\n\t\t\t\t<article class=\"elementor-portfolio-item elementor-post elementor-filter-2923 post-19001 lavori type-lavori status-publish has-post-thumbnail hentry stile-vitrales-decorativos lavori-tags-gotico-es\" role=\"listitem\">\n\t\t\t<a class=\"elementor-post__thumbnail__link\" href=\"https:\/\/ikostudio.it\/es\/lavori\/vitral-artistico-gotico-circular\/\">\n\t\t\t\t<div class=\"elementor-portfolio-item__img elementor-post__thumbnail\">\n\t\t\t<img loading=\"lazy\" decoding=\"async\" width=\"768\" height=\"763\" src=\"https:\/\/ikostudio.it\/wp-content\/uploads\/2019\/08\/Vetrata-Artistica-Gotica-Circolare-768x763.jpg\" class=\"attachment-medium_large size-medium_large wp-image-2752\" alt=\"Vitral Art\u00edstico G\u00f3tico Circular\" srcset=\"https:\/\/ikostudio.it\/wp-content\/uploads\/2019\/08\/Vetrata-Artistica-Gotica-Circolare-768x763.jpg 768w, https:\/\/ikostudio.it\/wp-content\/uploads\/2019\/08\/Vetrata-Artistica-Gotica-Circolare-150x150.jpg 150w, https:\/\/ikostudio.it\/wp-content\/uploads\/2019\/08\/Vetrata-Artistica-Gotica-Circolare-300x298.jpg 300w, https:\/\/ikostudio.it\/wp-content\/uploads\/2019\/08\/Vetrata-Artistica-Gotica-Circolare.jpg 960w\" sizes=\"(max-width: 768px) 100vw, 768px\" \/>\t\t<\/div>\n\t\t\t\t<div class=\"elementor-portfolio-item__overlay\">\n\t\t\t\t<h3 class=\"elementor-portfolio-item__title\">\n\t\tVitral Art\u00edstico G\u00f3tico Circular\t\t<\/h3>\n\t\t\t\t<\/div>\n\t\t\t\t<\/a>\n\t\t<\/article>\n\t\t\t\t<article class=\"elementor-portfolio-item elementor-post elementor-filter-2923 post-18999 lavori type-lavori status-publish has-post-thumbnail hentry stile-vitrales-decorativos lavori-tags-gotico-es\" role=\"listitem\">\n\t\t\t<a class=\"elementor-post__thumbnail__link\" href=\"https:\/\/ikostudio.it\/es\/lavori\/vitral-gotico-azul\/\">\n\t\t\t\t<div class=\"elementor-portfolio-item__img elementor-post__thumbnail\">\n\t\t\t<img loading=\"lazy\" decoding=\"async\" width=\"401\" height=\"597\" src=\"https:\/\/ikostudio.it\/wp-content\/uploads\/2019\/08\/Vetrata-Artistica-Gotica-Blu.jpg\" class=\"attachment-medium_large size-medium_large wp-image-2748\" alt=\"Vitral G\u00f3tico Azul\" srcset=\"https:\/\/ikostudio.it\/wp-content\/uploads\/2019\/08\/Vetrata-Artistica-Gotica-Blu.jpg 401w, https:\/\/ikostudio.it\/wp-content\/uploads\/2019\/08\/Vetrata-Artistica-Gotica-Blu-202x300.jpg 202w\" sizes=\"(max-width: 401px) 100vw, 401px\" \/>\t\t<\/div>\n\t\t\t\t<div class=\"elementor-portfolio-item__overlay\">\n\t\t\t\t<h3 class=\"elementor-portfolio-item__title\">\n\t\tVitral G\u00f3tico Azul\t\t<\/h3>\n\t\t\t\t<\/div>\n\t\t\t\t<\/a>\n\t\t<\/article>\n\t\t\t\t<article class=\"elementor-portfolio-item elementor-post elementor-filter-2923 post-18998 lavori type-lavori status-publish has-post-thumbnail hentry stile-vitrales-decorativos lavori-tags-arredamento-su-misura-es\" role=\"listitem\">\n\t\t\t<a class=\"elementor-post__thumbnail__link\" href=\"https:\/\/ikostudio.it\/es\/lavori\/vitral-moderno-con-angeles\/\">\n\t\t\t\t<div class=\"elementor-portfolio-item__img elementor-post__thumbnail\">\n\t\t\t<img loading=\"lazy\" decoding=\"async\" width=\"274\" height=\"596\" src=\"https:\/\/ikostudio.it\/wp-content\/uploads\/2019\/08\/Vetrata-Artistica-Angeli-e-Spirali.jpg\" class=\"attachment-medium_large size-medium_large wp-image-2656\" alt=\"Vitral Moderno con \u00e1ngeles\" srcset=\"https:\/\/ikostudio.it\/wp-content\/uploads\/2019\/08\/Vetrata-Artistica-Angeli-e-Spirali.jpg 274w, https:\/\/ikostudio.it\/wp-content\/uploads\/2019\/08\/Vetrata-Artistica-Angeli-e-Spirali-138x300.jpg 138w\" sizes=\"(max-width: 274px) 100vw, 274px\" \/>\t\t<\/div>\n\t\t\t\t<div class=\"elementor-portfolio-item__overlay\">\n\t\t\t\t<h3 class=\"elementor-portfolio-item__title\">\n\t\tVitral Moderno con \u00e1ngeles\t\t<\/h3>\n\t\t\t\t<\/div>\n\t\t\t\t<\/a>\n\t\t<\/article>\n\t\t\t\t<article class=\"elementor-portfolio-item elementor-post elementor-filter-2920 post-18997 lavori type-lavori status-publish has-post-thumbnail hentry stile-vitrales-artisticos-sacros\" role=\"listitem\">\n\t\t\t<a class=\"elementor-post__thumbnail__link\" href=\"https:\/\/ikostudio.it\/es\/lavori\/virgen-sagrada-vitral-con-el-nino-jesus\/\">\n\t\t\t\t<div class=\"elementor-portfolio-item__img elementor-post__thumbnail\">\n\t\t\t<img loading=\"lazy\" decoding=\"async\" width=\"422\" height=\"597\" src=\"https:\/\/ikostudio.it\/wp-content\/uploads\/2019\/08\/Vetrata-Artistica-Madonna-e-Bambino.jpg\" class=\"attachment-medium_large size-medium_large wp-image-2700\" alt=\"Virgen Sagrada Vitral con el Ni\u00f1o Jes\u00fas\" srcset=\"https:\/\/ikostudio.it\/wp-content\/uploads\/2019\/08\/Vetrata-Artistica-Madonna-e-Bambino.jpg 422w, https:\/\/ikostudio.it\/wp-content\/uploads\/2019\/08\/Vetrata-Artistica-Madonna-e-Bambino-212x300.jpg 212w\" sizes=\"(max-width: 422px) 100vw, 422px\" \/>\t\t<\/div>\n\t\t\t\t<div class=\"elementor-portfolio-item__overlay\">\n\t\t\t\t<h3 class=\"elementor-portfolio-item__title\">\n\t\tVirgen Sagrada Vitral con el Ni\u00f1o Jes\u00fas\t\t<\/h3>\n\t\t\t\t<\/div>\n\t\t\t\t<\/a>\n\t\t<\/article>\n\t\t\t\t<article class=\"elementor-portfolio-item elementor-post elementor-filter-2923 post-18996 lavori type-lavori status-publish has-post-thumbnail hentry stile-vitrales-decorativos lavori-tags-arredamento-su-misura-es\" role=\"listitem\">\n\t\t\t<a class=\"elementor-post__thumbnail__link\" href=\"https:\/\/ikostudio.it\/es\/lavori\/vitral-moderno-con-espiral\/\">\n\t\t\t\t<div class=\"elementor-portfolio-item__img elementor-post__thumbnail\">\n\t\t\t<img loading=\"lazy\" decoding=\"async\" width=\"768\" height=\"420\" src=\"https:\/\/ikostudio.it\/wp-content\/uploads\/2019\/08\/Vetrata-Artistica-Spirale-768x420.jpg\" class=\"attachment-medium_large size-medium_large wp-image-2672\" alt=\"Vitral Moderno con Espiral\" srcset=\"https:\/\/ikostudio.it\/wp-content\/uploads\/2019\/08\/Vetrata-Artistica-Spirale-768x420.jpg 768w, https:\/\/ikostudio.it\/wp-content\/uploads\/2019\/08\/Vetrata-Artistica-Spirale-300x164.jpg 300w, https:\/\/ikostudio.it\/wp-content\/uploads\/2019\/08\/Vetrata-Artistica-Spirale.jpg 961w\" sizes=\"(max-width: 768px) 100vw, 768px\" \/>\t\t<\/div>\n\t\t\t\t<div class=\"elementor-portfolio-item__overlay\">\n\t\t\t\t<h3 class=\"elementor-portfolio-item__title\">\n\t\tVitral Moderno con Espiral\t\t<\/h3>\n\t\t\t\t<\/div>\n\t\t\t\t<\/a>\n\t\t<\/article>\n\t\t\t\t<article class=\"elementor-portfolio-item elementor-post elementor-filter-2923 post-18995 lavori type-lavori status-publish has-post-thumbnail hentry stile-vitrales-decorativos lavori-tags-arredamento-su-misura-es\" role=\"listitem\">\n\t\t\t<a class=\"elementor-post__thumbnail__link\" href=\"https:\/\/ikostudio.it\/es\/lavori\/vitral-geometria-moderna\/\">\n\t\t\t\t<div class=\"elementor-portfolio-item__img elementor-post__thumbnail\">\n\t\t\t<img loading=\"lazy\" decoding=\"async\" width=\"699\" height=\"1527\" src=\"https:\/\/ikostudio.it\/wp-content\/uploads\/2019\/08\/Vetrate-Artistiche-Zig-Zag.jpg\" class=\"attachment-medium_large size-medium_large wp-image-2676\" alt=\"Vitral Geometr\u00eda Moderna\" srcset=\"https:\/\/ikostudio.it\/wp-content\/uploads\/2019\/08\/Vetrate-Artistiche-Zig-Zag.jpg 699w, https:\/\/ikostudio.it\/wp-content\/uploads\/2019\/08\/Vetrate-Artistiche-Zig-Zag-137x300.jpg 137w, https:\/\/ikostudio.it\/wp-content\/uploads\/2019\/08\/Vetrate-Artistiche-Zig-Zag-469x1024.jpg 469w\" sizes=\"(max-width: 699px) 100vw, 699px\" \/>\t\t<\/div>\n\t\t\t\t<div class=\"elementor-portfolio-item__overlay\">\n\t\t\t\t<h3 class=\"elementor-portfolio-item__title\">\n\t\tVitral Geometr\u00eda Moderna\t\t<\/h3>\n\t\t\t\t<\/div>\n\t\t\t\t<\/a>\n\t\t<\/article>\n\t\t\t\t<article class=\"elementor-portfolio-item elementor-post elementor-filter-2923 post-18993 lavori type-lavori status-publish has-post-thumbnail hentry stile-vitrales-decorativos lavori-tags-arredamento-su-misura-es\" role=\"listitem\">\n\t\t\t<a class=\"elementor-post__thumbnail__link\" href=\"https:\/\/ikostudio.it\/es\/lavori\/vitral-mujer-desnuda-con-gato\/\">\n\t\t\t\t<div class=\"elementor-portfolio-item__img elementor-post__thumbnail\">\n\t\t\t<img loading=\"lazy\" decoding=\"async\" width=\"768\" height=\"766\" src=\"https:\/\/ikostudio.it\/wp-content\/uploads\/2019\/08\/Vetrata-Artistica-Donna-con-Gatto-768x766.jpg\" class=\"attachment-medium_large size-medium_large wp-image-2684\" alt=\"Vitral Mujer Desnuda con Gato\" srcset=\"https:\/\/ikostudio.it\/wp-content\/uploads\/2019\/08\/Vetrata-Artistica-Donna-con-Gatto-768x766.jpg 768w, https:\/\/ikostudio.it\/wp-content\/uploads\/2019\/08\/Vetrata-Artistica-Donna-con-Gatto-150x150.jpg 150w, https:\/\/ikostudio.it\/wp-content\/uploads\/2019\/08\/Vetrata-Artistica-Donna-con-Gatto-300x300.jpg 300w, https:\/\/ikostudio.it\/wp-content\/uploads\/2019\/08\/Vetrata-Artistica-Donna-con-Gatto.jpg 960w\" sizes=\"(max-width: 768px) 100vw, 768px\" \/>\t\t<\/div>\n\t\t\t\t<div class=\"elementor-portfolio-item__overlay\">\n\t\t\t\t<h3 class=\"elementor-portfolio-item__title\">\n\t\tVitral Mujer Desnuda con Gato\t\t<\/h3>\n\t\t\t\t<\/div>\n\t\t\t\t<\/a>\n\t\t<\/article>\n\t\t\t\t<article class=\"elementor-portfolio-item elementor-post elementor-filter-2923 post-18989 lavori type-lavori status-publish has-post-thumbnail hentry stile-vitrales-decorativos lavori-tags-arredamento-su-misura-es\" role=\"listitem\">\n\t\t\t<a class=\"elementor-post__thumbnail__link\" href=\"https:\/\/ikostudio.it\/es\/lavori\/vitral-moderna-harley-davidson\/\">\n\t\t\t\t<div class=\"elementor-portfolio-item__img elementor-post__thumbnail\">\n\t\t\t<img loading=\"lazy\" decoding=\"async\" width=\"768\" height=\"418\" src=\"https:\/\/ikostudio.it\/wp-content\/uploads\/2019\/08\/Vetrata-Artistica-Inferni-e-Paradiso-768x418.jpg\" class=\"attachment-medium_large size-medium_large wp-image-2668\" alt=\"Vitral Moderna Harley Davidson\" srcset=\"https:\/\/ikostudio.it\/wp-content\/uploads\/2019\/08\/Vetrata-Artistica-Inferni-e-Paradiso-768x418.jpg 768w, https:\/\/ikostudio.it\/wp-content\/uploads\/2019\/08\/Vetrata-Artistica-Inferni-e-Paradiso-300x163.jpg 300w, https:\/\/ikostudio.it\/wp-content\/uploads\/2019\/08\/Vetrata-Artistica-Inferni-e-Paradiso.jpg 960w\" sizes=\"(max-width: 768px) 100vw, 768px\" \/>\t\t<\/div>\n\t\t\t\t<div class=\"elementor-portfolio-item__overlay\">\n\t\t\t\t<h3 class=\"elementor-portfolio-item__title\">\n\t\tVitral Moderna Harley Davidson\t\t<\/h3>\n\t\t\t\t<\/div>\n\t\t\t\t<\/a>\n\t\t<\/article>\n\t\t\t\t<article class=\"elementor-portfolio-item elementor-post elementor-filter-2923 post-18987 lavori type-lavori status-publish has-post-thumbnail hentry stile-vitrales-decorativos lavori-tags-arredamento-su-misura lavori-tags-flor\" role=\"listitem\">\n\t\t\t<a class=\"elementor-post__thumbnail__link\" href=\"https:\/\/ikostudio.it\/es\/lavori\/arte-vitral-en-estilo-barroco-con-flores\/\">\n\t\t\t\t<div class=\"elementor-portfolio-item__img elementor-post__thumbnail\">\n\t\t\t<img loading=\"lazy\" decoding=\"async\" width=\"446\" height=\"961\" src=\"https:\/\/ikostudio.it\/wp-content\/uploads\/2019\/08\/Vetrata-Artistica-Fiori-Rossi.jpg\" class=\"attachment-medium_large size-medium_large wp-image-2732\" alt=\"Arte Vitral en Estilo Barroco con Flores.\" srcset=\"https:\/\/ikostudio.it\/wp-content\/uploads\/2019\/08\/Vetrata-Artistica-Fiori-Rossi.jpg 446w, https:\/\/ikostudio.it\/wp-content\/uploads\/2019\/08\/Vetrata-Artistica-Fiori-Rossi-139x300.jpg 139w\" sizes=\"(max-width: 446px) 100vw, 446px\" \/>\t\t<\/div>\n\t\t\t\t<div class=\"elementor-portfolio-item__overlay\">\n\t\t\t\t<h3 class=\"elementor-portfolio-item__title\">\n\t\tArte Vitral en Estilo Barroco con Flores.\t\t<\/h3>\n\t\t\t\t<\/div>\n\t\t\t\t<\/a>\n\t\t<\/article>\n\t\t\t\t<article class=\"elementor-portfolio-item elementor-post elementor-filter-2923 post-18986 lavori type-lavori status-publish has-post-thumbnail hentry stile-vitrales-decorativos lavori-tags-senza-pittura-es\" role=\"listitem\">\n\t\t\t<a class=\"elementor-post__thumbnail__link\" href=\"https:\/\/ikostudio.it\/es\/lavori\/vitral-simple-con-flores-y-mariposas\/\">\n\t\t\t\t<div class=\"elementor-portfolio-item__img elementor-post__thumbnail\">\n\t\t\t<img loading=\"lazy\" decoding=\"async\" width=\"768\" height=\"1015\" src=\"https:\/\/ikostudio.it\/wp-content\/uploads\/2019\/08\/Vetrata-Artistica-Fiori-e-Farfalle-768x1015.jpg\" class=\"attachment-medium_large size-medium_large wp-image-2728\" alt=\"Vitral Simple con Flores y Mariposas\" srcset=\"https:\/\/ikostudio.it\/wp-content\/uploads\/2019\/08\/Vetrata-Artistica-Fiori-e-Farfalle-768x1015.jpg 768w, https:\/\/ikostudio.it\/wp-content\/uploads\/2019\/08\/Vetrata-Artistica-Fiori-e-Farfalle-227x300.jpg 227w, https:\/\/ikostudio.it\/wp-content\/uploads\/2019\/08\/Vetrata-Artistica-Fiori-e-Farfalle-775x1024.jpg 775w, https:\/\/ikostudio.it\/wp-content\/uploads\/2019\/08\/Vetrata-Artistica-Fiori-e-Farfalle.jpg 960w\" sizes=\"(max-width: 768px) 100vw, 768px\" \/>\t\t<\/div>\n\t\t\t\t<div class=\"elementor-portfolio-item__overlay\">\n\t\t\t\t<h3 class=\"elementor-portfolio-item__title\">\n\t\tVitral Simple con Flores y Mariposas\t\t<\/h3>\n\t\t\t\t<\/div>\n\t\t\t\t<\/a>\n\t\t<\/article>\n\t\t\t\t<article class=\"elementor-portfolio-item elementor-post elementor-filter-2923 post-18985 lavori type-lavori status-publish has-post-thumbnail hentry stile-vitrales-decorativos lavori-tags-gotico-es\" role=\"listitem\">\n\t\t\t<a class=\"elementor-post__thumbnail__link\" href=\"https:\/\/ikostudio.it\/es\/lavori\/vitral-artistico-con-huron\/\">\n\t\t\t\t<div class=\"elementor-portfolio-item__img elementor-post__thumbnail\">\n\t\t\t<img loading=\"lazy\" decoding=\"async\" width=\"768\" height=\"765\" src=\"https:\/\/ikostudio.it\/wp-content\/uploads\/2019\/08\/Vetrata-Artistica-Faina-768x765.jpg\" class=\"attachment-medium_large size-medium_large wp-image-2724\" alt=\"Vitral Art\u00edstico con Hur\u00f3n\" srcset=\"https:\/\/ikostudio.it\/wp-content\/uploads\/2019\/08\/Vetrata-Artistica-Faina-768x765.jpg 768w, https:\/\/ikostudio.it\/wp-content\/uploads\/2019\/08\/Vetrata-Artistica-Faina-150x150.jpg 150w, https:\/\/ikostudio.it\/wp-content\/uploads\/2019\/08\/Vetrata-Artistica-Faina-300x300.jpg 300w, https:\/\/ikostudio.it\/wp-content\/uploads\/2019\/08\/Vetrata-Artistica-Faina.jpg 960w\" sizes=\"(max-width: 768px) 100vw, 768px\" \/>\t\t<\/div>\n\t\t\t\t<div class=\"elementor-portfolio-item__overlay\">\n\t\t\t\t<h3 class=\"elementor-portfolio-item__title\">\n\t\tVitral Art\u00edstico con Hur\u00f3n\t\t<\/h3>\n\t\t\t\t<\/div>\n\t\t\t\t<\/a>\n\t\t<\/article>\n\t\t\t\t<article class=\"elementor-portfolio-item elementor-post elementor-filter-2923 post-18984 lavori type-lavori status-publish has-post-thumbnail hentry stile-vitrales-decorativos lavori-tags-vitral-clasico\" role=\"listitem\">\n\t\t\t<a class=\"elementor-post__thumbnail__link\" href=\"https:\/\/ikostudio.it\/es\/lavori\/vitral-artistico-ornamento-gotico\/\">\n\t\t\t\t<div class=\"elementor-portfolio-item__img elementor-post__thumbnail\">\n\t\t\t<img loading=\"lazy\" decoding=\"async\" width=\"607\" height=\"961\" src=\"https:\/\/ikostudio.it\/wp-content\/uploads\/2019\/08\/Vetrata-Artistica-Decorativa.jpg\" class=\"attachment-medium_large size-medium_large wp-image-2720\" alt=\"Vitral Art\u00edstico Ornamento G\u00f3tico\" srcset=\"https:\/\/ikostudio.it\/wp-content\/uploads\/2019\/08\/Vetrata-Artistica-Decorativa.jpg 607w, https:\/\/ikostudio.it\/wp-content\/uploads\/2019\/08\/Vetrata-Artistica-Decorativa-189x300.jpg 189w\" sizes=\"(max-width: 607px) 100vw, 607px\" \/>\t\t<\/div>\n\t\t\t\t<div class=\"elementor-portfolio-item__overlay\">\n\t\t\t\t<h3 class=\"elementor-portfolio-item__title\">\n\t\tVitral Art\u00edstico Ornamento G\u00f3tico\t\t<\/h3>\n\t\t\t\t<\/div>\n\t\t\t\t<\/a>\n\t\t<\/article>\n\t\t\t\t<article class=\"elementor-portfolio-item elementor-post elementor-filter-2920 post-18983 lavori type-lavori status-publish has-post-thumbnail hentry stile-vitrales-artisticos-sacros\" role=\"listitem\">\n\t\t\t<a class=\"elementor-post__thumbnail__link\" href=\"https:\/\/ikostudio.it\/es\/lavori\/vitral-para-iglesia-en-roma\/\">\n\t\t\t\t<div class=\"elementor-portfolio-item__img elementor-post__thumbnail\">\n\t\t\t<img loading=\"lazy\" decoding=\"async\" width=\"447\" height=\"597\" src=\"https:\/\/ikostudio.it\/wp-content\/uploads\/2019\/08\/Vetrata-Artistica-S.-Girolamo-a-Corviale.jpg\" class=\"attachment-medium_large size-medium_large wp-image-2704\" alt=\"Vitral S. Girolamo a Corviale de Roma\" srcset=\"https:\/\/ikostudio.it\/wp-content\/uploads\/2019\/08\/Vetrata-Artistica-S.-Girolamo-a-Corviale.jpg 447w, https:\/\/ikostudio.it\/wp-content\/uploads\/2019\/08\/Vetrata-Artistica-S.-Girolamo-a-Corviale-225x300.jpg 225w\" sizes=\"(max-width: 447px) 100vw, 447px\" \/>\t\t<\/div>\n\t\t\t\t<div class=\"elementor-portfolio-item__overlay\">\n\t\t\t\t<h3 class=\"elementor-portfolio-item__title\">\n\t\tVitral para iglesia en Roma\t\t<\/h3>\n\t\t\t\t<\/div>\n\t\t\t\t<\/a>\n\t\t<\/article>\n\t\t\t\t<article class=\"elementor-portfolio-item elementor-post elementor-filter-2923 post-18980 lavori type-lavori status-publish has-post-thumbnail hentry stile-vitrales-decorativos lavori-tags-arredamento-su-misura-es\" role=\"listitem\">\n\t\t\t<a class=\"elementor-post__thumbnail__link\" href=\"https:\/\/ikostudio.it\/es\/lavori\/vitral-con-bailarina\/\">\n\t\t\t\t<div class=\"elementor-portfolio-item__img elementor-post__thumbnail\">\n\t\t\t<img loading=\"lazy\" decoding=\"async\" width=\"362\" height=\"601\" src=\"https:\/\/ikostudio.it\/wp-content\/uploads\/2019\/08\/Vetrate-Artistica-Razzamataz.jpg\" class=\"attachment-medium_large size-medium_large wp-image-2803\" alt=\"Vitral con bailarina\" srcset=\"https:\/\/ikostudio.it\/wp-content\/uploads\/2019\/08\/Vetrate-Artistica-Razzamataz.jpg 362w, https:\/\/ikostudio.it\/wp-content\/uploads\/2019\/08\/Vetrate-Artistica-Razzamataz-181x300.jpg 181w\" sizes=\"(max-width: 362px) 100vw, 362px\" \/>\t\t<\/div>\n\t\t\t\t<div class=\"elementor-portfolio-item__overlay\">\n\t\t\t\t<h3 class=\"elementor-portfolio-item__title\">\n\t\tVitral con bailarina\t\t<\/h3>\n\t\t\t\t<\/div>\n\t\t\t\t<\/a>\n\t\t<\/article>\n\t\t\t\t<article class=\"elementor-portfolio-item elementor-post elementor-filter-2923 post-18940 lavori type-lavori status-publish has-post-thumbnail hentry stile-vitrales-decorativos lavori-tags-arredamento-su-misura-es\" role=\"listitem\">\n\t\t\t<a class=\"elementor-post__thumbnail__link\" href=\"https:\/\/ikostudio.it\/es\/lavori\/vitral-arabe-para-ventana\/\">\n\t\t\t\t<div class=\"elementor-portfolio-item__img elementor-post__thumbnail\">\n\t\t\t<img loading=\"lazy\" decoding=\"async\" width=\"640\" height=\"480\" src=\"https:\/\/ikostudio.it\/wp-content\/uploads\/2019\/08\/Vetrata-Artistica-Araba-Finestra.jpg\" class=\"attachment-medium_large size-medium_large wp-image-2985\" alt=\"Vitral \u00e1rabe para ventana\" srcset=\"https:\/\/ikostudio.it\/wp-content\/uploads\/2019\/08\/Vetrata-Artistica-Araba-Finestra.jpg 640w, https:\/\/ikostudio.it\/wp-content\/uploads\/2019\/08\/Vetrata-Artistica-Araba-Finestra-300x225.jpg 300w\" sizes=\"(max-width: 640px) 100vw, 640px\" \/>\t\t<\/div>\n\t\t\t\t<div class=\"elementor-portfolio-item__overlay\">\n\t\t\t\t<h3 class=\"elementor-portfolio-item__title\">\n\t\tVitral \u00e1rabe para ventana\t\t<\/h3>\n\t\t\t\t<\/div>\n\t\t\t\t<\/a>\n\t\t<\/article>\n\t\t\t\t<article class=\"elementor-portfolio-item elementor-post elementor-filter-2923 post-18937 lavori type-lavori status-publish has-post-thumbnail hentry stile-vitrales-decorativos lavori-tags-mariposas\" role=\"listitem\">\n\t\t\t<a class=\"elementor-post__thumbnail__link\" href=\"https:\/\/ikostudio.it\/es\/lavori\/vitral-con-mariposas-en-grisalla\/\">\n\t\t\t\t<div class=\"elementor-portfolio-item__img elementor-post__thumbnail\">\n\t\t\t<img loading=\"lazy\" decoding=\"async\" width=\"280\" height=\"600\" src=\"https:\/\/ikostudio.it\/wp-content\/uploads\/2019\/08\/Vetrata-Artistica-Farfalle-Blu.jpg\" class=\"attachment-medium_large size-medium_large wp-image-2981\" alt=\"Vitral con mariposas en grisalla\" srcset=\"https:\/\/ikostudio.it\/wp-content\/uploads\/2019\/08\/Vetrata-Artistica-Farfalle-Blu.jpg 280w, https:\/\/ikostudio.it\/wp-content\/uploads\/2019\/08\/Vetrata-Artistica-Farfalle-Blu-140x300.jpg 140w\" sizes=\"(max-width: 280px) 100vw, 280px\" \/>\t\t<\/div>\n\t\t\t\t<div class=\"elementor-portfolio-item__overlay\">\n\t\t\t\t<h3 class=\"elementor-portfolio-item__title\">\n\t\tVitral con mariposas en grisalla\t\t<\/h3>\n\t\t\t\t<\/div>\n\t\t\t\t<\/a>\n\t\t<\/article>\n\t\t\t\t<article class=\"elementor-portfolio-item elementor-post  post-18936 lavori type-lavori status-publish has-post-thumbnail hentry\" role=\"listitem\">\n\t\t\t<a class=\"elementor-post__thumbnail__link\" href=\"https:\/\/ikostudio.it\/es\/lavori\/vitral-artistico-con-la-virgen-y-los-angeles\/\">\n\t\t\t\t<div class=\"elementor-portfolio-item__img elementor-post__thumbnail\">\n\t\t\t<img loading=\"lazy\" decoding=\"async\" width=\"768\" height=\"746\" src=\"https:\/\/ikostudio.it\/wp-content\/uploads\/2019\/08\/Vetrata-Artistica-Madonna-e-Angeli-768x746.jpg\" class=\"attachment-medium_large size-medium_large wp-image-2977\" alt=\"Vitral art\u00edstico con la Virgen y los \u00e1ngeles\" srcset=\"https:\/\/ikostudio.it\/wp-content\/uploads\/2019\/08\/Vetrata-Artistica-Madonna-e-Angeli-768x746.jpg 768w, https:\/\/ikostudio.it\/wp-content\/uploads\/2019\/08\/Vetrata-Artistica-Madonna-e-Angeli-300x292.jpg 300w, https:\/\/ikostudio.it\/wp-content\/uploads\/2019\/08\/Vetrata-Artistica-Madonna-e-Angeli.jpg 960w\" sizes=\"(max-width: 768px) 100vw, 768px\" \/>\t\t<\/div>\n\t\t\t\t<div class=\"elementor-portfolio-item__overlay\">\n\t\t\t\t<h3 class=\"elementor-portfolio-item__title\">\n\t\tVitral art\u00edstico con la Virgen y los \u00e1ngeles\t\t<\/h3>\n\t\t\t\t<\/div>\n\t\t\t\t<\/a>\n\t\t<\/article>\n\t\t\t\t<article class=\"elementor-portfolio-item elementor-post elementor-filter-2920 post-18935 lavori type-lavori status-publish has-post-thumbnail hentry stile-vitrales-artisticos-sacros\" role=\"listitem\">\n\t\t\t<a class=\"elementor-post__thumbnail__link\" href=\"https:\/\/ikostudio.it\/es\/lavori\/vitral-con-rostro-de-cristo\/\">\n\t\t\t\t<div class=\"elementor-portfolio-item__img elementor-post__thumbnail\">\n\t\t\t<img loading=\"lazy\" decoding=\"async\" width=\"434\" height=\"600\" src=\"https:\/\/ikostudio.it\/wp-content\/uploads\/2019\/08\/Vetrata-Artistica-Volto-Cristo.jpg\" class=\"attachment-medium_large size-medium_large wp-image-2973\" alt=\"Vitral con rostro de Cristo\" srcset=\"https:\/\/ikostudio.it\/wp-content\/uploads\/2019\/08\/Vetrata-Artistica-Volto-Cristo.jpg 434w, https:\/\/ikostudio.it\/wp-content\/uploads\/2019\/08\/Vetrata-Artistica-Volto-Cristo-217x300.jpg 217w\" sizes=\"(max-width: 434px) 100vw, 434px\" \/>\t\t<\/div>\n\t\t\t\t<div class=\"elementor-portfolio-item__overlay\">\n\t\t\t\t<h3 class=\"elementor-portfolio-item__title\">\n\t\tVitral con rostro de Cristo\t\t<\/h3>\n\t\t\t\t<\/div>\n\t\t\t\t<\/a>\n\t\t<\/article>\n\t\t\t\t<article class=\"elementor-portfolio-item elementor-post elementor-filter-2920 post-18934 lavori type-lavori status-publish has-post-thumbnail hentry stile-vitrales-artisticos-sacros\" role=\"listitem\">\n\t\t\t<a class=\"elementor-post__thumbnail__link\" href=\"https:\/\/ikostudio.it\/es\/lavori\/vidriera-artistica-sagrada-con-santa-rosalia\/\">\n\t\t\t\t<div class=\"elementor-portfolio-item__img elementor-post__thumbnail\">\n\t\t\t<img loading=\"lazy\" decoding=\"async\" width=\"322\" height=\"600\" src=\"https:\/\/ikostudio.it\/wp-content\/uploads\/2019\/08\/Vetrata-Santa-Rosalia-Palermo.jpg\" class=\"attachment-medium_large size-medium_large wp-image-2969\" alt=\"Vidriera art\u00edstica sagrada con Santa Rosal\u00eda\" srcset=\"https:\/\/ikostudio.it\/wp-content\/uploads\/2019\/08\/Vetrata-Santa-Rosalia-Palermo.jpg 322w, https:\/\/ikostudio.it\/wp-content\/uploads\/2019\/08\/Vetrata-Santa-Rosalia-Palermo-161x300.jpg 161w\" sizes=\"(max-width: 322px) 100vw, 322px\" \/>\t\t<\/div>\n\t\t\t\t<div class=\"elementor-portfolio-item__overlay\">\n\t\t\t\t<h3 class=\"elementor-portfolio-item__title\">\n\t\tVidriera art\u00edstica sagrada con Santa Rosal\u00eda\t\t<\/h3>\n\t\t\t\t<\/div>\n\t\t\t\t<\/a>\n\t\t<\/article>\n\t\t\t\t<article class=\"elementor-portfolio-item elementor-post elementor-filter-2923 post-18895 lavori type-lavori status-publish has-post-thumbnail hentry stile-vitrales-decorativos lavori-tags-gotico-es\" role=\"listitem\">\n\t\t\t<a class=\"elementor-post__thumbnail__link\" href=\"https:\/\/ikostudio.it\/es\/lavori\/vidriera-artistica-arqueada-gotica\/\">\n\t\t\t\t<div class=\"elementor-portfolio-item__img elementor-post__thumbnail\">\n\t\t\t<img loading=\"lazy\" decoding=\"async\" width=\"541\" height=\"600\" src=\"https:\/\/ikostudio.it\/wp-content\/uploads\/2019\/08\/Vetrata-Gotica-ad-Arco.jpg\" class=\"attachment-medium_large size-medium_large wp-image-3167\" alt=\"Vidriera art\u00edstica arqueada g\u00f3tica\" srcset=\"https:\/\/ikostudio.it\/wp-content\/uploads\/2019\/08\/Vetrata-Gotica-ad-Arco.jpg 541w, https:\/\/ikostudio.it\/wp-content\/uploads\/2019\/08\/Vetrata-Gotica-ad-Arco-271x300.jpg 271w\" sizes=\"(max-width: 541px) 100vw, 541px\" \/>\t\t<\/div>\n\t\t\t\t<div class=\"elementor-portfolio-item__overlay\">\n\t\t\t\t<h3 class=\"elementor-portfolio-item__title\">\n\t\tVidriera art\u00edstica arqueada g\u00f3tica\t\t<\/h3>\n\t\t\t\t<\/div>\n\t\t\t\t<\/a>\n\t\t<\/article>\n\t\t\t\t<article class=\"elementor-portfolio-item elementor-post elementor-filter-2923 post-18894 lavori type-lavori status-publish has-post-thumbnail hentry stile-vitrales-decorativos lavori-tags-flor\" role=\"listitem\">\n\t\t\t<a class=\"elementor-post__thumbnail__link\" href=\"https:\/\/ikostudio.it\/es\/lavori\/vitral-artistico-con-narcisos\/\">\n\t\t\t\t<div class=\"elementor-portfolio-item__img elementor-post__thumbnail\">\n\t\t\t<img loading=\"lazy\" decoding=\"async\" width=\"598\" height=\"600\" src=\"https:\/\/ikostudio.it\/wp-content\/uploads\/2019\/08\/Vetrata-con-Narcisi.jpg\" class=\"attachment-medium_large size-medium_large wp-image-3163\" alt=\"Vitral art\u00edstico con narcisos\" srcset=\"https:\/\/ikostudio.it\/wp-content\/uploads\/2019\/08\/Vetrata-con-Narcisi.jpg 598w, https:\/\/ikostudio.it\/wp-content\/uploads\/2019\/08\/Vetrata-con-Narcisi-150x150.jpg 150w, https:\/\/ikostudio.it\/wp-content\/uploads\/2019\/08\/Vetrata-con-Narcisi-300x300.jpg 300w\" sizes=\"(max-width: 598px) 100vw, 598px\" \/>\t\t<\/div>\n\t\t\t\t<div class=\"elementor-portfolio-item__overlay\">\n\t\t\t\t<h3 class=\"elementor-portfolio-item__title\">\n\t\tVitral art\u00edstico con narcisos\t\t<\/h3>\n\t\t\t\t<\/div>\n\t\t\t\t<\/a>\n\t\t<\/article>\n\t\t\t\t<article class=\"elementor-portfolio-item elementor-post elementor-filter-2923 post-18893 lavori type-lavori status-publish has-post-thumbnail hentry stile-vitrales-decorativos lavori-tags-arredamento-su-misura-es\" role=\"listitem\">\n\t\t\t<a class=\"elementor-post__thumbnail__link\" href=\"https:\/\/ikostudio.it\/es\/lavori\/vitral-con-grutesco\/\">\n\t\t\t\t<div class=\"elementor-portfolio-item__img elementor-post__thumbnail\">\n\t\t\t<img loading=\"lazy\" decoding=\"async\" width=\"604\" height=\"600\" src=\"https:\/\/ikostudio.it\/wp-content\/uploads\/2019\/08\/Vetrata-Artistica-con-Grottesche.jpg\" class=\"attachment-medium_large size-medium_large wp-image-3155\" alt=\"Vitral con Grutesco\" srcset=\"https:\/\/ikostudio.it\/wp-content\/uploads\/2019\/08\/Vetrata-Artistica-con-Grottesche.jpg 604w, https:\/\/ikostudio.it\/wp-content\/uploads\/2019\/08\/Vetrata-Artistica-con-Grottesche-150x150.jpg 150w, https:\/\/ikostudio.it\/wp-content\/uploads\/2019\/08\/Vetrata-Artistica-con-Grottesche-300x298.jpg 300w\" sizes=\"(max-width: 604px) 100vw, 604px\" \/>\t\t<\/div>\n\t\t\t\t<div class=\"elementor-portfolio-item__overlay\">\n\t\t\t\t<h3 class=\"elementor-portfolio-item__title\">\n\t\tVitral con Grutesco\t\t<\/h3>\n\t\t\t\t<\/div>\n\t\t\t\t<\/a>\n\t\t<\/article>\n\t\t\t\t<article class=\"elementor-portfolio-item elementor-post elementor-filter-2923 post-18890 lavori type-lavori status-publish has-post-thumbnail hentry stile-vitrales-decorativos lavori-tags-flor\" role=\"listitem\">\n\t\t\t<a class=\"elementor-post__thumbnail__link\" href=\"https:\/\/ikostudio.it\/es\/lavori\/vitral-en-plomo-con-mariposas\/\">\n\t\t\t\t<div class=\"elementor-portfolio-item__img elementor-post__thumbnail\">\n\t\t\t<img loading=\"lazy\" decoding=\"async\" width=\"405\" height=\"750\" src=\"https:\/\/ikostudio.it\/wp-content\/uploads\/2019\/08\/Vetrata-A-Piombo-Con-Farfalle.webp\" class=\"attachment-medium_large size-medium_large wp-image-2045\" alt=\"Vitral con mariposas para una puerta\" \/>\t\t<\/div>\n\t\t\t\t<div class=\"elementor-portfolio-item__overlay\">\n\t\t\t\t<h3 class=\"elementor-portfolio-item__title\">\n\t\tVitral en plomo con mariposas\t\t<\/h3>\n\t\t\t\t<\/div>\n\t\t\t\t<\/a>\n\t\t<\/article>\n\t\t\t\t<article class=\"elementor-portfolio-item elementor-post elementor-filter-2923 post-18889 lavori type-lavori status-publish has-post-thumbnail hentry stile-vitrales-decorativos\" role=\"listitem\">\n\t\t\t<a class=\"elementor-post__thumbnail__link\" href=\"https:\/\/ikostudio.it\/es\/lavori\/vitral-con-vidrio-soblado-de-murano\/\">\n\t\t\t\t<div class=\"elementor-portfolio-item__img elementor-post__thumbnail\">\n\t\t\t<img loading=\"lazy\" decoding=\"async\" width=\"655\" height=\"750\" src=\"https:\/\/ikostudio.it\/wp-content\/uploads\/2019\/08\/Vetrata-Con-Rulli-Veneziani.jpg\" class=\"attachment-medium_large size-medium_large wp-image-3180\" alt=\"Vitral con vidrio soblado de Murano\" srcset=\"https:\/\/ikostudio.it\/wp-content\/uploads\/2019\/08\/Vetrata-Con-Rulli-Veneziani.jpg 655w, https:\/\/ikostudio.it\/wp-content\/uploads\/2019\/08\/Vetrata-Con-Rulli-Veneziani-262x300.jpg 262w\" sizes=\"(max-width: 655px) 100vw, 655px\" \/>\t\t<\/div>\n\t\t\t\t<div class=\"elementor-portfolio-item__overlay\">\n\t\t\t\t<h3 class=\"elementor-portfolio-item__title\">\n\t\tVitral con vidrio soblado de Murano\t\t<\/h3>\n\t\t\t\t<\/div>\n\t\t\t\t<\/a>\n\t\t<\/article>\n\t\t\t\t<article class=\"elementor-portfolio-item elementor-post elementor-filter-2920 post-18888 lavori type-lavori status-publish has-post-thumbnail hentry stile-vitrales-artisticos-sacros\" role=\"listitem\">\n\t\t\t<a class=\"elementor-post__thumbnail__link\" href=\"https:\/\/ikostudio.it\/es\/lavori\/vitral-artistico-sacro-con-cruz\/\">\n\t\t\t\t<div class=\"elementor-portfolio-item__img elementor-post__thumbnail\">\n\t\t\t<img loading=\"lazy\" decoding=\"async\" width=\"529\" height=\"750\" src=\"https:\/\/ikostudio.it\/wp-content\/uploads\/2019\/08\/Vetrata-Sacra-Con-Croce.jpg\" class=\"attachment-medium_large size-medium_large wp-image-3176\" alt=\"Vitral art\u00edstico sacro con cruz\" srcset=\"https:\/\/ikostudio.it\/wp-content\/uploads\/2019\/08\/Vetrata-Sacra-Con-Croce.jpg 529w, https:\/\/ikostudio.it\/wp-content\/uploads\/2019\/08\/Vetrata-Sacra-Con-Croce-212x300.jpg 212w\" sizes=\"(max-width: 529px) 100vw, 529px\" \/>\t\t<\/div>\n\t\t\t\t<div class=\"elementor-portfolio-item__overlay\">\n\t\t\t\t<h3 class=\"elementor-portfolio-item__title\">\n\t\tVitral art\u00edstico sacro con cruz\t\t<\/h3>\n\t\t\t\t<\/div>\n\t\t\t\t<\/a>\n\t\t<\/article>\n\t\t\t\t<article class=\"elementor-portfolio-item elementor-post elementor-filter-2923 post-18887 lavori type-lavori status-publish has-post-thumbnail hentry stile-vitrales-decorativos lavori-tags-geometrico\" role=\"listitem\">\n\t\t\t<a class=\"elementor-post__thumbnail__link\" href=\"https:\/\/ikostudio.it\/es\/lavori\/tragaluz-con-vitral-artistico-moderno\/\">\n\t\t\t\t<div class=\"elementor-portfolio-item__img elementor-post__thumbnail\">\n\t\t\t<img loading=\"lazy\" decoding=\"async\" width=\"768\" height=\"448\" src=\"https:\/\/ikostudio.it\/wp-content\/uploads\/2019\/08\/Vetrata-Artistica-Moderna-a-Mandorla-768x448.jpg\" class=\"attachment-medium_large size-medium_large wp-image-3172\" alt=\"Tragaluz con vitral art\u00edstico moderno\" srcset=\"https:\/\/ikostudio.it\/wp-content\/uploads\/2019\/08\/Vetrata-Artistica-Moderna-a-Mandorla-768x448.jpg 768w, https:\/\/ikostudio.it\/wp-content\/uploads\/2019\/08\/Vetrata-Artistica-Moderna-a-Mandorla-300x175.jpg 300w, https:\/\/ikostudio.it\/wp-content\/uploads\/2019\/08\/Vetrata-Artistica-Moderna-a-Mandorla.jpg 980w\" sizes=\"(max-width: 768px) 100vw, 768px\" \/>\t\t<\/div>\n\t\t\t\t<div class=\"elementor-portfolio-item__overlay\">\n\t\t\t\t<h3 class=\"elementor-portfolio-item__title\">\n\t\tTragaluz con vitral art\u00edstico moderno\t\t<\/h3>\n\t\t\t\t<\/div>\n\t\t\t\t<\/a>\n\t\t<\/article>\n\t\t\t\t<article class=\"elementor-portfolio-item elementor-post elementor-filter-2923 post-18886 lavori type-lavori status-publish has-post-thumbnail hentry stile-vitrales-decorativos lavori-tags-geometrico\" role=\"listitem\">\n\t\t\t<a class=\"elementor-post__thumbnail__link\" href=\"https:\/\/ikostudio.it\/es\/lavori\/vidriera-artistica-circular-moderna\/\">\n\t\t\t\t<div class=\"elementor-portfolio-item__img elementor-post__thumbnail\">\n\t\t\t<img loading=\"lazy\" decoding=\"async\" width=\"768\" height=\"465\" src=\"https:\/\/ikostudio.it\/wp-content\/uploads\/2019\/08\/Vetrate-moderne-lucernario-tondo-768x465.jpg\" class=\"attachment-medium_large size-medium_large wp-image-2169\" alt=\"Vidriera art\u00edstica circular moderna\" srcset=\"https:\/\/ikostudio.it\/wp-content\/uploads\/2019\/08\/Vetrate-moderne-lucernario-tondo-768x465.jpg 768w, https:\/\/ikostudio.it\/wp-content\/uploads\/2019\/08\/Vetrate-moderne-lucernario-tondo-300x182.jpg 300w, https:\/\/ikostudio.it\/wp-content\/uploads\/2019\/08\/Vetrate-moderne-lucernario-tondo.jpg 960w\" sizes=\"(max-width: 768px) 100vw, 768px\" \/>\t\t<\/div>\n\t\t\t\t<div class=\"elementor-portfolio-item__overlay\">\n\t\t\t\t<h3 class=\"elementor-portfolio-item__title\">\n\t\tVidriera art\u00edstica circular moderna\t\t<\/h3>\n\t\t\t\t<\/div>\n\t\t\t\t<\/a>\n\t\t<\/article>\n\t\t\t\t<article class=\"elementor-portfolio-item elementor-post elementor-filter-2923 post-18880 lavori type-lavori status-publish has-post-thumbnail hentry stile-vitrales-decorativos lavori-tags-flor\" role=\"listitem\">\n\t\t\t<a class=\"elementor-post__thumbnail__link\" href=\"https:\/\/ikostudio.it\/es\/lavori\/vitral-en-plomo-con-peonias\/\">\n\t\t\t\t<div class=\"elementor-portfolio-item__img elementor-post__thumbnail\">\n\t\t\t<img loading=\"lazy\" decoding=\"async\" width=\"673\" height=\"750\" src=\"https:\/\/ikostudio.it\/wp-content\/uploads\/2019\/08\/Vetrata-a-Piombo-con-Peonie.jpg\" class=\"attachment-medium_large size-medium_large wp-image-3200\" alt=\"Vitral en plomo con peon\u00edas\" srcset=\"https:\/\/ikostudio.it\/wp-content\/uploads\/2019\/08\/Vetrata-a-Piombo-con-Peonie.jpg 673w, https:\/\/ikostudio.it\/wp-content\/uploads\/2019\/08\/Vetrata-a-Piombo-con-Peonie-269x300.jpg 269w\" sizes=\"(max-width: 673px) 100vw, 673px\" \/>\t\t<\/div>\n\t\t\t\t<div class=\"elementor-portfolio-item__overlay\">\n\t\t\t\t<h3 class=\"elementor-portfolio-item__title\">\n\t\tVitral en plomo con peon\u00edas\t\t<\/h3>\n\t\t\t\t<\/div>\n\t\t\t\t<\/a>\n\t\t<\/article>\n\t\t\t\t<article class=\"elementor-portfolio-item elementor-post elementor-filter-2923 post-18879 lavori type-lavori status-publish has-post-thumbnail hentry stile-vitrales-decorativos lavori-tags-flor\" role=\"listitem\">\n\t\t\t<a class=\"elementor-post__thumbnail__link\" href=\"https:\/\/ikostudio.it\/es\/lavori\/vitral-en-estilo-barroco-con-flores\/\">\n\t\t\t\t<div class=\"elementor-portfolio-item__img elementor-post__thumbnail\">\n\t\t\t<img loading=\"lazy\" decoding=\"async\" width=\"380\" height=\"750\" src=\"https:\/\/ikostudio.it\/wp-content\/uploads\/2019\/08\/Vetrata-Artistica-Barocca-con-Fiori.jpg\" class=\"attachment-medium_large size-medium_large wp-image-3196\" alt=\"Vitral en estilo barroco con flores\" srcset=\"https:\/\/ikostudio.it\/wp-content\/uploads\/2019\/08\/Vetrata-Artistica-Barocca-con-Fiori.jpg 380w, https:\/\/ikostudio.it\/wp-content\/uploads\/2019\/08\/Vetrata-Artistica-Barocca-con-Fiori-152x300.jpg 152w\" sizes=\"(max-width: 380px) 100vw, 380px\" \/>\t\t<\/div>\n\t\t\t\t<div class=\"elementor-portfolio-item__overlay\">\n\t\t\t\t<h3 class=\"elementor-portfolio-item__title\">\n\t\tVitral en estilo barroco con flores\t\t<\/h3>\n\t\t\t\t<\/div>\n\t\t\t\t<\/a>\n\t\t<\/article>\n\t\t\t\t<article class=\"elementor-portfolio-item elementor-post elementor-filter-2923 post-18878 lavori type-lavori status-publish has-post-thumbnail hentry stile-vitrales-decorativos lavori-tags-arredamento-su-misura-es\" role=\"listitem\">\n\t\t\t<a class=\"elementor-post__thumbnail__link\" href=\"https:\/\/ikostudio.it\/es\/lavori\/vitral-para-salon-de-te\/\">\n\t\t\t\t<div class=\"elementor-portfolio-item__img elementor-post__thumbnail\">\n\t\t\t<img loading=\"lazy\" decoding=\"async\" width=\"340\" height=\"750\" src=\"https:\/\/ikostudio.it\/wp-content\/uploads\/2019\/08\/Vetrata-Artistica-per-Sala-da-T\u00e8.jpg\" class=\"attachment-medium_large size-medium_large wp-image-3224\" alt=\"Vitral para sal\u00f3n de t\u00e9\" srcset=\"https:\/\/ikostudio.it\/wp-content\/uploads\/2019\/08\/Vetrata-Artistica-per-Sala-da-T\u00e8.jpg 340w, https:\/\/ikostudio.it\/wp-content\/uploads\/2019\/08\/Vetrata-Artistica-per-Sala-da-T\u00e8-136x300.jpg 136w\" sizes=\"(max-width: 340px) 100vw, 340px\" \/>\t\t<\/div>\n\t\t\t\t<div class=\"elementor-portfolio-item__overlay\">\n\t\t\t\t<h3 class=\"elementor-portfolio-item__title\">\n\t\tVitral para sal\u00f3n de t\u00e9\t\t<\/h3>\n\t\t\t\t<\/div>\n\t\t\t\t<\/a>\n\t\t<\/article>\n\t\t\t\t<article class=\"elementor-portfolio-item elementor-post elementor-filter-2923 post-18875 lavori type-lavori status-publish has-post-thumbnail hentry stile-vitrales-decorativos lavori-tags-geometrico\" role=\"listitem\">\n\t\t\t<a class=\"elementor-post__thumbnail__link\" href=\"https:\/\/ikostudio.it\/es\/lavori\/vitral-en-estilo-deco\/\">\n\t\t\t\t<div class=\"elementor-portfolio-item__img elementor-post__thumbnail\">\n\t\t\t<img loading=\"lazy\" decoding=\"async\" width=\"768\" height=\"449\" src=\"https:\/\/ikostudio.it\/wp-content\/uploads\/2019\/08\/Vetrata-Artistica-Stile-Dec\u00f2-768x449.jpg\" class=\"attachment-medium_large size-medium_large wp-image-3212\" alt=\"Vitral en estilo Deco\" srcset=\"https:\/\/ikostudio.it\/wp-content\/uploads\/2019\/08\/Vetrata-Artistica-Stile-Dec\u00f2-768x449.jpg 768w, https:\/\/ikostudio.it\/wp-content\/uploads\/2019\/08\/Vetrata-Artistica-Stile-Dec\u00f2-300x175.jpg 300w, https:\/\/ikostudio.it\/wp-content\/uploads\/2019\/08\/Vetrata-Artistica-Stile-Dec\u00f2.jpg 980w\" sizes=\"(max-width: 768px) 100vw, 768px\" \/>\t\t<\/div>\n\t\t\t\t<div class=\"elementor-portfolio-item__overlay\">\n\t\t\t\t<h3 class=\"elementor-portfolio-item__title\">\n\t\tVitral en estilo Deco\t\t<\/h3>\n\t\t\t\t<\/div>\n\t\t\t\t<\/a>\n\t\t<\/article>\n\t\t\t\t<article class=\"elementor-portfolio-item elementor-post elementor-filter-2920 post-18874 lavori type-lavori status-publish has-post-thumbnail hentry stile-vitrales-artisticos-sacros\" role=\"listitem\">\n\t\t\t<a class=\"elementor-post__thumbnail__link\" href=\"https:\/\/ikostudio.it\/es\/lavori\/vitral-artistico-de-norcia\/\">\n\t\t\t\t<div class=\"elementor-portfolio-item__img elementor-post__thumbnail\">\n\t\t\t<img loading=\"lazy\" decoding=\"async\" width=\"349\" height=\"750\" src=\"https:\/\/ikostudio.it\/wp-content\/uploads\/2019\/08\/Vetrate-Monaci-Benedettini-di-Norcia-Rossa.webp\" class=\"attachment-medium_large size-medium_large wp-image-2222\" alt=\"Vitral Art\u00edstico de Norcia\" \/>\t\t<\/div>\n\t\t\t\t<div class=\"elementor-portfolio-item__overlay\">\n\t\t\t\t<h3 class=\"elementor-portfolio-item__title\">\n\t\tVitral Art\u00edstico de Norcia\t\t<\/h3>\n\t\t\t\t<\/div>\n\t\t\t\t<\/a>\n\t\t<\/article>\n\t\t\t\t<article class=\"elementor-portfolio-item elementor-post elementor-filter-2920 post-18861 lavori type-lavori status-publish has-post-thumbnail hentry stile-vitrales-artisticos-sacros\" role=\"listitem\">\n\t\t\t<a class=\"elementor-post__thumbnail__link\" href=\"https:\/\/ikostudio.it\/es\/lavori\/vitrales-monjes-benedictinos-de-nursia\/\">\n\t\t\t\t<div class=\"elementor-portfolio-item__img elementor-post__thumbnail\">\n\t\t\t<img loading=\"lazy\" decoding=\"async\" width=\"768\" height=\"274\" src=\"https:\/\/ikostudio.it\/wp-content\/uploads\/2019\/08\/Vetrate-Monaci-Benedettini-di-Norcia-768x274.jpg\" class=\"attachment-medium_large size-medium_large wp-image-2207\" alt=\"Vidrieras Sagradas para los Monjes Benedictinos de Nursia\" srcset=\"https:\/\/ikostudio.it\/wp-content\/uploads\/2019\/08\/Vetrate-Monaci-Benedettini-di-Norcia-768x274.jpg 768w, https:\/\/ikostudio.it\/wp-content\/uploads\/2019\/08\/Vetrate-Monaci-Benedettini-di-Norcia-300x107.jpg 300w, https:\/\/ikostudio.it\/wp-content\/uploads\/2019\/08\/Vetrate-Monaci-Benedettini-di-Norcia.jpg 980w\" sizes=\"(max-width: 768px) 100vw, 768px\" \/>\t\t<\/div>\n\t\t\t\t<div class=\"elementor-portfolio-item__overlay\">\n\t\t\t\t<h3 class=\"elementor-portfolio-item__title\">\n\t\tVitrales Monjes Benedictinos de Nursia\t\t<\/h3>\n\t\t\t\t<\/div>\n\t\t\t\t<\/a>\n\t\t<\/article>\n\t\t\t\t<article class=\"elementor-portfolio-item elementor-post elementor-filter-2923 post-18858 lavori type-lavori status-publish has-post-thumbnail hentry stile-vitrales-decorativos\" role=\"listitem\">\n\t\t\t<a class=\"elementor-post__thumbnail__link\" href=\"https:\/\/ikostudio.it\/es\/lavori\/vitral-de-venecia-gondola\/\">\n\t\t\t\t<div class=\"elementor-portfolio-item__img elementor-post__thumbnail\">\n\t\t\t<img loading=\"lazy\" decoding=\"async\" width=\"768\" height=\"654\" src=\"https:\/\/ikostudio.it\/wp-content\/uploads\/2019\/08\/Vetrate-a-Venezia-Gondola-768x654.jpg\" class=\"attachment-medium_large size-medium_large wp-image-3254\" alt=\"Vitral de Venecia G\u00f3ndola\" srcset=\"https:\/\/ikostudio.it\/wp-content\/uploads\/2019\/08\/Vetrate-a-Venezia-Gondola-768x654.jpg 768w, https:\/\/ikostudio.it\/wp-content\/uploads\/2019\/08\/Vetrate-a-Venezia-Gondola-300x256.jpg 300w, https:\/\/ikostudio.it\/wp-content\/uploads\/2019\/08\/Vetrate-a-Venezia-Gondola-1024x873.jpg 1024w\" sizes=\"(max-width: 768px) 100vw, 768px\" \/>\t\t<\/div>\n\t\t\t\t<div class=\"elementor-portfolio-item__overlay\">\n\t\t\t\t<h3 class=\"elementor-portfolio-item__title\">\n\t\tVitral de Venecia G\u00f3ndola\t\t<\/h3>\n\t\t\t\t<\/div>\n\t\t\t\t<\/a>\n\t\t<\/article>\n\t\t\t\t<article class=\"elementor-portfolio-item elementor-post elementor-filter-2920 post-18850 lavori type-lavori status-publish has-post-thumbnail hentry stile-vitrales-artisticos-sacros lavori-tags-rosone-es\" role=\"listitem\">\n\t\t\t<a class=\"elementor-post__thumbnail__link\" href=\"https:\/\/ikostudio.it\/es\/lavori\/vitral-con-cruz-de-san-benito-de-nursia\/\">\n\t\t\t\t<div class=\"elementor-portfolio-item__img elementor-post__thumbnail\">\n\t\t\t<img loading=\"lazy\" decoding=\"async\" width=\"768\" height=\"755\" src=\"https:\/\/ikostudio.it\/wp-content\/uploads\/2019\/08\/Vetrata-con-Croce-di-San-Benedetto-768x755.jpg\" class=\"attachment-medium_large size-medium_large wp-image-2296\" alt=\"Vitral con Cruz de San Benito de Nursia\" srcset=\"https:\/\/ikostudio.it\/wp-content\/uploads\/2019\/08\/Vetrata-con-Croce-di-San-Benedetto-768x755.jpg 768w, https:\/\/ikostudio.it\/wp-content\/uploads\/2019\/08\/Vetrata-con-Croce-di-San-Benedetto-300x295.jpg 300w, https:\/\/ikostudio.it\/wp-content\/uploads\/2019\/08\/Vetrata-con-Croce-di-San-Benedetto.jpg 980w\" sizes=\"(max-width: 768px) 100vw, 768px\" \/>\t\t<\/div>\n\t\t\t\t<div class=\"elementor-portfolio-item__overlay\">\n\t\t\t\t<h3 class=\"elementor-portfolio-item__title\">\n\t\tVitral con Cruz de San Benito de Nursia\t\t<\/h3>\n\t\t\t\t<\/div>\n\t\t\t\t<\/a>\n\t\t<\/article>\n\t\t\t\t<article class=\"elementor-portfolio-item elementor-post elementor-filter-2923 post-18833 lavori type-lavori status-publish has-post-thumbnail hentry stile-vitrales-decorativos lavori-tags-rullo-veneziano\" role=\"listitem\">\n\t\t\t<a class=\"elementor-post__thumbnail__link\" href=\"https:\/\/ikostudio.it\/es\/lavori\/roseton-arabe\/\">\n\t\t\t\t<div class=\"elementor-portfolio-item__img elementor-post__thumbnail\">\n\t\t\t<img loading=\"lazy\" decoding=\"async\" width=\"748\" height=\"750\" src=\"https:\/\/ikostudio.it\/wp-content\/uploads\/2019\/08\/Rosone-Arabo-1.jpg\" class=\"attachment-medium_large size-medium_large wp-image-3351\" alt=\"Roset\u00f3n \u00e1rabe\" srcset=\"https:\/\/ikostudio.it\/wp-content\/uploads\/2019\/08\/Rosone-Arabo-1.jpg 748w, https:\/\/ikostudio.it\/wp-content\/uploads\/2019\/08\/Rosone-Arabo-1-150x150.jpg 150w, https:\/\/ikostudio.it\/wp-content\/uploads\/2019\/08\/Rosone-Arabo-1-300x300.jpg 300w\" sizes=\"(max-width: 748px) 100vw, 748px\" \/>\t\t<\/div>\n\t\t\t\t<div class=\"elementor-portfolio-item__overlay\">\n\t\t\t\t<h3 class=\"elementor-portfolio-item__title\">\n\t\tRoset\u00f3n \u00e1rabe\t\t<\/h3>\n\t\t\t\t<\/div>\n\t\t\t\t<\/a>\n\t\t<\/article>\n\t\t\t\t<article class=\"elementor-portfolio-item elementor-post elementor-filter-2923 post-18832 lavori type-lavori status-publish has-post-thumbnail hentry stile-vitrales-decorativos\" role=\"listitem\">\n\t\t\t<a class=\"elementor-post__thumbnail__link\" href=\"https:\/\/ikostudio.it\/es\/lavori\/virgen-de-guadalupe\/\">\n\t\t\t\t<div class=\"elementor-portfolio-item__img elementor-post__thumbnail\">\n\t\t\t<img loading=\"lazy\" decoding=\"async\" width=\"556\" height=\"750\" src=\"https:\/\/ikostudio.it\/wp-content\/uploads\/2019\/08\/Vergine-di-Guadalupe.webp\" class=\"attachment-medium_large size-medium_large wp-image-2387\" alt=\"Virgen de Guadalupe\" \/>\t\t<\/div>\n\t\t\t\t<div class=\"elementor-portfolio-item__overlay\">\n\t\t\t\t<h3 class=\"elementor-portfolio-item__title\">\n\t\tVirgen de Guadalupe\t\t<\/h3>\n\t\t\t\t<\/div>\n\t\t\t\t<\/a>\n\t\t<\/article>\n\t\t\t\t<article class=\"elementor-portfolio-item elementor-post elementor-filter-2923 post-18831 lavori type-lavori status-publish has-post-thumbnail hentry stile-vitrales-decorativos lavori-tags-senza-pittura-es\" role=\"listitem\">\n\t\t\t<a class=\"elementor-post__thumbnail__link\" href=\"https:\/\/ikostudio.it\/es\/lavori\/vitral-con-pajaros-y-gansos-salvajes\/\">\n\t\t\t\t<div class=\"elementor-portfolio-item__img elementor-post__thumbnail\">\n\t\t\t<img loading=\"lazy\" decoding=\"async\" width=\"556\" height=\"750\" src=\"https:\/\/ikostudio.it\/wp-content\/uploads\/2019\/08\/Vetrata-con-uccelli-oche-selvatiche-1.jpg\" class=\"attachment-medium_large size-medium_large wp-image-3356\" alt=\"Vitral con p\u00e1jaros y gansos salvajes\" srcset=\"https:\/\/ikostudio.it\/wp-content\/uploads\/2019\/08\/Vetrata-con-uccelli-oche-selvatiche-1.jpg 556w, https:\/\/ikostudio.it\/wp-content\/uploads\/2019\/08\/Vetrata-con-uccelli-oche-selvatiche-1-222x300.jpg 222w\" sizes=\"(max-width: 556px) 100vw, 556px\" \/>\t\t<\/div>\n\t\t\t\t<div class=\"elementor-portfolio-item__overlay\">\n\t\t\t\t<h3 class=\"elementor-portfolio-item__title\">\n\t\tVitral con p\u00e1jaros y gansos salvajes\t\t<\/h3>\n\t\t\t\t<\/div>\n\t\t\t\t<\/a>\n\t\t<\/article>\n\t\t\t\t<article class=\"elementor-portfolio-item elementor-post elementor-filter-2920 post-18482 lavori type-lavori status-publish has-post-thumbnail hentry stile-vitrales-artisticos-sacros lavori-tags-gotico-es\" role=\"listitem\">\n\t\t\t<a class=\"elementor-post__thumbnail__link\" href=\"https:\/\/ikostudio.it\/es\/lavori\/vitral-de-san-francisco\/\">\n\t\t\t\t<div class=\"elementor-portfolio-item__img elementor-post__thumbnail\">\n\t\t\t<img loading=\"lazy\" decoding=\"async\" width=\"524\" height=\"750\" src=\"https:\/\/ikostudio.it\/wp-content\/uploads\/2019\/08\/Vetrata-con-San-Francesco.webp\" class=\"attachment-medium_large size-medium_large wp-image-2416\" alt=\"Vitral de San Francisco\" \/>\t\t<\/div>\n\t\t\t\t<div class=\"elementor-portfolio-item__overlay\">\n\t\t\t\t<h3 class=\"elementor-portfolio-item__title\">\n\t\tVitral de San Francisco\t\t<\/h3>\n\t\t\t\t<\/div>\n\t\t\t\t<\/a>\n\t\t<\/article>\n\t\t\t\t<article class=\"elementor-portfolio-item elementor-post elementor-filter-2923 post-16978 lavori type-lavori status-publish has-post-thumbnail hentry stile-vitrales-decorativos\" role=\"listitem\">\n\t\t\t<a class=\"elementor-post__thumbnail__link\" href=\"https:\/\/ikostudio.it\/es\/lavori\/vitral-arabe-islamico\/\">\n\t\t\t\t<div class=\"elementor-portfolio-item__img elementor-post__thumbnail\">\n\t\t\t<img loading=\"lazy\" decoding=\"async\" width=\"354\" height=\"750\" src=\"https:\/\/ikostudio.it\/wp-content\/uploads\/2019\/08\/Vetrata-Araba-Moresca.jpg\" class=\"attachment-medium_large size-medium_large wp-image-3287\" alt=\"Vitral \u00e1rabe isl\u00e1mico\" srcset=\"https:\/\/ikostudio.it\/wp-content\/uploads\/2019\/08\/Vetrata-Araba-Moresca.jpg 354w, https:\/\/ikostudio.it\/wp-content\/uploads\/2019\/08\/Vetrata-Araba-Moresca-142x300.jpg 142w\" sizes=\"(max-width: 354px) 100vw, 354px\" \/>\t\t<\/div>\n\t\t\t\t<div class=\"elementor-portfolio-item__overlay\">\n\t\t\t\t<h3 class=\"elementor-portfolio-item__title\">\n\t\tVitral \u00e1rabe isl\u00e1mico\t\t<\/h3>\n\t\t\t\t<\/div>\n\t\t\t\t<\/a>\n\t\t<\/article>\n\t\t\t\t<article class=\"elementor-portfolio-item elementor-post elementor-filter-2402 post-16692 lavori type-lavori status-publish has-post-thumbnail hentry stile-vetrate-darredamento lavori-tags-arredamento-su-misura lavori-tags-fiori lavori-tags-natura lavori-tags-tulipano\" role=\"listitem\">\n\t\t\t<a class=\"elementor-post__thumbnail__link\" href=\"https:\/\/ikostudio.it\/lavori\/vetrata-artistica-con-tulipani\/\">\n\t\t\t\t<div class=\"elementor-portfolio-item__img elementor-post__thumbnail\">\n\t\t\t<img loading=\"lazy\" decoding=\"async\" width=\"595\" height=\"600\" src=\"https:\/\/ikostudio.it\/wp-content\/uploads\/2019\/08\/Vetrata-Artistica-con-Tulipani.webp\" class=\"attachment-medium_large size-medium_large wp-image-5115\" alt=\"Vetrata Artistica con Tulipani\" srcset=\"https:\/\/ikostudio.it\/wp-content\/uploads\/2019\/08\/Vetrata-Artistica-con-Tulipani.webp 595w, https:\/\/ikostudio.it\/wp-content\/uploads\/2019\/08\/Vetrata-Artistica-con-Tulipani-150x150.webp 150w, https:\/\/ikostudio.it\/wp-content\/uploads\/2019\/08\/Vetrata-Artistica-con-Tulipani-298x300.webp 298w\" sizes=\"(max-width: 595px) 100vw, 595px\" \/>\t\t<\/div>\n\t\t\t\t<div class=\"elementor-portfolio-item__overlay\">\n\t\t\t\t<h3 class=\"elementor-portfolio-item__title\">\n\t\tVetrata Artistica con Tulipani\t\t<\/h3>\n\t\t\t\t<\/div>\n\t\t\t\t<\/a>\n\t\t<\/article>\n\t\t\t\t<article class=\"elementor-portfolio-item elementor-post elementor-filter-2923 post-16972 lavori type-lavori status-publish has-post-thumbnail hentry stile-vitrales-decorativos lavori-tags-arredamento-su-misura-es\" role=\"listitem\">\n\t\t\t<a class=\"elementor-post__thumbnail__link\" href=\"https:\/\/ikostudio.it\/es\/lavori\/lampara-barroca\/\">\n\t\t\t\t<div class=\"elementor-portfolio-item__img elementor-post__thumbnail\">\n\t\t\t<img loading=\"lazy\" decoding=\"async\" width=\"450\" height=\"600\" src=\"https:\/\/ikostudio.it\/wp-content\/uploads\/2019\/08\/Lampada-Vetrata-Barocca.jpg\" class=\"attachment-medium_large size-medium_large wp-image-3033\" alt=\"Lampara Barroca\" srcset=\"https:\/\/ikostudio.it\/wp-content\/uploads\/2019\/08\/Lampada-Vetrata-Barocca.jpg 450w, https:\/\/ikostudio.it\/wp-content\/uploads\/2019\/08\/Lampada-Vetrata-Barocca-225x300.jpg 225w\" sizes=\"(max-width: 450px) 100vw, 450px\" \/>\t\t<\/div>\n\t\t\t\t<div class=\"elementor-portfolio-item__overlay\">\n\t\t\t\t<h3 class=\"elementor-portfolio-item__title\">\n\t\tLampara Barroca\t\t<\/h3>\n\t\t\t\t<\/div>\n\t\t\t\t<\/a>\n\t\t<\/article>\n\t\t\t\t<article class=\"elementor-portfolio-item elementor-post elementor-filter-2923 post-16971 lavori type-lavori status-publish has-post-thumbnail hentry stile-vitrales-decorativos lavori-tags-gotico-es\" role=\"listitem\">\n\t\t\t<a class=\"elementor-post__thumbnail__link\" href=\"https:\/\/ikostudio.it\/es\/lavori\/lampara-en-hierro-forjado\/\">\n\t\t\t\t<div class=\"elementor-portfolio-item__img elementor-post__thumbnail\">\n\t\t\t<img loading=\"lazy\" decoding=\"async\" width=\"450\" height=\"600\" src=\"https:\/\/ikostudio.it\/wp-content\/uploads\/2019\/08\/Lampada-Ferro-Battuto.jpg\" class=\"attachment-medium_large size-medium_large wp-image-3029\" alt=\"Lampara en Hierro Forjado\" srcset=\"https:\/\/ikostudio.it\/wp-content\/uploads\/2019\/08\/Lampada-Ferro-Battuto.jpg 450w, https:\/\/ikostudio.it\/wp-content\/uploads\/2019\/08\/Lampada-Ferro-Battuto-225x300.jpg 225w\" sizes=\"(max-width: 450px) 100vw, 450px\" \/>\t\t<\/div>\n\t\t\t\t<div class=\"elementor-portfolio-item__overlay\">\n\t\t\t\t<h3 class=\"elementor-portfolio-item__title\">\n\t\tLampara en Hierro Forjado\t\t<\/h3>\n\t\t\t\t<\/div>\n\t\t\t\t<\/a>\n\t\t<\/article>\n\t\t\t\t<article class=\"elementor-portfolio-item elementor-post elementor-filter-2923 post-16970 lavori type-lavori status-publish has-post-thumbnail hentry stile-vitrales-decorativos lavori-tags-arredamento-su-misura-es\" role=\"listitem\">\n\t\t\t<a class=\"elementor-post__thumbnail__link\" href=\"https:\/\/ikostudio.it\/es\/lavori\/lampara-arabe-color-lila\/\">\n\t\t\t\t<div class=\"elementor-portfolio-item__img elementor-post__thumbnail\">\n\t\t\t<img loading=\"lazy\" decoding=\"async\" width=\"441\" height=\"599\" src=\"https:\/\/ikostudio.it\/wp-content\/uploads\/2019\/08\/Lampada-Vetrata-Araba-Viola.jpg\" class=\"attachment-medium_large size-medium_large wp-image-3025\" alt=\"Lampara Arabe color Lila\" srcset=\"https:\/\/ikostudio.it\/wp-content\/uploads\/2019\/08\/Lampada-Vetrata-Araba-Viola.jpg 441w, https:\/\/ikostudio.it\/wp-content\/uploads\/2019\/08\/Lampada-Vetrata-Araba-Viola-221x300.jpg 221w\" sizes=\"(max-width: 441px) 100vw, 441px\" \/>\t\t<\/div>\n\t\t\t\t<div class=\"elementor-portfolio-item__overlay\">\n\t\t\t\t<h3 class=\"elementor-portfolio-item__title\">\n\t\tLampara Arabe color Lila\t\t<\/h3>\n\t\t\t\t<\/div>\n\t\t\t\t<\/a>\n\t\t<\/article>\n\t\t\t\t<article class=\"elementor-portfolio-item elementor-post elementor-filter-2923 post-16969 lavori type-lavori status-publish has-post-thumbnail hentry stile-vitrales-decorativos lavori-tags-arredamento-su-misura-es\" role=\"listitem\">\n\t\t\t<a class=\"elementor-post__thumbnail__link\" href=\"https:\/\/ikostudio.it\/es\/lavori\/lampara-arabes-para-el-bano\/\">\n\t\t\t\t<div class=\"elementor-portfolio-item__img elementor-post__thumbnail\">\n\t\t\t<img loading=\"lazy\" decoding=\"async\" width=\"768\" height=\"433\" src=\"https:\/\/ikostudio.it\/wp-content\/uploads\/2019\/08\/Lampada-Specchio-Bagno-768x433.jpg\" class=\"attachment-medium_large size-medium_large wp-image-3021\" alt=\"Lampara Arabes Para el Ba\u00f1o\" srcset=\"https:\/\/ikostudio.it\/wp-content\/uploads\/2019\/08\/Lampada-Specchio-Bagno-768x433.jpg 768w, https:\/\/ikostudio.it\/wp-content\/uploads\/2019\/08\/Lampada-Specchio-Bagno-300x169.jpg 300w, https:\/\/ikostudio.it\/wp-content\/uploads\/2019\/08\/Lampada-Specchio-Bagno.jpg 960w\" sizes=\"(max-width: 768px) 100vw, 768px\" \/>\t\t<\/div>\n\t\t\t\t<div class=\"elementor-portfolio-item__overlay\">\n\t\t\t\t<h3 class=\"elementor-portfolio-item__title\">\n\t\tLampara Arabes Para el Ba\u00f1o\t\t<\/h3>\n\t\t\t\t<\/div>\n\t\t\t\t<\/a>\n\t\t<\/article>\n\t\t\t\t<article class=\"elementor-portfolio-item elementor-post elementor-filter-2923 post-16968 lavori type-lavori status-publish has-post-thumbnail hentry stile-vitrales-decorativos\" role=\"listitem\">\n\t\t\t<a class=\"elementor-post__thumbnail__link\" href=\"https:\/\/ikostudio.it\/es\/lavori\/lampara-con-mariposas\/\">\n\t\t\t\t<div class=\"elementor-portfolio-item__img elementor-post__thumbnail\">\n\t\t\t<img loading=\"lazy\" decoding=\"async\" width=\"338\" height=\"600\" src=\"https:\/\/ikostudio.it\/wp-content\/uploads\/2019\/08\/Lamada-Vetrata-Farfalle.jpg\" class=\"attachment-medium_large size-medium_large wp-image-2993\" alt=\"L\u00e1mpara Con Mariposas De Vidrio Art\u00edstico\" srcset=\"https:\/\/ikostudio.it\/wp-content\/uploads\/2019\/08\/Lamada-Vetrata-Farfalle.jpg 338w, https:\/\/ikostudio.it\/wp-content\/uploads\/2019\/08\/Lamada-Vetrata-Farfalle-169x300.jpg 169w\" sizes=\"(max-width: 338px) 100vw, 338px\" \/>\t\t<\/div>\n\t\t\t\t<div class=\"elementor-portfolio-item__overlay\">\n\t\t\t\t<h3 class=\"elementor-portfolio-item__title\">\n\t\tLampara con Mariposas\t\t<\/h3>\n\t\t\t\t<\/div>\n\t\t\t\t<\/a>\n\t\t<\/article>\n\t\t\t\t<article class=\"elementor-portfolio-item elementor-post elementor-filter-2923 post-16967 lavori type-lavori status-publish has-post-thumbnail hentry stile-vitrales-decorativos lavori-tags-arredamento-su-misura-es\" role=\"listitem\">\n\t\t\t<a class=\"elementor-post__thumbnail__link\" href=\"https:\/\/ikostudio.it\/es\/lavori\/lampara-abstracta-naranja\/\">\n\t\t\t\t<div class=\"elementor-portfolio-item__img elementor-post__thumbnail\">\n\t\t\t<img loading=\"lazy\" decoding=\"async\" width=\"436\" height=\"600\" src=\"https:\/\/ikostudio.it\/wp-content\/uploads\/2019\/08\/Lampada-Vetrata-Astratta-Arancio.jpg\" class=\"attachment-medium_large size-medium_large wp-image-3001\" alt=\"Lampara con vitral Abstracta Naranja\" srcset=\"https:\/\/ikostudio.it\/wp-content\/uploads\/2019\/08\/Lampada-Vetrata-Astratta-Arancio.jpg 436w, https:\/\/ikostudio.it\/wp-content\/uploads\/2019\/08\/Lampada-Vetrata-Astratta-Arancio-218x300.jpg 218w\" sizes=\"(max-width: 436px) 100vw, 436px\" \/>\t\t<\/div>\n\t\t\t\t<div class=\"elementor-portfolio-item__overlay\">\n\t\t\t\t<h3 class=\"elementor-portfolio-item__title\">\n\t\tLampara Abstracta Naranja\t\t<\/h3>\n\t\t\t\t<\/div>\n\t\t\t\t<\/a>\n\t\t<\/article>\n\t\t\t\t<article class=\"elementor-portfolio-item elementor-post elementor-filter-2923 post-16966 lavori type-lavori status-publish has-post-thumbnail hentry stile-vitrales-decorativos lavori-tags-arredamento-su-misura-es\" role=\"listitem\">\n\t\t\t<a class=\"elementor-post__thumbnail__link\" href=\"https:\/\/ikostudio.it\/es\/lavori\/lampara-arabe-circular\/\">\n\t\t\t\t<div class=\"elementor-portfolio-item__img elementor-post__thumbnail\">\n\t\t\t<img loading=\"lazy\" decoding=\"async\" width=\"768\" height=\"433\" src=\"https:\/\/ikostudio.it\/wp-content\/uploads\/2019\/08\/Lampada-Vetrata-Araba-768x433.jpg\" class=\"attachment-medium_large size-medium_large wp-image-2997\" alt=\"Lampara con vitral Arabe Circular\" srcset=\"https:\/\/ikostudio.it\/wp-content\/uploads\/2019\/08\/Lampada-Vetrata-Araba-768x433.jpg 768w, https:\/\/ikostudio.it\/wp-content\/uploads\/2019\/08\/Lampada-Vetrata-Araba-300x169.jpg 300w, https:\/\/ikostudio.it\/wp-content\/uploads\/2019\/08\/Lampada-Vetrata-Araba.jpg 960w\" sizes=\"(max-width: 768px) 100vw, 768px\" \/>\t\t<\/div>\n\t\t\t\t<div class=\"elementor-portfolio-item__overlay\">\n\t\t\t\t<h3 class=\"elementor-portfolio-item__title\">\n\t\tLampara Arabe Circular\t\t<\/h3>\n\t\t\t\t<\/div>\n\t\t\t\t<\/a>\n\t\t<\/article>\n\t\t\t\t<article class=\"elementor-portfolio-item elementor-post elementor-filter-2923 post-16965 lavori type-lavori status-publish has-post-thumbnail hentry stile-vitrales-decorativos lavori-tags-arredamento-su-misura-es\" role=\"listitem\">\n\t\t\t<a class=\"elementor-post__thumbnail__link\" href=\"https:\/\/ikostudio.it\/es\/lavori\/lampara-abstracta-azul\/\">\n\t\t\t\t<div class=\"elementor-portfolio-item__img elementor-post__thumbnail\">\n\t\t\t<img loading=\"lazy\" decoding=\"async\" width=\"450\" height=\"600\" src=\"https:\/\/ikostudio.it\/wp-content\/uploads\/2019\/08\/Lampada-Vetrata-Astratta-Blu.jpg\" class=\"attachment-medium_large size-medium_large wp-image-3005\" alt=\"Lampara von vitral Abstracta Azul\" srcset=\"https:\/\/ikostudio.it\/wp-content\/uploads\/2019\/08\/Lampada-Vetrata-Astratta-Blu.jpg 450w, https:\/\/ikostudio.it\/wp-content\/uploads\/2019\/08\/Lampada-Vetrata-Astratta-Blu-225x300.jpg 225w\" sizes=\"(max-width: 450px) 100vw, 450px\" \/>\t\t<\/div>\n\t\t\t\t<div class=\"elementor-portfolio-item__overlay\">\n\t\t\t\t<h3 class=\"elementor-portfolio-item__title\">\n\t\tLampara Abstracta Azul\t\t<\/h3>\n\t\t\t\t<\/div>\n\t\t\t\t<\/a>\n\t\t<\/article>\n\t\t\t\t<article class=\"elementor-portfolio-item elementor-post elementor-filter-2923 post-16962 lavori type-lavori status-publish has-post-thumbnail hentry stile-vitrales-decorativos lavori-tags-gotico-es\" role=\"listitem\">\n\t\t\t<a class=\"elementor-post__thumbnail__link\" href=\"https:\/\/ikostudio.it\/es\/lavori\/lampara-gotica-azul-y-rojo\/\">\n\t\t\t\t<div class=\"elementor-portfolio-item__img elementor-post__thumbnail\">\n\t\t\t<img loading=\"lazy\" decoding=\"async\" width=\"450\" height=\"600\" src=\"https:\/\/ikostudio.it\/wp-content\/uploads\/2019\/08\/Lampada-Gotica-Blu-e-Rossa.jpg\" class=\"attachment-medium_large size-medium_large wp-image-3017\" alt=\"Lampara G\u00f3tica Azul y Rojo con vitral\" srcset=\"https:\/\/ikostudio.it\/wp-content\/uploads\/2019\/08\/Lampada-Gotica-Blu-e-Rossa.jpg 450w, https:\/\/ikostudio.it\/wp-content\/uploads\/2019\/08\/Lampada-Gotica-Blu-e-Rossa-225x300.jpg 225w\" sizes=\"(max-width: 450px) 100vw, 450px\" \/>\t\t<\/div>\n\t\t\t\t<div class=\"elementor-portfolio-item__overlay\">\n\t\t\t\t<h3 class=\"elementor-portfolio-item__title\">\n\t\tLampara G\u00f3tica Azul y Rojo\t\t<\/h3>\n\t\t\t\t<\/div>\n\t\t\t\t<\/a>\n\t\t<\/article>\n\t\t\t\t<article class=\"elementor-portfolio-item elementor-post  post-16661 lavori type-lavori status-publish has-post-thumbnail hentry lavori-tags-arabo lavori-tags-arredamento-su-misura lavori-tags-decorativo lavori-tags-lampada\" role=\"listitem\">\n\t\t\t<a class=\"elementor-post__thumbnail__link\" href=\"https:\/\/ikostudio.it\/lavori\/lampada-araba-gialla\/\">\n\t\t\t\t<div class=\"elementor-portfolio-item__img elementor-post__thumbnail\">\n\t\t\t<img loading=\"lazy\" decoding=\"async\" width=\"450\" height=\"600\" src=\"https:\/\/ikostudio.it\/wp-content\/uploads\/2019\/08\/Lampada-Araba-Gialla.webp\" class=\"attachment-medium_large size-medium_large wp-image-5055\" alt=\"Lampada Araba Gialla\" srcset=\"https:\/\/ikostudio.it\/wp-content\/uploads\/2019\/08\/Lampada-Araba-Gialla.webp 450w, https:\/\/ikostudio.it\/wp-content\/uploads\/2019\/08\/Lampada-Araba-Gialla-225x300.webp 225w\" sizes=\"(max-width: 450px) 100vw, 450px\" \/>\t\t<\/div>\n\t\t\t\t<div class=\"elementor-portfolio-item__overlay\">\n\t\t\t\t<h3 class=\"elementor-portfolio-item__title\">\n\t\tLampada Araba Gialla\t\t<\/h3>\n\t\t\t\t<\/div>\n\t\t\t\t<\/a>\n\t\t<\/article>\n\t\t\t\t<article class=\"elementor-portfolio-item elementor-post  post-16653 lavori type-lavori status-publish has-post-thumbnail hentry lavori-tags-applique lavori-tags-arredamento lavori-tags-design lavori-tags-foglie lavori-tags-interior-design lavori-tags-lampada-a-muro lavori-tags-natura lavori-tags-pianta\" role=\"listitem\">\n\t\t\t<a class=\"elementor-post__thumbnail__link\" href=\"https:\/\/ikostudio.it\/lavori\/lampada-vetrata-foglie\/\">\n\t\t\t\t<div class=\"elementor-portfolio-item__img elementor-post__thumbnail\">\n\t\t\t<img loading=\"lazy\" decoding=\"async\" width=\"450\" height=\"600\" src=\"https:\/\/ikostudio.it\/wp-content\/uploads\/2019\/08\/Lampada-Vetrata-Foglie.webp\" class=\"attachment-medium_large size-medium_large wp-image-5039\" alt=\"Lampada Vetrata Foglie\" srcset=\"https:\/\/ikostudio.it\/wp-content\/uploads\/2019\/08\/Lampada-Vetrata-Foglie.webp 450w, https:\/\/ikostudio.it\/wp-content\/uploads\/2019\/08\/Lampada-Vetrata-Foglie-225x300.webp 225w\" sizes=\"(max-width: 450px) 100vw, 450px\" \/>\t\t<\/div>\n\t\t\t\t<div class=\"elementor-portfolio-item__overlay\">\n\t\t\t\t<h3 class=\"elementor-portfolio-item__title\">\n\t\tLampada Vetrata Foglie\t\t<\/h3>\n\t\t\t\t<\/div>\n\t\t\t\t<\/a>\n\t\t<\/article>\n\t\t\t\t<article class=\"elementor-portfolio-item elementor-post elementor-filter-2402 post-16597 lavori type-lavori status-publish has-post-thumbnail hentry stile-vetrate-darredamento lavori-tags-arredamento-su-misura lavori-tags-decorativo lavori-tags-gotico lavori-tags-medievale\" role=\"listitem\">\n\t\t\t<a class=\"elementor-post__thumbnail__link\" href=\"https:\/\/ikostudio.it\/lavori\/rosone-gotico\/\">\n\t\t\t\t<div class=\"elementor-portfolio-item__img elementor-post__thumbnail\">\n\t\t\t<img loading=\"lazy\" decoding=\"async\" width=\"768\" height=\"751\" src=\"https:\/\/ikostudio.it\/wp-content\/uploads\/2019\/08\/Vetrata-Artistica-Tondo-Gotico-768x751.webp\" class=\"attachment-medium_large size-medium_large wp-image-4928\" alt=\"Vetrata Artistica Tondo Gotico\" srcset=\"https:\/\/ikostudio.it\/wp-content\/uploads\/2019\/08\/Vetrata-Artistica-Tondo-Gotico-768x751.webp 768w, https:\/\/ikostudio.it\/wp-content\/uploads\/2019\/08\/Vetrata-Artistica-Tondo-Gotico-300x293.webp 300w, https:\/\/ikostudio.it\/wp-content\/uploads\/2019\/08\/Vetrata-Artistica-Tondo-Gotico.webp 912w\" sizes=\"(max-width: 768px) 100vw, 768px\" \/>\t\t<\/div>\n\t\t\t\t<div class=\"elementor-portfolio-item__overlay\">\n\t\t\t\t<h3 class=\"elementor-portfolio-item__title\">\n\t\tRosone Gotico\t\t<\/h3>\n\t\t\t\t<\/div>\n\t\t\t\t<\/a>\n\t\t<\/article>\n\t\t\t\t<\/div>\n\t\t\t\t\t\t<\/div>\n\t\t\t\t<\/div>\n\t\t\t\t<\/div>\n\t\t\t\t\t<\/div>\n\t\t\t\t<\/div>\n\t\t\t\t<\/div>\n\t\t","protected":false},"excerpt":{"rendered":"","protected":false},"author":3,"featured_media":0,"parent":0,"menu_order":0,"comment_status":"closed","ping_status":"closed","template":"","meta":{"footnotes":""},"class_list":["post-18490","page","type-page","status-publish","hentry"],"_links":{"self":[{"href":"https:\/\/ikostudio.it\/es\/wp-json\/wp\/v2\/pages\/18490","targetHints":{"allow":["GET"]}}],"collection":[{"href":"https:\/\/ikostudio.it\/es\/wp-json\/wp\/v2\/pages"}],"about":[{"href":"https:\/\/ikostudio.it\/es\/wp-json\/wp\/v2\/types\/page"}],"author":[{"embeddable":true,"href":"https:\/\/ikostudio.it\/es\/wp-json\/wp\/v2\/users\/3"}],"replies":[{"embeddable":true,"href":"https:\/\/ikostudio.it\/es\/wp-json\/wp\/v2\/comments?post=18490"}],"version-history":[{"count":0,"href":"https:\/\/ikostudio.it\/es\/wp-json\/wp\/v2\/pages\/18490\/revisions"}],"wp:attachment":[{"href":"https:\/\/ikostudio.it\/es\/wp-json\/wp\/v2\/media?parent=18490"}],"curies":[{"name":"wp","href":"https:\/\/api.w.org\/{rel}","templated":true}]}}