{"id":1338,"date":"2019-02-09T00:00:00","date_gmt":"2019-02-09T00:00:00","guid":{"rendered":"http:\/\/ikostudio.it\/index.php\/la-historia-del-vitralismo\/"},"modified":"2024-11-04T15:24:57","modified_gmt":"2024-11-04T15:24:57","slug":"la-historia-del-vitralismo","status":"publish","type":"page","link":"https:\/\/ikostudio.it\/es\/la-historia-del-vitralismo\/","title":{"rendered":"La historia del vitralismo"},"content":{"rendered":"\t\t<div data-elementor-type=\"wp-post\" data-elementor-id=\"1338\" class=\"elementor elementor-1338 elementor-877\" data-elementor-post-type=\"page\">\n\t\t\t\t<div class=\"elementor-element elementor-element-a39a5d9 e-con-full e-flex e-con e-parent\" data-id=\"a39a5d9\" data-element_type=\"container\" data-e-type=\"container\" data-settings=\"{&quot;background_background&quot;:&quot;classic&quot;}\">\n\t\t<div class=\"elementor-element elementor-element-94f3a49 e-con-full e-flex e-con e-child\" data-id=\"94f3a49\" data-element_type=\"container\" data-e-type=\"container\">\n\t\t\t\t<div class=\"elementor-element elementor-element-f95a759 elementor--h-position-center elementor--v-position-middle elementor-widget elementor-widget-slides\" data-id=\"f95a759\" data-element_type=\"widget\" data-e-type=\"widget\" data-settings=\"{&quot;transition&quot;:&quot;fade&quot;,&quot;autoplay_speed&quot;:6000,&quot;navigation&quot;:&quot;none&quot;,&quot;transition_speed&quot;:1100,&quot;autoplay&quot;:&quot;yes&quot;,&quot;pause_on_interaction&quot;:&quot;yes&quot;,&quot;infinite&quot;:&quot;yes&quot;}\" data-widget_type=\"slides.default\">\n\t\t\t\t<div class=\"elementor-widget-container\">\n\t\t\t\t\t\t\t\t\t<div class=\"elementor-swiper\">\n\t\t\t\t\t<div class=\"elementor-slides-wrapper elementor-main-swiper swiper\" role=\"region\" aria-roledescription=\"carousel\" aria-label=\"Diapositivas\" dir=\"ltr\" data-animation=\"\">\n\t\t\t\t<div class=\"swiper-wrapper elementor-slides\">\n\t\t\t\t\t\t\t\t\t\t<div class=\"elementor-repeater-item-d986187 swiper-slide\" role=\"group\" aria-roledescription=\"slide\"><div class=\"swiper-slide-bg\" role=\"img\" aria-label=\"matisse-window-2\"><\/div><div class=\"elementor-background-overlay\"><\/div><div class=\"swiper-slide-inner\" ><div class=\"swiper-slide-contents\"><div class=\"elementor-slide-heading\">La historia del vitral art\u00edstico<\/div><\/div><\/div><\/div>\t\t\t\t<\/div>\n\t\t\t\t\t\t\t<\/div>\n\t\t\t\t<\/div>\n\t\t\t\t\t\t\t\t<\/div>\n\t\t\t\t<\/div>\n\t\t\t\t<div class=\"elementor-element elementor-element-3dcfcca elementor-widget elementor-widget-spacer\" data-id=\"3dcfcca\" data-element_type=\"widget\" data-e-type=\"widget\" data-widget_type=\"spacer.default\">\n\t\t\t\t<div class=\"elementor-widget-container\">\n\t\t\t\t\t\t\t<div class=\"elementor-spacer\">\n\t\t\t<div class=\"elementor-spacer-inner\"><\/div>\n\t\t<\/div>\n\t\t\t\t\t\t<\/div>\n\t\t\t\t<\/div>\n\t\t\t\t<\/div>\n\t\t\t\t<\/div>\n\t\t<div class=\"elementor-element elementor-element-b76840e e-flex e-con-boxed e-con e-parent\" data-id=\"b76840e\" data-element_type=\"container\" data-e-type=\"container\">\n\t\t\t\t\t<div class=\"e-con-inner\">\n\t\t<div class=\"elementor-element elementor-element-57207fb e-con-full e-flex e-con e-child\" data-id=\"57207fb\" data-element_type=\"container\" data-e-type=\"container\">\n\t\t\t\t<div class=\"elementor-element elementor-element-806f76c elementor-author-box--link-yes elementor-author-box--avatar-yes elementor-author-box--name-yes elementor-author-box--biography-yes elementor-widget elementor-widget-author-box\" data-id=\"806f76c\" data-element_type=\"widget\" data-e-type=\"widget\" data-widget_type=\"author-box.default\">\n\t\t\t\t<div class=\"elementor-widget-container\">\n\t\t\t\t\t\t\t<div class=\"elementor-author-box\">\n\t\t\t\t\t\t\t<div  class=\"elementor-author-box__avatar\">\n\t\t\t\t\t<img decoding=\"async\" src=\"https:\/\/secure.gravatar.com\/avatar\/b4cc7d85b650da9ae8ed957d9789dd620f29a3d91321e472965ccfdf73c4d9b8?s=300&#038;d=mm&#038;r=g\" alt=\"Imagen de Diego Tolomelli\" loading=\"lazy\">\n\t\t\t\t<\/div>\n\t\t\t\n\t\t\t<div class=\"elementor-author-box__text\">\n\t\t\t\t\t\t\t\t\t<div >\n\t\t\t\t\t\t<h4 class=\"elementor-author-box__name\">\n\t\t\t\t\t\t\tDiego Tolomelli\t\t\t\t\t\t<\/h4>\n\t\t\t\t\t<\/div>\n\t\t\t\t\n\t\t\t\t\t\t\t\t\t<div class=\"elementor-author-box__bio\">\n\t\t\t\t\t\t\t\t\t\t\t<\/div>\n\t\t\t\t\n\t\t\t\t\t\t\t\t\t<a class=\"elementor-author-box__button elementor-button elementor-size-xs\" href=\"https:\/\/ikostudio.it\/es\/author\/diegot\/\">\n\t\t\t\t\t\tTutti gli articoli\t\t\t\t\t<\/a>\n\t\t\t\t\t\t\t<\/div>\n\t\t<\/div>\n\t\t\t\t\t\t<\/div>\n\t\t\t\t<\/div>\n\t\t\t\t<div class=\"elementor-element elementor-element-cfe07c3 elementor-widget-divider--view-line elementor-widget elementor-widget-divider\" data-id=\"cfe07c3\" data-element_type=\"widget\" data-e-type=\"widget\" data-widget_type=\"divider.default\">\n\t\t\t\t<div class=\"elementor-widget-container\">\n\t\t\t\t\t\t\t<div class=\"elementor-divider\">\n\t\t\t<span class=\"elementor-divider-separator\">\n\t\t\t\t\t\t<\/span>\n\t\t<\/div>\n\t\t\t\t\t\t<\/div>\n\t\t\t\t<\/div>\n\t\t\t\t<div class=\"elementor-element elementor-element-118fc4b elementor-widget elementor-widget-heading\" data-id=\"118fc4b\" data-element_type=\"widget\" data-e-type=\"widget\" data-widget_type=\"heading.default\">\n\t\t\t\t<div class=\"elementor-widget-container\">\n\t\t\t\t\t<h2 class=\"elementor-heading-title elementor-size-default\">Una breve historia del vitralismo desde la antig\u00fcedad hasta lo contempor\u00e1neo - por Diego Tolomelli<\/h2>\t\t\t\t<\/div>\n\t\t\t\t<\/div>\n\t\t\t\t<div class=\"elementor-element elementor-element-2a5977e elementor-widget elementor-widget-heading\" data-id=\"2a5977e\" data-element_type=\"widget\" data-e-type=\"widget\" data-widget_type=\"heading.default\">\n\t\t\t\t<div class=\"elementor-widget-container\">\n\t\t\t\t\t<h2 class=\"elementor-heading-title elementor-size-default\">Vidrio en civilizaciones antiguas<\/h2>\t\t\t\t<\/div>\n\t\t\t\t<\/div>\n\t\t\t\t<div class=\"elementor-element elementor-element-5dd6e4c elementor-widget elementor-widget-text-editor\" data-id=\"5dd6e4c\" data-element_type=\"widget\" data-e-type=\"widget\" data-widget_type=\"text-editor.default\">\n\t\t\t\t<div class=\"elementor-widget-container\">\n\t\t\t\t\t\t\t\t\t<p>Las rocas v\u00edtreas ya se utilizaban en \u00e9pocas primitivas; se recog\u00edan en la naturaleza, especialmente en zonas volc\u00e1nicas, y se romp\u00edan en formas \u00fatiles para fabricar las primeras herramientas de trabajo o armas.<\/p>\n\t\t\t\t\t\t\t\t<\/div>\n\t\t\t\t<\/div>\n\t\t\t\t<\/div>\n\t\t<div class=\"elementor-element elementor-element-cf20a37 e-con-full e-flex e-con e-child\" data-id=\"cf20a37\" data-element_type=\"container\" data-e-type=\"container\">\n\t\t\t\t<div class=\"elementor-element elementor-element-930ea60 elementor-widget elementor-widget-heading\" data-id=\"930ea60\" data-element_type=\"widget\" data-e-type=\"widget\" data-widget_type=\"heading.default\">\n\t\t\t\t<div class=\"elementor-widget-container\">\n\t\t\t\t\t<h2 class=\"elementor-heading-title elementor-size-default\">El nacimiento del vidrio emplomado<\/h2>\t\t\t\t<\/div>\n\t\t\t\t<\/div>\n\t\t\t\t<div class=\"elementor-element elementor-element-0a7d0ca elementor-widget elementor-widget-text-editor\" data-id=\"0a7d0ca\" data-element_type=\"widget\" data-e-type=\"widget\" data-widget_type=\"text-editor.default\">\n\t\t\t\t<div class=\"elementor-widget-container\">\n\t\t\t\t\t\t\t\t\t<p>Desde el primer siglo D.C., se empez\u00f3 a usar plomo para reemplazar los marcos de piedra o madera que sosten\u00edan al vidrio. Dada su maleabilidad, el plomo se pod\u00eda usar para hacer un marco m\u00e1s sutil.<\/p>\n<p>Sin dal V secolo d.C. (basilica di Maccabei Lione) la vetrata assume una funzione narrativa delle sacre scritture per una popolazione pressoch\u00e9 illetterata.<\/p>\n\t\t\t\t\t\t\t\t<\/div>\n\t\t\t\t<\/div>\n\t\t\t\t<div class=\"elementor-element elementor-element-53110d9 elementor-widget elementor-widget-image\" data-id=\"53110d9\" data-element_type=\"widget\" data-e-type=\"widget\" data-widget_type=\"image.default\">\n\t\t\t\t<div class=\"elementor-widget-container\">\n\t\t\t\t\t\t\t\t\t\t\t\t\t\t\t<img fetchpriority=\"high\" decoding=\"async\" width=\"600\" height=\"528\" src=\"https:\/\/ikostudio.it\/wp-content\/uploads\/2019\/08\/Medival-Glass-3.webp\" class=\"attachment-large size-large wp-image-18077\" alt=\"\" \/>\t\t\t\t\t\t\t\t\t\t\t\t\t\t\t<\/div>\n\t\t\t\t<\/div>\n\t\t\t\t<\/div>\n\t\t\t\t\t<\/div>\n\t\t\t\t<\/div>\n\t\t<div class=\"elementor-element elementor-element-2dcae6e e-flex e-con-boxed e-con e-parent\" data-id=\"2dcae6e\" data-element_type=\"container\" data-e-type=\"container\">\n\t\t\t\t\t<div class=\"e-con-inner\">\n\t\t<div class=\"elementor-element elementor-element-0658eef e-con-full e-flex e-con e-child\" data-id=\"0658eef\" data-element_type=\"container\" data-e-type=\"container\">\n\t\t\t\t<div class=\"elementor-element elementor-element-fa78c5a elementor-widget elementor-widget-spacer\" data-id=\"fa78c5a\" data-element_type=\"widget\" data-e-type=\"widget\" data-widget_type=\"spacer.default\">\n\t\t\t\t<div class=\"elementor-widget-container\">\n\t\t\t\t\t\t\t<div class=\"elementor-spacer\">\n\t\t\t<div class=\"elementor-spacer-inner\"><\/div>\n\t\t<\/div>\n\t\t\t\t\t\t<\/div>\n\t\t\t\t<\/div>\n\t\t\t\t<\/div>\n\t\t\t\t\t<\/div>\n\t\t\t\t<\/div>\n\t\t<div class=\"elementor-element elementor-element-d84ff04 e-con-full e-flex e-con e-parent\" data-id=\"d84ff04\" data-element_type=\"container\" data-e-type=\"container\" data-settings=\"{&quot;background_background&quot;:&quot;classic&quot;}\">\n\t\t<div class=\"elementor-element elementor-element-374c962 e-con-full e-flex e-con e-child\" data-id=\"374c962\" data-element_type=\"container\" data-e-type=\"container\" data-settings=\"{&quot;background_background&quot;:&quot;classic&quot;}\">\n\t\t\t\t<div class=\"elementor-element elementor-element-c7f26b5 elementor-widget elementor-widget-heading\" data-id=\"c7f26b5\" data-element_type=\"widget\" data-e-type=\"widget\" data-widget_type=\"heading.default\">\n\t\t\t\t<div class=\"elementor-widget-container\">\n\t\t\t\t\t<h2 class=\"elementor-heading-title elementor-size-default\">El desarrollo de las vidrieras en la Edad Media.<\/h2>\t\t\t\t<\/div>\n\t\t\t\t<\/div>\n\t\t\t\t<\/div>\n\t\t\t\t<\/div>\n\t\t<div class=\"elementor-element elementor-element-3121d74 e-flex e-con-boxed e-con e-parent\" data-id=\"3121d74\" data-element_type=\"container\" data-e-type=\"container\" data-settings=\"{&quot;background_background&quot;:&quot;classic&quot;}\">\n\t\t\t\t\t<div class=\"e-con-inner\">\n\t\t<div class=\"elementor-element elementor-element-64ba61e e-con-full e-flex e-con e-child\" data-id=\"64ba61e\" data-element_type=\"container\" data-e-type=\"container\" data-settings=\"{&quot;background_background&quot;:&quot;classic&quot;}\">\n\t\t\t\t<div class=\"elementor-element elementor-element-51daa5e elementor-widget elementor-widget-text-editor\" data-id=\"51daa5e\" data-element_type=\"widget\" data-e-type=\"widget\" data-widget_type=\"text-editor.default\">\n\t\t\t\t<div class=\"elementor-widget-container\">\n\t\t\t\t\t\t\t\t\t<p>El uso del vitral continu\u00f3 su expansi\u00f3n a trav\u00e9s de la Edad Media, especialmente para la decoraci\u00f3n de iglesias y bas\u00edlicas. Lleg\u00f3 a ser considerado divino: tornando hacia los cielos y mirando a Dios.<\/p>\n<p>La t\u00e9cnica continu\u00f3 siendo desarrollada hasta el siglo XIII D.C., cuando el vitral empez\u00f3 a demostrar su gran capacidad de expresi\u00f3n. Tenemos primeros ejemplos de vitral gracias al trabajo de arque\u00f3logos. La cabeza de Cristo fue encontrada en los 1930s, en la Abad\u00eda de Lorsch, y data del siglo IX.<\/p>\n<p>Desde el siglo XII las ventanas se hicieron m\u00e1s grandes mientras que las catedrales, como Chatre, con sus famosas ventanas que datan del 1140, empezaron a ser construidas en Europa.<\/p>\n<p>En esta \u00e9poca los vitrales ten\u00edan una funci\u00f3n completamente narrativa y se compon\u00edan de una multitud de im\u00e1genes individuales que contaban la vida de Cristo, o alguna historia de las escrituras, y estaban rodeadas por un marco decorativo. Este modelo se utilizo por m\u00e1s de un siglo.<\/p>\n<p>Muchos ejemplos de vitrales medievales no lograron mantener su apariencia original. Hay frecuentemente deterioraci\u00f3n al vidrio, debido a da\u00f1os ambientales, o por deficientes trabajos de restauraci\u00f3n en siglos siguientes.<\/p>\n<div class=\"vc_row wpb_row vc_row-fluid\">\n<div class=\"wpb_column vc_column_container vc_col-sm-12\">\n<div class=\"vc_column-inner\">\n<div class=\"wpb_wrapper\">\n<div class=\"wpb_text_column wpb_content_element \">\n<div class=\"wpb_wrapper\">\n<p>Fue durante este periodo que el vitral empez\u00f3 a perder su forma rectangular para adoptar las muchas formas dictadas por la arquitectura g\u00f3tica; ventanas de \u201cRosa\u201d, acentuadas por arcos, compuestas por peque\u00f1as ventanas de distintas formas.<\/p>\n<p>Fue tambi\u00e9n durante este periodo que una de las colecciones m\u00e1s grandes de vitrales fue construida, la de Sainte Chapelle, construida para contener las reliquias de la Pasi\u00f3n de Cristo.<\/p>\n<\/div>\n<\/div>\n<\/div>\n<\/div>\n<\/div>\n<\/div>\n\t\t\t\t\t\t\t\t<\/div>\n\t\t\t\t<\/div>\n\t\t\t\t<\/div>\n\t\t<div class=\"elementor-element elementor-element-d9015c9 e-con-full e-flex e-con e-child\" data-id=\"d9015c9\" data-element_type=\"container\" data-e-type=\"container\" data-settings=\"{&quot;background_background&quot;:&quot;classic&quot;}\">\n\t\t\t\t<div class=\"elementor-element elementor-element-a62f92a elementor-widget elementor-widget-image\" data-id=\"a62f92a\" data-element_type=\"widget\" data-e-type=\"widget\" data-widget_type=\"image.default\">\n\t\t\t\t<div class=\"elementor-widget-container\">\n\t\t\t\t\t\t\t\t\t\t\t\t<figure class=\"wp-caption\">\n\t\t\t\t\t\t\t\t\t\t<img decoding=\"async\" width=\"272\" height=\"300\" src=\"https:\/\/ikostudio.it\/wp-content\/uploads\/2019\/08\/Cristo-IX-sec-272x300.jpg\" class=\"attachment-medium size-medium wp-image-36\" alt=\"Cristo IX sec --\" srcset=\"https:\/\/ikostudio.it\/wp-content\/uploads\/2019\/08\/Cristo-IX-sec-272x300.jpg 272w, https:\/\/ikostudio.it\/wp-content\/uploads\/2019\/08\/Cristo-IX-sec.jpg 454w\" sizes=\"(max-width: 272px) 100vw, 272px\" \/>\t\t\t\t\t\t\t\t\t\t\t<figcaption class=\"widget-image-caption wp-caption-text\">Cristo siglo IX<\/figcaption>\n\t\t\t\t\t\t\t\t\t\t<\/figure>\n\t\t\t\t\t\t\t\t\t<\/div>\n\t\t\t\t<\/div>\n\t\t\t\t<div class=\"elementor-element elementor-element-38a581b elementor-cta--skin-classic elementor-animated-content elementor-bg-transform elementor-bg-transform-zoom-in elementor-widget elementor-widget-call-to-action\" data-id=\"38a581b\" data-element_type=\"widget\" data-e-type=\"widget\" data-widget_type=\"call-to-action.default\">\n\t\t\t\t<div class=\"elementor-widget-container\">\n\t\t\t\t\t\t\t<div class=\"elementor-cta\">\n\t\t\t\t\t\t\t<div class=\"elementor-cta__content\">\n\t\t\t\t\n\t\t\t\t\t\t\t\t\t<h2 class=\"elementor-cta__title elementor-cta__content-item elementor-content-item\">\n\t\t\t\t\t\tIko Estudio y conservaci\u00f3n de vidrieras.\t\t\t\t\t<\/h2>\n\t\t\t\t\n\t\t\t\t\t\t\t\t\t<div class=\"elementor-cta__description elementor-cta__content-item elementor-content-item\">\n\t\t\t\t\t\t<p>Descubra el trabajo de IKO Studio en la restauraci\u00f3n y conservaci\u00f3n de vidrieras art\u00edsticas.<\/p>\n\t\t\t\t\t<\/div>\n\t\t\t\t\n\t\t\t\t\t\t\t\t\t<div class=\"elementor-cta__button-wrapper elementor-cta__content-item elementor-content-item \">\n\t\t\t\t\t<a class=\"elementor-cta__button elementor-button elementor-size-\" href=\"https:\/\/ikostudio.it\/restauro-e-conservazione-di-vetrate-artistiche\/\">\n\t\t\t\t\t\tLeer m\u00e1s\t\t\t\t\t<\/a>\n\t\t\t\t\t<\/div>\n\t\t\t\t\t\t\t<\/div>\n\t\t\t\t\t\t<\/div>\n\t\t\t\t\t\t<\/div>\n\t\t\t\t<\/div>\n\t\t\t\t<\/div>\n\t\t\t\t\t<\/div>\n\t\t\t\t<\/div>\n\t\t<div class=\"elementor-element elementor-element-69dab03 e-con-full e-flex e-con e-parent\" data-id=\"69dab03\" data-element_type=\"container\" data-e-type=\"container\">\n\t\t<div class=\"elementor-element elementor-element-804f0a0 e-con-full e-flex e-con e-child\" data-id=\"804f0a0\" data-element_type=\"container\" data-e-type=\"container\" data-settings=\"{&quot;background_background&quot;:&quot;classic&quot;}\">\n\t\t\t\t<div class=\"elementor-element elementor-element-f496bd2 elementor-widget elementor-widget-heading\" data-id=\"f496bd2\" data-element_type=\"widget\" data-e-type=\"widget\" data-widget_type=\"heading.default\">\n\t\t\t\t<div class=\"elementor-widget-container\">\n\t\t\t\t\t<h2 class=\"elementor-heading-title elementor-size-default\">Siglos XV al XVIII<\/h2>\t\t\t\t<\/div>\n\t\t\t\t<\/div>\n\t\t\t\t<\/div>\n\t\t\t\t<\/div>\n\t\t<div class=\"elementor-element elementor-element-666991e e-flex e-con-boxed e-con e-parent\" data-id=\"666991e\" data-element_type=\"container\" data-e-type=\"container\">\n\t\t\t\t\t<div class=\"e-con-inner\">\n\t\t<div class=\"elementor-element elementor-element-d5e8303 e-con-full e-flex e-con e-child\" data-id=\"d5e8303\" data-element_type=\"container\" data-e-type=\"container\">\n\t\t<div class=\"elementor-element elementor-element-2a61eb3 e-con-full e-flex e-con e-child\" data-id=\"2a61eb3\" data-element_type=\"container\" data-e-type=\"container\">\n\t\t<div class=\"elementor-element elementor-element-21c683b e-con-full e-flex e-con e-child\" data-id=\"21c683b\" data-element_type=\"container\" data-e-type=\"container\" data-settings=\"{&quot;background_background&quot;:&quot;classic&quot;}\">\n\t\t\t\t<div class=\"elementor-element elementor-element-3e01dc6 elementor-widget elementor-widget-image\" data-id=\"3e01dc6\" data-element_type=\"widget\" data-e-type=\"widget\" data-widget_type=\"image.default\">\n\t\t\t\t<div class=\"elementor-widget-container\">\n\t\t\t\t\t\t\t\t\t\t\t\t<figure class=\"wp-caption\">\n\t\t\t\t\t\t\t\t\t\t<img decoding=\"async\" width=\"590\" height=\"404\" src=\"https:\/\/ikostudio.it\/wp-content\/uploads\/2019\/10\/Ely-for-history.webp\" class=\"attachment-medium_large size-medium_large wp-image-18755\" alt=\"\" \/>\t\t\t\t\t\t\t\t\t\t\t<figcaption class=\"widget-image-caption wp-caption-text\">Vitral medieval en el Museo Ely<\/figcaption>\n\t\t\t\t\t\t\t\t\t\t<\/figure>\n\t\t\t\t\t\t\t\t\t<\/div>\n\t\t\t\t<\/div>\n\t\t\t\t<div class=\"elementor-element elementor-element-f8d3f3d elementor-widget elementor-widget-image\" data-id=\"f8d3f3d\" data-element_type=\"widget\" data-e-type=\"widget\" data-widget_type=\"image.default\">\n\t\t\t\t<div class=\"elementor-widget-container\">\n\t\t\t\t\t\t\t\t\t\t\t\t<figure class=\"wp-caption\">\n\t\t\t\t\t\t\t\t\t\t<img decoding=\"async\" src=\"https:\/\/ikostudio.it\/wp-content\/uploads\/elementor\/thumbs\/pannello-germania-1510-rdte40fn7bjr3k285m7lwih3b7154dp85zyjtcgdjc.jpg\" title=\"Panel Alemania 1510\" alt=\"Panel de vitral Alemania 1510\" loading=\"lazy\" \/>\t\t\t\t\t\t\t\t\t\t\t<figcaption class=\"widget-image-caption wp-caption-text\">Panel Alemania 1510<\/figcaption>\n\t\t\t\t\t\t\t\t\t\t<\/figure>\n\t\t\t\t\t\t\t\t\t<\/div>\n\t\t\t\t<\/div>\n\t\t\t\t<\/div>\n\t\t<div class=\"elementor-element elementor-element-9d6df30 e-con-full e-flex e-con e-child\" data-id=\"9d6df30\" data-element_type=\"container\" data-e-type=\"container\">\n\t\t\t\t<div class=\"elementor-element elementor-element-2ac0b76 elementor-widget elementor-widget-text-editor\" data-id=\"2ac0b76\" data-element_type=\"widget\" data-e-type=\"widget\" data-widget_type=\"text-editor.default\">\n\t\t\t\t<div class=\"elementor-widget-container\">\n\t\t\t\t\t\t\t\t\t<p>El uso de vitrales contin\u00fao expandiendo, y el estilo del vitral comenz\u00f3 a adoptar m\u00e1s la forma de pintura en paredes o lienzos. Fue la primera vez que los creadores de vidrio y los muchos maestros comenzaron a salir del anonimato y fueron reconocidos como artistas. Estos artistas ofrecieron sus servicios a las cortes reales y, por este motivo, tenemos evidencia documental de sus nombres y obras. Hubo intercambios art\u00edsticos y de ideas y t\u00e9cnicas que se propagaron entre los artistas en Europa.<\/p>\n<p>Con el advenimiento de Van Eyck, la pintura en vidrio empez\u00f3 a ser influenciada por el estilo Holand\u00e9s de Flanders (Flemish style), con las composiciones haci\u00e9ndose m\u00e1s unificadas, los colores m\u00e1s luminosos y la pintura en vidrio m\u00e1s detallada tambi\u00e9n.<\/p>\n<p>Mientras tanto en Italia, las tendencias en estilos de vitral siguen las de los maestros del Renacimiento temprano, y artistas fueron frecuentemente llamados a crear dise\u00f1os para vitrales.<\/p>\n<p>Con gli scambi artistici che si diffondono fra gli artisti in Europa e l&#8217;avvento di Van Eyck anche la pittura su vetro viene influenzato dallo stile fiammingo, gli spazi delle composizioni diventano pi\u00f9 unificate i colori si ravvivano e la pittura su vetro diventa pi\u00f9 minuziosa.<\/p>\n<p>Il fenomeno sopra indicato riguarda per\u00f2 pi\u00f9 il nord Europa in Italia la tendenza dello stile della vetrata artistica tende a quello dei primi maestri del rinascimento e spesso artisti della pittura classica vengono chiamati per la realizzazione di bozzetti di vetrate artistiche.<\/p>\n\t\t\t\t\t\t\t\t<\/div>\n\t\t\t\t<\/div>\n\t\t\t\t<div class=\"elementor-element elementor-element-9c74e7b elementor-widget elementor-widget-text-editor\" data-id=\"9c74e7b\" data-element_type=\"widget\" data-e-type=\"widget\" data-widget_type=\"text-editor.default\">\n\t\t\t\t<div class=\"elementor-widget-container\">\n\t\t\t\t\t\t\t\t\t<p>En el siglo XVI, la evoluci\u00f3n del arte de vitral se detuvo abruptamente dada una profunda crisis religiosa que sacudi\u00f3 al norte de Europa, principalmente Inglaterra. La Reforma Protestante vio una gran cantidad de vitrales medievales destruida a manos del gobierno. Tambi\u00e9n es entonces que empezamos a ver el vitral, que antes hab\u00eda sido asociado estrictamente a una forma de arte religiosa, aparecer en grandes mansiones y edificios gubernamentales. La armer\u00eda fue un tema com\u00fan.<\/p>\n<div class=\"wpb_text_column wpb_content_element \">\n<div class=\"wpb_wrapper\">\n<p>Tambi\u00e9n hubo avances tecnol\u00f3gicos, diamantes empezaron a reemplazar los hierros al rojo vivo para cortar el vidrio y nuevos \u00f3xidos fueron descubiertos que, al ser aplicados al vidrio, cambiaban su color; nuevos pigmentos para pintar en vidrio fueron encontrados y barnices transparentes empezaron a ser usados, lo que le dio al artista la posibilidad de aplicar distintos colores al vidrio.<\/p>\n<\/div>\n<\/div>\n\t\t\t\t\t\t\t\t<\/div>\n\t\t\t\t<\/div>\n\t\t\t\t<\/div>\n\t\t\t\t<\/div>\n\t\t\t\t<\/div>\n\t\t\t\t\t<\/div>\n\t\t\t\t<\/div>\n\t\t<div class=\"elementor-element elementor-element-758ebce e-flex e-con-boxed e-con e-parent\" data-id=\"758ebce\" data-element_type=\"container\" data-e-type=\"container\" data-settings=\"{&quot;background_background&quot;:&quot;classic&quot;}\">\n\t\t\t\t\t<div class=\"e-con-inner\">\n\t\t<div class=\"elementor-element elementor-element-af657d7 e-con-full e-flex e-con e-child\" data-id=\"af657d7\" data-element_type=\"container\" data-e-type=\"container\" data-settings=\"{&quot;background_background&quot;:&quot;classic&quot;}\">\n\t\t\t\t<div class=\"elementor-element elementor-element-5ffb265 elementor-widget elementor-widget-heading\" data-id=\"5ffb265\" data-element_type=\"widget\" data-e-type=\"widget\" data-widget_type=\"heading.default\">\n\t\t\t\t<div class=\"elementor-widget-container\">\n\t\t\t\t\t<h2 class=\"elementor-heading-title elementor-size-default\">Siglos XIX al XX<\/h2>\t\t\t\t<\/div>\n\t\t\t\t<\/div>\n\t\t\t\t<\/div>\n\t\t\t\t\t<\/div>\n\t\t\t\t<\/div>\n\t\t<div class=\"elementor-element elementor-element-2275a70 e-flex e-con-boxed e-con e-parent\" data-id=\"2275a70\" data-element_type=\"container\" data-e-type=\"container\" data-settings=\"{&quot;background_background&quot;:&quot;classic&quot;}\">\n\t\t\t\t\t<div class=\"e-con-inner\">\n\t\t<div class=\"elementor-element elementor-element-5e9ad91 e-con-full e-flex e-con e-child\" data-id=\"5e9ad91\" data-element_type=\"container\" data-e-type=\"container\">\n\t\t<div class=\"elementor-element elementor-element-253456b e-con-full e-flex e-con e-child\" data-id=\"253456b\" data-element_type=\"container\" data-e-type=\"container\">\n\t\t<div class=\"elementor-element elementor-element-e115273 e-con-full e-flex e-con e-child\" data-id=\"e115273\" data-element_type=\"container\" data-e-type=\"container\">\n\t\t\t\t<div class=\"elementor-element elementor-element-b717326 elementor-widget elementor-widget-text-editor\" data-id=\"b717326\" data-element_type=\"widget\" data-e-type=\"widget\" data-widget_type=\"text-editor.default\">\n\t\t\t\t<div class=\"elementor-widget-container\">\n\t\t\t\t\t\t\t\t\t<p>Habiendo sido abandonado debido a las guerras religiosas en Europa del norte y la Revoluci\u00f3n Francesa, el siglo IX vio un inter\u00e9s renovado en el movimiento de vitralismo.<\/p>\n<p>El estilo g\u00f3tico, favorecido por arquitectos como Pugin se hizo popular y estudios como Hardman and Co, empezaron a dise\u00f1ar ventanas. Unos a\u00f1os despu\u00e9s de este renacimiento, el estudio ingles Morris and Co., hizo un importante impacto en el mundo del vitralismo, al traer estilos cl\u00e1sicos del pasado, pero esta vez por la mano del pintor Edward Burne Jones, quien fue altamente inspirado por el renacimiento italiano, y que produjo obras impresionantes.<\/p>\n\t\t\t\t\t\t\t\t<\/div>\n\t\t\t\t<\/div>\n\t\t\t\t<div class=\"elementor-element elementor-element-4a3ab53 elementor-widget elementor-widget-text-editor\" data-id=\"4a3ab53\" data-element_type=\"widget\" data-e-type=\"widget\" data-widget_type=\"text-editor.default\">\n\t\t\t\t<div class=\"elementor-widget-container\">\n\t\t\t\t\t\t\t\t\t<p>Esto llevo a nuevas influencias que tiempo despu\u00e9s tomaron auge. Fue tambi\u00e9n un periodo de avances tecnol\u00f3gicos y de creaci\u00f3n de nuevos tipos de vidrio, como el vidrio opaco que utilizaba varias capas superpuestas para producir una apariencia opalescente. En 1893, una exhibici\u00f3n en Chicago lanzo el estilo de Louis Comfort Tiffany al que se acredita el incorporar panoramas en la ventana y el traer el vitralismo a objetos cotidianos, como las famosas l\u00e1mparas Tiffany.<\/p>\n<p>Durante la Segunda Guerra Mundial, una gran cantidad de vitrales medievales y vidrio de especial importancia fue removido de edificios y puesto en almacenamiento para salvaguardarlo, pero la mayor parte de aquellos que permanecieron en pue fueron destruidos por bombardeos y despu\u00e9s reemplazados por ventanas modernas.<\/p>\n<p>En esta \u00e9poca, las ventanas entran una nueva fase experimental y a finales de los a\u00f1os 50, Matisse se da a la tarea de crear ventanas para una capilla mon\u00e1stica en Vence (Francia). Sus ventanas fueron inspiradas por sus pinturas: pinturas simples, formas simples y colores brillantes.<\/p>\n\t\t\t\t\t\t\t\t<\/div>\n\t\t\t\t<\/div>\n\t\t\t\t<\/div>\n\t\t<div class=\"elementor-element elementor-element-9c5be2c e-con-full e-flex e-con e-child\" data-id=\"9c5be2c\" data-element_type=\"container\" data-e-type=\"container\">\n\t\t\t\t<div class=\"elementor-element elementor-element-3e6693d elementor-widget elementor-widget-image\" data-id=\"3e6693d\" data-element_type=\"widget\" data-e-type=\"widget\" data-widget_type=\"image.default\">\n\t\t\t\t<div class=\"elementor-widget-container\">\n\t\t\t\t\t\t\t\t\t\t\t\t<figure class=\"wp-caption\">\n\t\t\t\t\t\t\t\t\t\t<img loading=\"lazy\" decoding=\"async\" width=\"499\" height=\"669\" src=\"https:\/\/ikostudio.it\/wp-content\/uploads\/2019\/08\/Burn-Jones-Miriam-St-Giles.webp\" class=\"attachment-medium_large size-medium_large wp-image-18117\" alt=\"\" \/>\t\t\t\t\t\t\t\t\t\t\t<figcaption class=\"widget-image-caption wp-caption-text\">Edward Burne-Jones, Miriam (1886) in St.Giles Cathedral. Edinburgh<\/figcaption>\n\t\t\t\t\t\t\t\t\t\t<\/figure>\n\t\t\t\t\t\t\t\t\t<\/div>\n\t\t\t\t<\/div>\n\t\t\t\t<\/div>\n\t\t\t\t<\/div>\n\t\t\t\t<\/div>\n\t\t\t\t\t<\/div>\n\t\t\t\t<\/div>\n\t\t<div class=\"elementor-element elementor-element-f7f146a e-con-full e-flex e-con e-parent\" data-id=\"f7f146a\" data-element_type=\"container\" data-e-type=\"container\">\n\t\t<div class=\"elementor-element elementor-element-dcf9cfe e-con-full e-flex e-con e-child\" data-id=\"dcf9cfe\" data-element_type=\"container\" data-e-type=\"container\" data-settings=\"{&quot;background_background&quot;:&quot;classic&quot;}\">\n\t\t\t\t<div class=\"elementor-element elementor-element-168f6dc elementor-widget elementor-widget-spacer\" data-id=\"168f6dc\" data-element_type=\"widget\" data-e-type=\"widget\" data-widget_type=\"spacer.default\">\n\t\t\t\t<div class=\"elementor-widget-container\">\n\t\t\t\t\t\t\t<div class=\"elementor-spacer\">\n\t\t\t<div class=\"elementor-spacer-inner\"><\/div>\n\t\t<\/div>\n\t\t\t\t\t\t<\/div>\n\t\t\t\t<\/div>\n\t\t\t\t<div class=\"elementor-element elementor-element-e594bc5 elementor-widget elementor-widget-heading\" data-id=\"e594bc5\" data-element_type=\"widget\" data-e-type=\"widget\" data-widget_type=\"heading.default\">\n\t\t\t\t<div class=\"elementor-widget-container\">\n\t\t\t\t\t<h2 class=\"elementor-heading-title elementor-size-default\">Vidrio contempor\u00e1neo<\/h2>\t\t\t\t<\/div>\n\t\t\t\t<\/div>\n\t\t\t\t<div class=\"elementor-element elementor-element-b51cc28 elementor-widget elementor-widget-spacer\" data-id=\"b51cc28\" data-element_type=\"widget\" data-e-type=\"widget\" data-widget_type=\"spacer.default\">\n\t\t\t\t<div class=\"elementor-widget-container\">\n\t\t\t\t\t\t\t<div class=\"elementor-spacer\">\n\t\t\t<div class=\"elementor-spacer-inner\"><\/div>\n\t\t<\/div>\n\t\t\t\t\t\t<\/div>\n\t\t\t\t<\/div>\n\t\t\t\t<\/div>\n\t\t\t\t<\/div>\n\t\t<div class=\"elementor-element elementor-element-84fab1a e-flex e-con-boxed e-con e-parent\" data-id=\"84fab1a\" data-element_type=\"container\" data-e-type=\"container\">\n\t\t\t\t\t<div class=\"e-con-inner\">\n\t\t<div class=\"elementor-element elementor-element-d5e08dc e-con-full e-flex e-con e-child\" data-id=\"d5e08dc\" data-element_type=\"container\" data-e-type=\"container\">\n\t\t<div class=\"elementor-element elementor-element-64c9726 e-con-full e-flex e-con e-child\" data-id=\"64c9726\" data-element_type=\"container\" data-e-type=\"container\">\n\t\t<div class=\"elementor-element elementor-element-8f07427 e-con-full e-flex e-con e-child\" data-id=\"8f07427\" data-element_type=\"container\" data-e-type=\"container\">\n\t\t\t\t<div class=\"elementor-element elementor-element-5116b2b elementor-widget elementor-widget-image\" data-id=\"5116b2b\" data-element_type=\"widget\" data-e-type=\"widget\" data-widget_type=\"image.default\">\n\t\t\t\t<div class=\"elementor-widget-container\">\n\t\t\t\t\t\t\t\t\t\t\t\t<figure class=\"wp-caption\">\n\t\t\t\t\t\t\t\t\t\t<img loading=\"lazy\" decoding=\"async\" width=\"566\" height=\"484\" src=\"https:\/\/ikostudio.it\/wp-content\/uploads\/2019\/08\/Matisse-Star.webp\" class=\"attachment-medium_large size-medium_large wp-image-18071\" alt=\"\" \/>\t\t\t\t\t\t\t\t\t\t\t<figcaption class=\"widget-image-caption wp-caption-text\"><\/figcaption>\n\t\t\t\t\t\t\t\t\t\t<\/figure>\n\t\t\t\t\t\t\t\t\t<\/div>\n\t\t\t\t<\/div>\n\t\t\t\t<div class=\"elementor-element elementor-element-291b95e elementor-widget elementor-widget-image\" data-id=\"291b95e\" data-element_type=\"widget\" data-e-type=\"widget\" data-widget_type=\"image.default\">\n\t\t\t\t<div class=\"elementor-widget-container\">\n\t\t\t\t\t\t\t\t\t\t\t\t\t\t\t<img loading=\"lazy\" decoding=\"async\" width=\"500\" height=\"423\" src=\"https:\/\/ikostudio.it\/wp-content\/uploads\/2019\/09\/Venetian-Mask.webp\" class=\"attachment-large size-large wp-image-18329\" alt=\"\" \/>\t\t\t\t\t\t\t\t\t\t\t\t\t\t\t<\/div>\n\t\t\t\t<\/div>\n\t\t\t\t<div class=\"elementor-element elementor-element-b6159ab elementor-widget elementor-widget-image\" data-id=\"b6159ab\" data-element_type=\"widget\" data-e-type=\"widget\" data-widget_type=\"image.default\">\n\t\t\t\t<div class=\"elementor-widget-container\">\n\t\t\t\t\t\t\t\t\t\t\t\t<figure class=\"wp-caption\">\n\t\t\t\t\t\t\t\t\t\t<img loading=\"lazy\" decoding=\"async\" width=\"446\" height=\"533\" src=\"https:\/\/ikostudio.it\/wp-content\/uploads\/2019\/08\/Sagra-Famiglia-2.webp\" class=\"attachment-large size-large wp-image-18104\" alt=\"La Sagrada Familia, Barcelona\" \/>\t\t\t\t\t\t\t\t\t\t\t<figcaption class=\"widget-image-caption wp-caption-text\"><\/figcaption>\n\t\t\t\t\t\t\t\t\t\t<\/figure>\n\t\t\t\t\t\t\t\t\t<\/div>\n\t\t\t\t<\/div>\n\t\t\t\t<div class=\"elementor-element elementor-element-dfd715c elementor-widget elementor-widget-image\" data-id=\"dfd715c\" data-element_type=\"widget\" data-e-type=\"widget\" data-widget_type=\"image.default\">\n\t\t\t\t<div class=\"elementor-widget-container\">\n\t\t\t\t\t\t\t\t\t\t\t\t<figure class=\"wp-caption\">\n\t\t\t\t\t\t\t\t\t\t<img loading=\"lazy\" decoding=\"async\" width=\"323\" height=\"500\" src=\"https:\/\/ikostudio.it\/wp-content\/uploads\/2019\/08\/Brian-Clarke-1987.jpg\" class=\"attachment-large size-large wp-image-51\" alt=\"Brian Clarke 1987\" srcset=\"https:\/\/ikostudio.it\/wp-content\/uploads\/2019\/08\/Brian-Clarke-1987.jpg 323w, https:\/\/ikostudio.it\/wp-content\/uploads\/2019\/08\/Brian-Clarke-1987-194x300.jpg 194w\" sizes=\"(max-width: 323px) 100vw, 323px\" \/>\t\t\t\t\t\t\t\t\t\t\t<figcaption class=\"widget-image-caption wp-caption-text\">Brian Clarke 1987<\/figcaption>\n\t\t\t\t\t\t\t\t\t\t<\/figure>\n\t\t\t\t\t\t\t\t\t<\/div>\n\t\t\t\t<\/div>\n\t\t\t\t<\/div>\n\t\t<div class=\"elementor-element elementor-element-94c5bff e-con-full e-flex e-con e-child\" data-id=\"94c5bff\" data-element_type=\"container\" data-e-type=\"container\">\n\t\t\t\t<div class=\"elementor-element elementor-element-901107f elementor-widget elementor-widget-text-editor\" data-id=\"901107f\" data-element_type=\"widget\" data-e-type=\"widget\" data-widget_type=\"text-editor.default\">\n\t\t\t\t<div class=\"elementor-widget-container\">\n\t\t\t\t\t\t\t\t\t<p>El vitral, en a\u00f1os recientes, ha pasado por una renovaci\u00f3n m\u00e1s. Todas las reglas se han hecho a un lado y el vidrio se ha pasado a ver como un filtro de luz, suaviz\u00e1ndola y d\u00e1ndole color con pigmentos que son solo posibles gracias a la qu\u00edmica moderna. El vidrio se ha insertado org\u00e1nicamente en edificios contempor\u00e1neos y modernos, incluyendo edificios p\u00fablicos, donde el acero y concreto reforzado soportan estructuras dejando grandes vac\u00edos que son cubiertos con vidrio te\u00f1ido.<br \/>\nEn casos como estos el vidrio se convierte en un enlace entre el interior y el exterior del edificio. Abriendo la puerta a formas abstractas y nuevos efectos de pintura que no tienen relaci\u00f3n con los estilos descritos anteriormente.<\/p>\n<p>Un sobresaliente artista de vitral contempor\u00e1neo es el americano Ed Carpenter. \u00c9l ha revolucionado el arte del vitral y sus trabajos tienen un poderoso impacto visual. Sus dise\u00f1os de circuitos, a veces resemblando computadoras, no le dan un rol pasivo a la luz del sol, sino que el vidrio act\u00faa como un prisma, proyectando patrones y reflejos inesperados en las paredes y el piso que rodean la ventana.<\/p>\n<p>El artista ingl\u00e9s Brian Clarke, con sus repetidas formas geom\u00e9tricas y colores brillantes y aleatorios es tambi\u00e9n de notar. Dentro de sus obras m\u00e1s importantes esta la cubierta del Victoria Quarter in Leeds (Inglaterra), m\u00e1s de setecientos metros cuadrados divididos en cuadros y formas irregulares, tienen sus l\u00edneas rotas por la geometr\u00eda regular de las l\u00e1minas de vidrio.<br \/>\nRecomiendo visitar el\u00a0<a href=\"https:\/\/stainedglassmuseum.com\/\" target=\"_blank\" rel=\"noopener\">Museo de Vitrales en la Catedral de Ely<\/a>\u00a0(Cambridge, Inglaterra), donde artistas y obras est\u00e1n expuestas en orden cronol\u00f3gico y el blog Vitrosity que ofrece excelentes art\u00edculos sobre vitrales contempor\u00e1neos.<\/p>\n<p>E&#8217; da nominare senza dubbio l&#8217;artista americano Ed Carpenter, un artista che rivoluziona il concetto stesso della vetrata artistica, le sue opere sono di grandissimo impatto visivo, la luce del cielo e del sole non giocano pi\u00f9 come prima passivamente sul&#8217;effetto dell&#8217;opera ma prismi di vetro disegnano inaspettati riflessi su pavimenti e muri circostanti, designs ricordano spesso circuiti di computers.<\/p>\n<p>E&#8217; da ricordare anche di questo periodo l&#8217;artista inglese <a href=\"http:\/\/www.brianclarke.co.uk\/\" target=\"_blank\" rel=\"noopener noreferrer\">Brian Clarke<\/a>, le sue opere sono spesso caratterizzate da forme geometriche spesso ripetute, in ordine casuale dai colori vivaci. Fra le sue pi\u00f9 importanti opere la copertura per il Victoria quarter a Leeds (UK) pi\u00f9 di settecento metri quadri suddivisi in riquadri colorati dove linee e forme irregolari interrompono la regolare geometria delle lastre di vetro.\u00a0Come link utili per la storia della vetrata artistica suggerisco di visitare il museo della vetrata artistica della <a href=\"http:\/\/www.stainedglassmuseum.com\/\" target=\"_blank\" rel=\"noopener noreferrer\">cattedrale di Ely<\/a> (Inghilterra) dove gli artisti e le opere sono classificate secondo le epoche di appartenenza e <a href=\"http:\/\/www.krepcio.com\/vitreosity\/\" target=\"_blank\" rel=\"noopener noreferrer\">Vitreosity<\/a> un blog aggiornato sulla vetrata contemporanea.<\/p>\n\t\t\t\t\t\t\t\t<\/div>\n\t\t\t\t<\/div>\n\t\t\t\t<\/div>\n\t\t\t\t<\/div>\n\t\t\t\t<div class=\"elementor-element elementor-element-2803150 elementor-widget elementor-widget-spacer\" data-id=\"2803150\" data-element_type=\"widget\" data-e-type=\"widget\" data-widget_type=\"spacer.default\">\n\t\t\t\t<div class=\"elementor-widget-container\">\n\t\t\t\t\t\t\t<div class=\"elementor-spacer\">\n\t\t\t<div class=\"elementor-spacer-inner\"><\/div>\n\t\t<\/div>\n\t\t\t\t\t\t<\/div>\n\t\t\t\t<\/div>\n\t\t\t\t<\/div>\n\t\t\t\t\t<\/div>\n\t\t\t\t<\/div>\n\t\t\t\t<\/div>\n\t\t","protected":false},"excerpt":{"rendered":"<p>La historia del vitral art\u00edstico Una breve historia del vitralismo desde la antig\u00fcedad hasta lo contempor\u00e1neo &#8211; por Diego Tolomelli Vidrio en civilizaciones antiguas Las rocas v\u00edtreas ya se utilizaban en \u00e9pocas primitivas; se recog\u00edan en la naturaleza, especialmente en zonas volc\u00e1nicas, y se romp\u00edan en formas \u00fatiles para fabricar las primeras herramientas de trabajo [&hellip;]<\/p>\n","protected":false},"author":3,"featured_media":51,"parent":0,"menu_order":0,"comment_status":"closed","ping_status":"closed","template":"elementor_header_footer","meta":{"footnotes":""},"class_list":["post-1338","page","type-page","status-publish","has-post-thumbnail","hentry"],"_links":{"self":[{"href":"https:\/\/ikostudio.it\/es\/wp-json\/wp\/v2\/pages\/1338","targetHints":{"allow":["GET"]}}],"collection":[{"href":"https:\/\/ikostudio.it\/es\/wp-json\/wp\/v2\/pages"}],"about":[{"href":"https:\/\/ikostudio.it\/es\/wp-json\/wp\/v2\/types\/page"}],"author":[{"embeddable":true,"href":"https:\/\/ikostudio.it\/es\/wp-json\/wp\/v2\/users\/3"}],"replies":[{"embeddable":true,"href":"https:\/\/ikostudio.it\/es\/wp-json\/wp\/v2\/comments?post=1338"}],"version-history":[{"count":0,"href":"https:\/\/ikostudio.it\/es\/wp-json\/wp\/v2\/pages\/1338\/revisions"}],"wp:featuredmedia":[{"embeddable":true,"href":"https:\/\/ikostudio.it\/es\/wp-json\/wp\/v2\/media\/51"}],"wp:attachment":[{"href":"https:\/\/ikostudio.it\/es\/wp-json\/wp\/v2\/media?parent=1338"}],"curies":[{"name":"wp","href":"https:\/\/api.w.org\/{rel}","templated":true}]}}