{"id":1337,"date":"2019-01-30T00:00:00","date_gmt":"2019-01-30T00:00:00","guid":{"rendered":"http:\/\/ikostudio.it\/index.php\/blog\/"},"modified":"2024-11-01T11:21:28","modified_gmt":"2024-11-01T11:21:28","slug":"blog","status":"publish","type":"page","link":"https:\/\/ikostudio.it\/es\/blog\/","title":{"rendered":"Blog"},"content":{"rendered":"\t\t<div data-elementor-type=\"wp-post\" data-elementor-id=\"1337\" class=\"elementor elementor-1337 elementor-876\" data-elementor-post-type=\"page\">\n\t\t\t\t<div class=\"elementor-element elementor-element-e413031 e-flex e-con-boxed e-con e-parent\" data-id=\"e413031\" data-element_type=\"container\" data-e-type=\"container\" data-settings=\"{&quot;background_background&quot;:&quot;classic&quot;}\">\n\t\t\t\t\t<div class=\"e-con-inner\">\n\t\t<div class=\"elementor-element elementor-element-f6997cf e-con-full e-flex e-con e-child\" data-id=\"f6997cf\" data-element_type=\"container\" data-e-type=\"container\">\n\t\t\t\t<div class=\"elementor-element elementor-element-133f620 uael-post__link-complete-yes uael-posts-thumbnail-ratio elementor-widget elementor-widget-uael-posts\" data-id=\"133f620\" data-element_type=\"widget\" data-e-type=\"widget\" data-settings=\"{&quot;card_slides_to_show&quot;:4,&quot;card_slides_to_show_tablet&quot;:2,&quot;card_slides_to_show_mobile&quot;:1}\" data-widget_type=\"uael-posts.card\">\n\t\t\t\t<div class=\"elementor-widget-container\">\n\t\t\t\t\t\t\t<div class=\"uael-post__header\">\n\t\t\t\t\t<\/div>\n\t\t<div class=\"uael-post__body\">\n\t\t\t\n\t\t\n\t\t<div class=\"uael-post-grid uael-posts uael-post_structure-featured uael-featured_post_structure-stack\" data-query-type=\"custom\" data-structure=\"featured\" data-layout=\"\" data-page=\"1337\" data-skin=\"card\" data-filter-default=\"\" data-offset-top=\"30\" >\n\n\t\t\t\t\t\t\t<div class=\"uael-post-grid__inner uael-post__columns-4 uael-post__columns-tablet-2 uael-post__columns-mobile-1 uael-post-infinite-scroll uael-post-infinite__event-scroll\">\n\t\t\t\n<div class=\"uael-post-wrapper  uael-post-wrapper-featured blog-di-vetrate-artistiche \">\n\t<div class=\"uael-post__bg-wrap\">\n\n\t\t\t\t\t<a href=\"https:\/\/ikostudio.it\/es\/vidrieras-sagradas-para-los-monjes-benedictinos-de-nursia\/\" target=\"_blank\" class=\"uael-post__complete-box-overlay\" aria-label=\"Caja de enlace completa\"><\/a>\n\t\t\t\t\n\t\t<div class=\"uael-post__inner-wrap \">\n\n\t\t\t\t<div class=\"uael-post__thumbnail\">\n\t\t\t\n\t\t\t<a href=\"https:\/\/ikostudio.it\/es\/vidrieras-sagradas-para-los-monjes-benedictinos-de-nursia\/\" target=\"_blank\" title=\"Vidrieras Sagradas para los Monjes Benedictinos de Nursia\"><img fetchpriority=\"high\" decoding=\"async\" width=\"980\" height=\"350\" src=\"https:\/\/ikostudio.it\/wp-content\/uploads\/2019\/08\/Vetrate-Monaci-Benedettini-di-Norcia.webp\" class=\"attachment-full size-full wp-image-2207\" alt=\"Vidrieras Sagradas para los Monjes Benedictinos de Nursia\" \/><\/a>\n\t\t\t\t\t<\/div>\n\t\t\n\t\t\t\n\t\t\t<div class=\"uael-post__content-wrap\">\n\n\t\t\t\t\t<h4 class=\"uael-post__title\">\n\n\t\t\n\t\t\t\t\t\t<a href=\"https:\/\/ikostudio.it\/es\/vidrieras-sagradas-para-los-monjes-benedictinos-de-nursia\/\" target=\"_self\">\n\t\t\t\tVidrieras Sagradas para los Monjes Benedictinos de Nursia\t\t\t<\/a>\n\n\t\t\t\t<\/h4>\n\t\t\n\t\t<div class=\"uael-post__meta-data\">\n\n\t\t\t\t<span class=\"uael-post__date\">\n\t\t\t\t\t\t\t\t\t\t\t\t\t<svg aria-hidden=\"true\" class=\"e-font-icon-svg e-fa-calendar\" viewBox=\"0 0 448 512\" xmlns=\"http:\/\/www.w3.org\/2000\/svg\"><path d=\"M12 192h424c6.6 0 12 5.4 12 12v260c0 26.5-21.5 48-48 48H48c-26.5 0-48-21.5-48-48V204c0-6.6 5.4-12 12-12zm436-44v-36c0-26.5-21.5-48-48-48h-48V12c0-6.6-5.4-12-12-12h-40c-6.6 0-12 5.4-12 12v52H160V12c0-6.6-5.4-12-12-12h-40c-6.6 0-12 5.4-12 12v52H48C21.5 64 0 85.5 0 112v36c0 6.6 5.4 12 12 12h424c6.6 0 12-5.4 12-12z\"><\/path><\/svg>\t\t\t\t\t\t\t\t\t\n\t\t\t20 de enero de 2025\t\t<\/span>\n\t\t<span class=\"uael-post__terms-meta uael-post__terms-meta-tag\"><svg aria-hidden=\"true\" class=\"e-font-icon-svg e-fas-tag\" viewBox=\"0 0 512 512\" xmlns=\"http:\/\/www.w3.org\/2000\/svg\"><path d=\"M0 252.118V48C0 21.49 21.49 0 48 0h204.118a48 48 0 0 1 33.941 14.059l211.882 211.882c18.745 18.745 18.745 49.137 0 67.882L293.823 497.941c-18.745 18.745-49.137 18.745-67.882 0L14.059 286.059A48 48 0 0 1 0 252.118zM112 64c-26.51 0-48 21.49-48 48s21.49 48 48 48 48-21.49 48-48-21.49-48-48-48z\"><\/path><\/svg> <a href=\"https:\/\/ikostudio.it\/es\/tag\/monjes-benedictinos-de-nursia\/\" class=\"uael-listing__terms-link\" id=\"uael-post-term-monjes-benedictinos-de-nursia\" aria-labelledby=\"uael-post-term-monjes-benedictinos-de-nursia\">Monjes Benedictinos de Nursia<\/a> <a href=\"https:\/\/ikostudio.it\/es\/tag\/nuevo-vitral\/\" class=\"uael-listing__terms-link\" id=\"uael-post-term-nuevo-vitral\" aria-labelledby=\"uael-post-term-nuevo-vitral\">Nuevo vitral<\/a><\/span>\n\t\t<\/div>\n\n\t\t<div class=\"uael-post__separator\"><\/div>\t\t<div class=\"uael-post__excerpt\">\n\t\t\t<p>Vidrieras Sagradas para los Monjes Benedictinos de Nursia IKO Studio tuvo el honor de recibir uno de los encargos m\u00e1s prestigiosos desde su fundaci\u00f3n: la &#8230;<\/p>\n\t\t<\/div>\n\t\t\t\t\t<a class=\"uael-post__read-more elementor-button\" href=\"https:\/\/ikostudio.it\/es\/vidrieras-sagradas-para-los-monjes-benedictinos-de-nursia\/\" target=\"_self\" aria-labelledby=\"uael-post-29131\">\n\t\t\t\t\t<span class=\"elementor-button-content-wrapper\">\n\t\t\t\t\t\t\t\t\t\t\t\t\t\t<span class=\"elementor-button-icon elementor-align-icon-right\">\n\n\t\t\t\t\t\t\t\t\t\t\t\t\t\t\t\t\t\t\t<i class=\"fa fa-arrow-right\" aria-hidden=\"true\"><\/i>\n\t\t\t\t\t\t\t\t\t\n\t\t\t\t\t\t\t\t<\/span>\n\t\t\t\t\t\t\t\t\t\t\t\t\t\n\t\t\t\t\t\t<span class=\"elementor-button-text\" id=uael-post-29131>Leer m\u00e1s \u2192<\/span>\n\t\t\t\t\t<\/span>\n\t\t\t\t<\/a>\n\t\t\t\t\t\t<\/div>\n\t\t\t\n\t\t<\/div>\n\t\t\n\t<\/div>\n\n<\/div>\n\n<div class=\"uael-post-wrapper   blog-di-vetrate-artistiche \">\n\t<div class=\"uael-post__bg-wrap\">\n\n\t\t\t\t\t<a href=\"https:\/\/ikostudio.it\/es\/vitrales-para-capillas-de-cementerio\/\" target=\"_blank\" class=\"uael-post__complete-box-overlay\" aria-label=\"Caja de enlace completa\"><\/a>\n\t\t\t\t\n\t\t<div class=\"uael-post__inner-wrap \">\n\n\t\t\t\t<div class=\"uael-post__thumbnail\">\n\t\t\t\n\t\t\t<a href=\"https:\/\/ikostudio.it\/es\/vitrales-para-capillas-de-cementerio\/\" target=\"_blank\" title=\"Vitrales para Capillas de Cementerio\"><img decoding=\"async\" width=\"980\" height=\"458\" src=\"https:\/\/ikostudio.it\/wp-content\/uploads\/2019\/08\/Cappelle-Cimiteriali.webp\" class=\"attachment-full size-full wp-image-2349\" alt=\"Cappelle Cimiteriali\" \/><\/a>\n\t\t\t\t\t<\/div>\n\t\t\n\t\t\t\n\t\t\t<div class=\"uael-post__content-wrap\">\n\n\t\t\t\t\t<h4 class=\"uael-post__title\">\n\n\t\t\n\t\t\t\t\t\t<a href=\"https:\/\/ikostudio.it\/es\/vitrales-para-capillas-de-cementerio\/\" target=\"_self\">\n\t\t\t\tVitrales para Capillas de Cementerio\t\t\t<\/a>\n\n\t\t\t\t<\/h4>\n\t\t\t\t\t<div class=\"uael-post__meta-data\">\n\t\t\t\t\t<span class=\"uael-post__date\">\n\t\t\t\t\t\t\t\t\t\t\t\t\t<svg aria-hidden=\"true\" class=\"e-font-icon-svg e-fa-calendar\" viewBox=\"0 0 448 512\" xmlns=\"http:\/\/www.w3.org\/2000\/svg\"><path d=\"M12 192h424c6.6 0 12 5.4 12 12v260c0 26.5-21.5 48-48 48H48c-26.5 0-48-21.5-48-48V204c0-6.6 5.4-12 12-12zm436-44v-36c0-26.5-21.5-48-48-48h-48V12c0-6.6-5.4-12-12-12h-40c-6.6 0-12 5.4-12 12v52H160V12c0-6.6-5.4-12-12-12h-40c-6.6 0-12 5.4-12 12v52H48C21.5 64 0 85.5 0 112v36c0 6.6 5.4 12 12 12h424c6.6 0 12-5.4 12-12z\"><\/path><\/svg>\t\t\t\t\t\t\t\t\t\n\t\t\t18 de enero de 2025\t\t<\/span>\n\t\t<span class=\"uael-post__terms-meta uael-post__terms-meta-tag\"><svg aria-hidden=\"true\" class=\"e-font-icon-svg e-fas-tag\" viewBox=\"0 0 512 512\" xmlns=\"http:\/\/www.w3.org\/2000\/svg\"><path d=\"M0 252.118V48C0 21.49 21.49 0 48 0h204.118a48 48 0 0 1 33.941 14.059l211.882 211.882c18.745 18.745 18.745 49.137 0 67.882L293.823 497.941c-18.745 18.745-49.137 18.745-67.882 0L14.059 286.059A48 48 0 0 1 0 252.118zM112 64c-26.51 0-48 21.49-48 48s21.49 48 48 48 48-21.49 48-48-21.49-48-48-48z\"><\/path><\/svg> <a href=\"https:\/\/ikostudio.it\/es\/tag\/arte-sagrado\/\" class=\"uael-listing__terms-link\" id=\"uael-post-term-arte-sagrado\" aria-labelledby=\"uael-post-term-arte-sagrado\">Arte sagrado<\/a> <a href=\"https:\/\/ikostudio.it\/es\/tag\/vitral-sagrado\/\" class=\"uael-listing__terms-link\" id=\"uael-post-term-vitral-sagrado\" aria-labelledby=\"uael-post-term-vitral-sagrado\">vitral sagrado<\/a><\/span>\t\t<\/div>\n\t\t<div class=\"uael-post__separator\"><\/div>\n\t\t<div class=\"uael-post__excerpt\">\n\t\t\tVitrales para Capillas de Cementerio IKO Studio presenta una p\u00e1gina dedicada a los vitrales para capillas de cementerio. Estas capillas, tambi\u00e9n conocidas como mausoleos familiares ...\t\t<\/div>\n\n\t\t\t\t\t<a class=\"uael-post__read-more elementor-button\" href=\"https:\/\/ikostudio.it\/es\/vitrales-para-capillas-de-cementerio\/\" target=\"_self\" aria-labelledby=\"uael-post-29024\">\n\t\t\t\t\t<span class=\"elementor-button-content-wrapper\">\n\t\t\t\t\t\t\t\t\t\t\t\t\t\t<span class=\"elementor-button-icon elementor-align-icon-right\">\n\n\t\t\t\t\t\t\t\t\t\t\t\t\t\t\t\t\t\t\t<i class=\"fa fa-arrow-right\" aria-hidden=\"true\"><\/i>\n\t\t\t\t\t\t\t\t\t\n\t\t\t\t\t\t\t\t<\/span>\n\t\t\t\t\t\t\t\t\t\t\t\t\t\n\t\t\t\t\t\t<span class=\"elementor-button-text\" id=uael-post-29024>Leer m\u00e1s \u2192<\/span>\n\t\t\t\t\t<\/span>\n\t\t\t\t<\/a>\n\t\t\t\t\t\t<\/div>\n\t\t\t\n\t\t<\/div>\n\t\t\n\t<\/div>\n\n<\/div>\n\n<div class=\"uael-post-wrapper   sin-categorizar \">\n\t<div class=\"uael-post__bg-wrap\">\n\n\t\t\t\t\t<a href=\"https:\/\/ikostudio.it\/es\/cursos-de-vidrieras-de-2024\/\" target=\"_blank\" class=\"uael-post__complete-box-overlay\" aria-label=\"Caja de enlace completa\"><\/a>\n\t\t\t\t\n\t\t<div class=\"uael-post__inner-wrap \">\n\n\t\t\t\t<div class=\"uael-post__thumbnail\">\n\t\t\t\n\t\t\t<a href=\"https:\/\/ikostudio.it\/es\/cursos-de-vidrieras-de-2024\/\" target=\"_blank\" title=\"Cursos de vidrieras de 2024\"><img decoding=\"async\" width=\"980\" height=\"363\" src=\"https:\/\/ikostudio.it\/wp-content\/uploads\/2025\/01\/Corsi-Di-Vetrate-Artistiche-del-2024-1.webp\" class=\"attachment-full size-full wp-image-28760\" alt=\"Cursos de Vidrieras de 2024\" \/><\/a>\n\t\t\t\t\t<\/div>\n\t\t\n\t\t\t\n\t\t\t<div class=\"uael-post__content-wrap\">\n\n\t\t\t\t\t<h4 class=\"uael-post__title\">\n\n\t\t\n\t\t\t\t\t\t<a href=\"https:\/\/ikostudio.it\/es\/cursos-de-vidrieras-de-2024\/\" target=\"_self\">\n\t\t\t\tCursos de vidrieras de 2024\t\t\t<\/a>\n\n\t\t\t\t<\/h4>\n\t\t\t\t\t<div class=\"uael-post__meta-data\">\n\t\t\t\t\t<span class=\"uael-post__date\">\n\t\t\t\t\t\t\t\t\t\t\t\t\t<svg aria-hidden=\"true\" class=\"e-font-icon-svg e-fa-calendar\" viewBox=\"0 0 448 512\" xmlns=\"http:\/\/www.w3.org\/2000\/svg\"><path d=\"M12 192h424c6.6 0 12 5.4 12 12v260c0 26.5-21.5 48-48 48H48c-26.5 0-48-21.5-48-48V204c0-6.6 5.4-12 12-12zm436-44v-36c0-26.5-21.5-48-48-48h-48V12c0-6.6-5.4-12-12-12h-40c-6.6 0-12 5.4-12 12v52H160V12c0-6.6-5.4-12-12-12h-40c-6.6 0-12 5.4-12 12v52H48C21.5 64 0 85.5 0 112v36c0 6.6 5.4 12 12 12h424c6.6 0 12-5.4 12-12z\"><\/path><\/svg>\t\t\t\t\t\t\t\t\t\n\t\t\t8 de enero de 2025\t\t<\/span>\n\t\t\t\t<\/div>\n\t\t<div class=\"uael-post__separator\"><\/div>\n\t\t<div class=\"uael-post__excerpt\">\n\t\t\tCursos de vidrieras 2024: un a\u00f1o de creatividad e intercambio Decidimos crear este art\u00edculo especial dedicado a los cursos de vidrieras de 2024 para poder ...\t\t<\/div>\n\n\t\t\t\t\t<a class=\"uael-post__read-more elementor-button\" href=\"https:\/\/ikostudio.it\/es\/cursos-de-vidrieras-de-2024\/\" target=\"_self\" aria-labelledby=\"uael-post-28773\">\n\t\t\t\t\t<span class=\"elementor-button-content-wrapper\">\n\t\t\t\t\t\t\t\t\t\t\t\t\t\t<span class=\"elementor-button-icon elementor-align-icon-right\">\n\n\t\t\t\t\t\t\t\t\t\t\t\t\t\t\t\t\t\t\t<i class=\"fa fa-arrow-right\" aria-hidden=\"true\"><\/i>\n\t\t\t\t\t\t\t\t\t\n\t\t\t\t\t\t\t\t<\/span>\n\t\t\t\t\t\t\t\t\t\t\t\t\t\n\t\t\t\t\t\t<span class=\"elementor-button-text\" id=uael-post-28773>Leer m\u00e1s \u2192<\/span>\n\t\t\t\t\t<\/span>\n\t\t\t\t<\/a>\n\t\t\t\t\t\t<\/div>\n\t\t\t\n\t\t<\/div>\n\t\t\n\t<\/div>\n\n<\/div>\n\n<div class=\"uael-post-wrapper   blog-di-vetrate-artistiche sin-categorizar \">\n\t<div class=\"uael-post__bg-wrap\">\n\n\t\t\t\t\t<a href=\"https:\/\/ikostudio.it\/es\/puerta-corredera-de-madera-con-vidriera-artistica\/\" target=\"_blank\" class=\"uael-post__complete-box-overlay\" aria-label=\"Caja de enlace completa\"><\/a>\n\t\t\t\t\n\t\t<div class=\"uael-post__inner-wrap \">\n\n\t\t\t\t<div class=\"uael-post__thumbnail\">\n\t\t\t\n\t\t\t<a href=\"https:\/\/ikostudio.it\/es\/puerta-corredera-de-madera-con-vidriera-artistica\/\" target=\"_blank\" title=\"Puerta Corredera de Madera con Vidriera Art\u00edstica\"><img loading=\"lazy\" decoding=\"async\" width=\"980\" height=\"736\" src=\"https:\/\/ikostudio.it\/wp-content\/uploads\/2025\/01\/Vetrata-Artistica-Con-Rose-Antiche.webp\" class=\"attachment-full size-full wp-image-28619\" alt=\"Vidriera art\u00edstica con rosas antiguas\" \/><\/a>\n\t\t\t\t\t<\/div>\n\t\t\n\t\t\t\n\t\t\t<div class=\"uael-post__content-wrap\">\n\n\t\t\t\t\t<h4 class=\"uael-post__title\">\n\n\t\t\n\t\t\t\t\t\t<a href=\"https:\/\/ikostudio.it\/es\/puerta-corredera-de-madera-con-vidriera-artistica\/\" target=\"_self\">\n\t\t\t\tPuerta Corredera de Madera con Vidriera Art\u00edstica\t\t\t<\/a>\n\n\t\t\t\t<\/h4>\n\t\t\t\t\t<div class=\"uael-post__meta-data\">\n\t\t\t\t\t<span class=\"uael-post__date\">\n\t\t\t\t\t\t\t\t\t\t\t\t\t<svg aria-hidden=\"true\" class=\"e-font-icon-svg e-fa-calendar\" viewBox=\"0 0 448 512\" xmlns=\"http:\/\/www.w3.org\/2000\/svg\"><path d=\"M12 192h424c6.6 0 12 5.4 12 12v260c0 26.5-21.5 48-48 48H48c-26.5 0-48-21.5-48-48V204c0-6.6 5.4-12 12-12zm436-44v-36c0-26.5-21.5-48-48-48h-48V12c0-6.6-5.4-12-12-12h-40c-6.6 0-12 5.4-12 12v52H160V12c0-6.6-5.4-12-12-12h-40c-6.6 0-12 5.4-12 12v52H48C21.5 64 0 85.5 0 112v36c0 6.6 5.4 12 12 12h424c6.6 0 12-5.4 12-12z\"><\/path><\/svg>\t\t\t\t\t\t\t\t\t\n\t\t\t2 de enero de 2025\t\t<\/span>\n\t\t<span class=\"uael-post__terms-meta uael-post__terms-meta-tag\"><svg aria-hidden=\"true\" class=\"e-font-icon-svg e-fas-tag\" viewBox=\"0 0 512 512\" xmlns=\"http:\/\/www.w3.org\/2000\/svg\"><path d=\"M0 252.118V48C0 21.49 21.49 0 48 0h204.118a48 48 0 0 1 33.941 14.059l211.882 211.882c18.745 18.745 18.745 49.137 0 67.882L293.823 497.941c-18.745 18.745-49.137 18.745-67.882 0L14.059 286.059A48 48 0 0 1 0 252.118zM112 64c-26.51 0-48 21.49-48 48s21.49 48 48 48 48-21.49 48-48-21.49-48-48-48z\"><\/path><\/svg> <a href=\"https:\/\/ikostudio.it\/es\/tag\/puerta\/\" class=\"uael-listing__terms-link\" id=\"uael-post-term-puerta\" aria-labelledby=\"uael-post-term-puerta\">Puerta<\/a><\/span>\t\t<\/div>\n\t\t<div class=\"uael-post__separator\"><\/div>\n\t\t<div class=\"uael-post__excerpt\">\n\t\t\tPuerta Corredera de Madera con Vidriera Art\u00edstica:\u00a0Elegancia a Medida para tus Interiores En nuestro taller en Bolsena, dise\u00f1amos y fabricamos una magn\u00edfica puerta corredera de ...\t\t<\/div>\n\n\t\t\t\t\t<a class=\"uael-post__read-more elementor-button\" href=\"https:\/\/ikostudio.it\/es\/puerta-corredera-de-madera-con-vidriera-artistica\/\" target=\"_self\" aria-labelledby=\"uael-post-28648\">\n\t\t\t\t\t<span class=\"elementor-button-content-wrapper\">\n\t\t\t\t\t\t\t\t\t\t\t\t\t\t<span class=\"elementor-button-icon elementor-align-icon-right\">\n\n\t\t\t\t\t\t\t\t\t\t\t\t\t\t\t\t\t\t\t<i class=\"fa fa-arrow-right\" aria-hidden=\"true\"><\/i>\n\t\t\t\t\t\t\t\t\t\n\t\t\t\t\t\t\t\t<\/span>\n\t\t\t\t\t\t\t\t\t\t\t\t\t\n\t\t\t\t\t\t<span class=\"elementor-button-text\" id=uael-post-28648>Leer m\u00e1s \u2192<\/span>\n\t\t\t\t\t<\/span>\n\t\t\t\t<\/a>\n\t\t\t\t\t\t<\/div>\n\t\t\t\n\t\t<\/div>\n\t\t\n\t<\/div>\n\n<\/div>\n\n<div class=\"uael-post-wrapper   blog-di-vetrate-artistiche \">\n\t<div class=\"uael-post__bg-wrap\">\n\n\t\t\t\t\t<a href=\"https:\/\/ikostudio.it\/es\/vidrieras-de-la-cartuja-de-pavia\/\" target=\"_blank\" class=\"uael-post__complete-box-overlay\" aria-label=\"Caja de enlace completa\"><\/a>\n\t\t\t\t\n\t\t<div class=\"uael-post__inner-wrap \">\n\n\t\t\t\t<div class=\"uael-post__thumbnail\">\n\t\t\t\n\t\t\t<a href=\"https:\/\/ikostudio.it\/es\/vidrieras-de-la-cartuja-de-pavia\/\" target=\"_blank\" title=\"Vidrieras de la Cartuja de Pav\u00eda\"><img loading=\"lazy\" decoding=\"async\" width=\"960\" height=\"638\" src=\"https:\/\/ikostudio.it\/wp-content\/uploads\/2019\/08\/Vetrate-della-Certosa-di-Pavia-Facciata.webp\" class=\"attachment-full size-full wp-image-1994\" alt=\"Vetrate della Certosa di Pavia Facciata\" \/><\/a>\n\t\t\t\t\t<\/div>\n\t\t\n\t\t\t\n\t\t\t<div class=\"uael-post__content-wrap\">\n\n\t\t\t\t\t<h4 class=\"uael-post__title\">\n\n\t\t\n\t\t\t\t\t\t<a href=\"https:\/\/ikostudio.it\/es\/vidrieras-de-la-cartuja-de-pavia\/\" target=\"_self\">\n\t\t\t\tVidrieras de la Cartuja de Pav\u00eda\t\t\t<\/a>\n\n\t\t\t\t<\/h4>\n\t\t\t\t\t<div class=\"uael-post__meta-data\">\n\t\t\t\t\t<span class=\"uael-post__date\">\n\t\t\t\t\t\t\t\t\t\t\t\t\t<svg aria-hidden=\"true\" class=\"e-font-icon-svg e-fa-calendar\" viewBox=\"0 0 448 512\" xmlns=\"http:\/\/www.w3.org\/2000\/svg\"><path d=\"M12 192h424c6.6 0 12 5.4 12 12v260c0 26.5-21.5 48-48 48H48c-26.5 0-48-21.5-48-48V204c0-6.6 5.4-12 12-12zm436-44v-36c0-26.5-21.5-48-48-48h-48V12c0-6.6-5.4-12-12-12h-40c-6.6 0-12 5.4-12 12v52H160V12c0-6.6-5.4-12-12-12h-40c-6.6 0-12 5.4-12 12v52H48C21.5 64 0 85.5 0 112v36c0 6.6 5.4 12 12 12h424c6.6 0 12-5.4 12-12z\"><\/path><\/svg>\t\t\t\t\t\t\t\t\t\n\t\t\t22 de diciembre de 2024\t\t<\/span>\n\t\t<span class=\"uael-post__terms-meta uael-post__terms-meta-tag\"><svg aria-hidden=\"true\" class=\"e-font-icon-svg e-fas-tag\" viewBox=\"0 0 512 512\" xmlns=\"http:\/\/www.w3.org\/2000\/svg\"><path d=\"M0 252.118V48C0 21.49 21.49 0 48 0h204.118a48 48 0 0 1 33.941 14.059l211.882 211.882c18.745 18.745 18.745 49.137 0 67.882L293.823 497.941c-18.745 18.745-49.137 18.745-67.882 0L14.059 286.059A48 48 0 0 1 0 252.118zM112 64c-26.51 0-48 21.49-48 48s21.49 48 48 48 48-21.49 48-48-21.49-48-48-48z\"><\/path><\/svg> <a href=\"https:\/\/ikostudio.it\/es\/tag\/cartuja-de-pavia\/\" class=\"uael-listing__terms-link\" id=\"uael-post-term-cartuja-de-pavia\" aria-labelledby=\"uael-post-term-cartuja-de-pavia\">Cartuja de Pav\u00eda<\/a> <a href=\"https:\/\/ikostudio.it\/es\/tag\/pavia-es\/\" class=\"uael-listing__terms-link\" id=\"uael-post-term-pavia-es\" aria-labelledby=\"uael-post-term-pavia-es\">Pav\u00eda<\/a><\/span>\t\t<\/div>\n\t\t<div class=\"uael-post__separator\"><\/div>\n\t\t<div class=\"uael-post__excerpt\">\n\t\t\tRecientemente regres\u00e9 a Pav\u00eda, mi ciudad natal, y visit\u00e9 la Cartuja de Pav\u00eda siendo adulto y despu\u00e9s de a\u00f1os de trabajar en el campo de ...\t\t<\/div>\n\n\t\t\t\t\t<a class=\"uael-post__read-more elementor-button\" href=\"https:\/\/ikostudio.it\/es\/vidrieras-de-la-cartuja-de-pavia\/\" target=\"_self\" aria-labelledby=\"uael-post-28520\">\n\t\t\t\t\t<span class=\"elementor-button-content-wrapper\">\n\t\t\t\t\t\t\t\t\t\t\t\t\t\t<span class=\"elementor-button-icon elementor-align-icon-right\">\n\n\t\t\t\t\t\t\t\t\t\t\t\t\t\t\t\t\t\t\t<i class=\"fa fa-arrow-right\" aria-hidden=\"true\"><\/i>\n\t\t\t\t\t\t\t\t\t\n\t\t\t\t\t\t\t\t<\/span>\n\t\t\t\t\t\t\t\t\t\t\t\t\t\n\t\t\t\t\t\t<span class=\"elementor-button-text\" id=uael-post-28520>Leer m\u00e1s \u2192<\/span>\n\t\t\t\t\t<\/span>\n\t\t\t\t<\/a>\n\t\t\t\t\t\t<\/div>\n\t\t\t\n\t\t<\/div>\n\t\t\n\t<\/div>\n\n<\/div>\n\n<div class=\"uael-post-wrapper   blog-di-vetrate-artistiche \">\n\t<div class=\"uael-post__bg-wrap\">\n\n\t\t\t\t\t<a href=\"https:\/\/ikostudio.it\/es\/mala-conservacion-de-las-vidrieras-artisticas-de-todi\/\" target=\"_blank\" class=\"uael-post__complete-box-overlay\" aria-label=\"Caja de enlace completa\"><\/a>\n\t\t\t\t\n\t\t<div class=\"uael-post__inner-wrap \">\n\n\t\t\t\t<div class=\"uael-post__thumbnail\">\n\t\t\t\n\t\t\t<a href=\"https:\/\/ikostudio.it\/es\/mala-conservacion-de-las-vidrieras-artisticas-de-todi\/\" target=\"_blank\" title=\"Mala conservaci\u00f3n de las vidrieras art\u00edsticas de Todi\"><img loading=\"lazy\" decoding=\"async\" width=\"640\" height=\"426\" src=\"https:\/\/ikostudio.it\/wp-content\/uploads\/2019\/08\/Todi-Umbria.webp\" class=\"attachment-full size-full wp-image-1613\" alt=\"\" \/><\/a>\n\t\t\t\t\t<\/div>\n\t\t\n\t\t\t\n\t\t\t<div class=\"uael-post__content-wrap\">\n\n\t\t\t\t\t<h4 class=\"uael-post__title\">\n\n\t\t\n\t\t\t\t\t\t<a href=\"https:\/\/ikostudio.it\/es\/mala-conservacion-de-las-vidrieras-artisticas-de-todi\/\" target=\"_self\">\n\t\t\t\tMala conservaci\u00f3n de las vidrieras art\u00edsticas de Todi\t\t\t<\/a>\n\n\t\t\t\t<\/h4>\n\t\t\t\t\t<div class=\"uael-post__meta-data\">\n\t\t\t\t\t<span class=\"uael-post__date\">\n\t\t\t\t\t\t\t\t\t\t\t\t\t<svg aria-hidden=\"true\" class=\"e-font-icon-svg e-fa-calendar\" viewBox=\"0 0 448 512\" xmlns=\"http:\/\/www.w3.org\/2000\/svg\"><path d=\"M12 192h424c6.6 0 12 5.4 12 12v260c0 26.5-21.5 48-48 48H48c-26.5 0-48-21.5-48-48V204c0-6.6 5.4-12 12-12zm436-44v-36c0-26.5-21.5-48-48-48h-48V12c0-6.6-5.4-12-12-12h-40c-6.6 0-12 5.4-12 12v52H160V12c0-6.6-5.4-12-12-12h-40c-6.6 0-12 5.4-12 12v52H48C21.5 64 0 85.5 0 112v36c0 6.6 5.4 12 12 12h424c6.6 0 12-5.4 12-12z\"><\/path><\/svg>\t\t\t\t\t\t\t\t\t\n\t\t\t20 de diciembre de 2024\t\t<\/span>\n\t\t<span class=\"uael-post__terms-meta uael-post__terms-meta-tag\"><svg aria-hidden=\"true\" class=\"e-font-icon-svg e-fas-tag\" viewBox=\"0 0 512 512\" xmlns=\"http:\/\/www.w3.org\/2000\/svg\"><path d=\"M0 252.118V48C0 21.49 21.49 0 48 0h204.118a48 48 0 0 1 33.941 14.059l211.882 211.882c18.745 18.745 18.745 49.137 0 67.882L293.823 497.941c-18.745 18.745-49.137 18.745-67.882 0L14.059 286.059A48 48 0 0 1 0 252.118zM112 64c-26.51 0-48 21.49-48 48s21.49 48 48 48 48-21.49 48-48-21.49-48-48-48z\"><\/path><\/svg> <a href=\"https:\/\/ikostudio.it\/es\/tag\/mala-conservacion-vidrieras\/\" class=\"uael-listing__terms-link\" id=\"uael-post-term-mala-conservacion-vidrieras\" aria-labelledby=\"uael-post-term-mala-conservacion-vidrieras\">Mala conservaci\u00f3n vidrieras<\/a> <a href=\"https:\/\/ikostudio.it\/es\/tag\/todi-es\/\" class=\"uael-listing__terms-link\" id=\"uael-post-term-todi-es\" aria-labelledby=\"uael-post-term-todi-es\">Todi<\/a><\/span>\t\t<\/div>\n\t\t<div class=\"uael-post__separator\"><\/div>\n\t\t<div class=\"uael-post__excerpt\">\n\t\t\tArt\u00edculo sobre la mala conservaci\u00f3n de las vidrieras art\u00edsticas de la iglesia de San Fortunato en Todi, de la regi\u00f3n de Umbr\u00eda de Italia\t\t<\/div>\n\n\t\t\t\t\t<a class=\"uael-post__read-more elementor-button\" href=\"https:\/\/ikostudio.it\/es\/mala-conservacion-de-las-vidrieras-artisticas-de-todi\/\" target=\"_self\" aria-labelledby=\"uael-post-28454\">\n\t\t\t\t\t<span class=\"elementor-button-content-wrapper\">\n\t\t\t\t\t\t\t\t\t\t\t\t\t\t<span class=\"elementor-button-icon elementor-align-icon-right\">\n\n\t\t\t\t\t\t\t\t\t\t\t\t\t\t\t\t\t\t\t<i class=\"fa fa-arrow-right\" aria-hidden=\"true\"><\/i>\n\t\t\t\t\t\t\t\t\t\n\t\t\t\t\t\t\t\t<\/span>\n\t\t\t\t\t\t\t\t\t\t\t\t\t\n\t\t\t\t\t\t<span class=\"elementor-button-text\" id=uael-post-28454>Leer m\u00e1s \u2192<\/span>\n\t\t\t\t\t<\/span>\n\t\t\t\t<\/a>\n\t\t\t\t\t\t<\/div>\n\t\t\t\n\t\t<\/div>\n\t\t\n\t<\/div>\n\n<\/div>\n\n<div class=\"uael-post-wrapper   blog-di-vetrate-artistiche \">\n\t<div class=\"uael-post__bg-wrap\">\n\n\t\t\t\t\t<a href=\"https:\/\/ikostudio.it\/es\/vidrieras-emplomadas\/\" target=\"_blank\" class=\"uael-post__complete-box-overlay\" aria-label=\"Caja de enlace completa\"><\/a>\n\t\t\t\t\n\t\t<div class=\"uael-post__inner-wrap \">\n\n\t\t\t\t<div class=\"uael-post__thumbnail\">\n\t\t\t\n\t\t\t<a href=\"https:\/\/ikostudio.it\/es\/vidrieras-emplomadas\/\" target=\"_blank\" title=\"Vidrieras Emplomadas\"><img loading=\"lazy\" decoding=\"async\" width=\"980\" height=\"565\" src=\"https:\/\/ikostudio.it\/wp-content\/uploads\/2017\/02\/Vetrate-a-piombo-su-misura.webp\" class=\"attachment-full size-full wp-image-28204\" alt=\"Vidrieras Emplomadas Personalizadas\" \/><\/a>\n\t\t\t\t\t<\/div>\n\t\t\n\t\t\t\n\t\t\t<div class=\"uael-post__content-wrap\">\n\n\t\t\t\t\t<h4 class=\"uael-post__title\">\n\n\t\t\n\t\t\t\t\t\t<a href=\"https:\/\/ikostudio.it\/es\/vidrieras-emplomadas\/\" target=\"_self\">\n\t\t\t\tVidrieras Emplomadas\t\t\t<\/a>\n\n\t\t\t\t<\/h4>\n\t\t\t\t\t<div class=\"uael-post__meta-data\">\n\t\t\t\t\t<span class=\"uael-post__date\">\n\t\t\t\t\t\t\t\t\t\t\t\t\t<svg aria-hidden=\"true\" class=\"e-font-icon-svg e-fa-calendar\" viewBox=\"0 0 448 512\" xmlns=\"http:\/\/www.w3.org\/2000\/svg\"><path d=\"M12 192h424c6.6 0 12 5.4 12 12v260c0 26.5-21.5 48-48 48H48c-26.5 0-48-21.5-48-48V204c0-6.6 5.4-12 12-12zm436-44v-36c0-26.5-21.5-48-48-48h-48V12c0-6.6-5.4-12-12-12h-40c-6.6 0-12 5.4-12 12v52H160V12c0-6.6-5.4-12-12-12h-40c-6.6 0-12 5.4-12 12v52H48C21.5 64 0 85.5 0 112v36c0 6.6 5.4 12 12 12h424c6.6 0 12-5.4 12-12z\"><\/path><\/svg>\t\t\t\t\t\t\t\t\t\n\t\t\t13 de diciembre de 2024\t\t<\/span>\n\t\t<span class=\"uael-post__terms-meta uael-post__terms-meta-tag\"><svg aria-hidden=\"true\" class=\"e-font-icon-svg e-fas-tag\" viewBox=\"0 0 512 512\" xmlns=\"http:\/\/www.w3.org\/2000\/svg\"><path d=\"M0 252.118V48C0 21.49 21.49 0 48 0h204.118a48 48 0 0 1 33.941 14.059l211.882 211.882c18.745 18.745 18.745 49.137 0 67.882L293.823 497.941c-18.745 18.745-49.137 18.745-67.882 0L14.059 286.059A48 48 0 0 1 0 252.118zM112 64c-26.51 0-48 21.49-48 48s21.49 48 48 48 48-21.49 48-48-21.49-48-48-48z\"><\/path><\/svg> <a href=\"https:\/\/ikostudio.it\/es\/tag\/vidriera-artistica\/\" class=\"uael-listing__terms-link\" id=\"uael-post-term-vidriera-artistica\" aria-labelledby=\"uael-post-term-vidriera-artistica\">Vidriera Art\u00edstica<\/a> <a href=\"https:\/\/ikostudio.it\/es\/tag\/vidrieras-emplomadas\/\" class=\"uael-listing__terms-link\" id=\"uael-post-term-vidrieras-emplomadas\" aria-labelledby=\"uael-post-term-vidrieras-emplomadas\">Vidrieras Emplomadas<\/a><\/span>\t\t<\/div>\n\t\t<div class=\"uael-post__separator\"><\/div>\n\t\t<div class=\"uael-post__excerpt\">\n\t\t\tVidrieras Emplomadas: Tradici\u00f3n y Maestr\u00eda Las vidrieras emplomadas son obras de arte \u00fanicas, creadas uniendo piezas de vidrio coloreado con perfiles de plomo. Estos perfiles, ...\t\t<\/div>\n\n\t\t\t\t\t<a class=\"uael-post__read-more elementor-button\" href=\"https:\/\/ikostudio.it\/es\/vidrieras-emplomadas\/\" target=\"_self\" aria-labelledby=\"uael-post-28239\">\n\t\t\t\t\t<span class=\"elementor-button-content-wrapper\">\n\t\t\t\t\t\t\t\t\t\t\t\t\t\t<span class=\"elementor-button-icon elementor-align-icon-right\">\n\n\t\t\t\t\t\t\t\t\t\t\t\t\t\t\t\t\t\t\t<i class=\"fa fa-arrow-right\" aria-hidden=\"true\"><\/i>\n\t\t\t\t\t\t\t\t\t\n\t\t\t\t\t\t\t\t<\/span>\n\t\t\t\t\t\t\t\t\t\t\t\t\t\n\t\t\t\t\t\t<span class=\"elementor-button-text\" id=uael-post-28239>Leer m\u00e1s \u2192<\/span>\n\t\t\t\t\t<\/span>\n\t\t\t\t<\/a>\n\t\t\t\t\t\t<\/div>\n\t\t\t\n\t\t<\/div>\n\t\t\n\t<\/div>\n\n<\/div>\n\n<div class=\"uael-post-wrapper   sin-categorizar \">\n\t<div class=\"uael-post__bg-wrap\">\n\n\t\t\t\t\t<a href=\"https:\/\/ikostudio.it\/es\/vidriera-artistica-sacra-con-paloma\/\" target=\"_blank\" class=\"uael-post__complete-box-overlay\" aria-label=\"Caja de enlace completa\"><\/a>\n\t\t\t\t\n\t\t<div class=\"uael-post__inner-wrap \">\n\n\t\t\t\t<div class=\"uael-post__thumbnail\">\n\t\t\t\n\t\t\t<a href=\"https:\/\/ikostudio.it\/es\/vidriera-artistica-sacra-con-paloma\/\" target=\"_blank\" title=\"Vidriera art\u00edstica sacra con paloma\"><img loading=\"lazy\" decoding=\"async\" width=\"1181\" height=\"1181\" src=\"https:\/\/ikostudio.it\/wp-content\/uploads\/2024\/11\/Holy-Spirit-2.webp\" class=\"attachment-full size-full wp-image-27827\" alt=\"Vetrata religiosa con Colomba\" srcset=\"https:\/\/ikostudio.it\/wp-content\/uploads\/2024\/11\/Holy-Spirit-2.webp 1181w, https:\/\/ikostudio.it\/wp-content\/uploads\/2024\/11\/Holy-Spirit-2-300x300.webp 300w, https:\/\/ikostudio.it\/wp-content\/uploads\/2024\/11\/Holy-Spirit-2-1024x1024.webp 1024w, https:\/\/ikostudio.it\/wp-content\/uploads\/2024\/11\/Holy-Spirit-2-150x150.webp 150w, https:\/\/ikostudio.it\/wp-content\/uploads\/2024\/11\/Holy-Spirit-2-768x768.webp 768w\" sizes=\"(max-width: 1181px) 100vw, 1181px\" \/><\/a>\n\t\t\t\t\t<\/div>\n\t\t\n\t\t\t\n\t\t\t<div class=\"uael-post__content-wrap\">\n\n\t\t\t\t\t<h4 class=\"uael-post__title\">\n\n\t\t\n\t\t\t\t\t\t<a href=\"https:\/\/ikostudio.it\/es\/vidriera-artistica-sacra-con-paloma\/\" target=\"_self\">\n\t\t\t\tVidriera art\u00edstica sacra con paloma\t\t\t<\/a>\n\n\t\t\t\t<\/h4>\n\t\t\t\t\t<div class=\"uael-post__meta-data\">\n\t\t\t\t\t<span class=\"uael-post__date\">\n\t\t\t\t\t\t\t\t\t\t\t\t\t<svg aria-hidden=\"true\" class=\"e-font-icon-svg e-fa-calendar\" viewBox=\"0 0 448 512\" xmlns=\"http:\/\/www.w3.org\/2000\/svg\"><path d=\"M12 192h424c6.6 0 12 5.4 12 12v260c0 26.5-21.5 48-48 48H48c-26.5 0-48-21.5-48-48V204c0-6.6 5.4-12 12-12zm436-44v-36c0-26.5-21.5-48-48-48h-48V12c0-6.6-5.4-12-12-12h-40c-6.6 0-12 5.4-12 12v52H160V12c0-6.6-5.4-12-12-12h-40c-6.6 0-12 5.4-12 12v52H48C21.5 64 0 85.5 0 112v36c0 6.6 5.4 12 12 12h424c6.6 0 12-5.4 12-12z\"><\/path><\/svg>\t\t\t\t\t\t\t\t\t\n\t\t\t26 de noviembre de 2024\t\t<\/span>\n\t\t\t\t<\/div>\n\t\t<div class=\"uael-post__separator\"><\/div>\n\t\t<div class=\"uael-post__excerpt\">\n\t\t\tVidriera art\u00edstica sacra con paloma: s\u00edmbolo de luz y espiritualidad La vidriera art\u00edstica sacra con paloma es una de las obras m\u00e1s apreciadas de IKO ...\t\t<\/div>\n\n\t\t\t\t\t<a class=\"uael-post__read-more elementor-button\" href=\"https:\/\/ikostudio.it\/es\/vidriera-artistica-sacra-con-paloma\/\" target=\"_self\" aria-labelledby=\"uael-post-27798\">\n\t\t\t\t\t<span class=\"elementor-button-content-wrapper\">\n\t\t\t\t\t\t\t\t\t\t\t\t\t\t<span class=\"elementor-button-icon elementor-align-icon-right\">\n\n\t\t\t\t\t\t\t\t\t\t\t\t\t\t\t\t\t\t\t<i class=\"fa fa-arrow-right\" aria-hidden=\"true\"><\/i>\n\t\t\t\t\t\t\t\t\t\n\t\t\t\t\t\t\t\t<\/span>\n\t\t\t\t\t\t\t\t\t\t\t\t\t\n\t\t\t\t\t\t<span class=\"elementor-button-text\" id=uael-post-27798>Leer m\u00e1s \u2192<\/span>\n\t\t\t\t\t<\/span>\n\t\t\t\t<\/a>\n\t\t\t\t\t\t<\/div>\n\t\t\t\n\t\t<\/div>\n\t\t\n\t<\/div>\n\n<\/div>\n\n<div class=\"uael-post-wrapper   blog-di-vetrate-artistiche \">\n\t<div class=\"uael-post__bg-wrap\">\n\n\t\t\t\t\t<a href=\"https:\/\/ikostudio.it\/es\/virgen-de-guadalupe\/\" target=\"_blank\" class=\"uael-post__complete-box-overlay\" aria-label=\"Caja de enlace completa\"><\/a>\n\t\t\t\t\n\t\t<div class=\"uael-post__inner-wrap \">\n\n\t\t\t\t<div class=\"uael-post__thumbnail\">\n\t\t\t\n\t\t\t<a href=\"https:\/\/ikostudio.it\/es\/virgen-de-guadalupe\/\" target=\"_blank\" title=\"Virgen de Guadalupe\"><img loading=\"lazy\" decoding=\"async\" width=\"980\" height=\"479\" src=\"https:\/\/ikostudio.it\/wp-content\/uploads\/2019\/08\/Madonna-di-Guadalupe-angelo-rosso.webp\" class=\"attachment-full size-full wp-image-2372\" alt=\"Madonna di Guadalupe angelo rosso\" \/><\/a>\n\t\t\t\t\t<\/div>\n\t\t\n\t\t\t\n\t\t\t<div class=\"uael-post__content-wrap\">\n\n\t\t\t\t\t<h4 class=\"uael-post__title\">\n\n\t\t\n\t\t\t\t\t\t<a href=\"https:\/\/ikostudio.it\/es\/virgen-de-guadalupe\/\" target=\"_self\">\n\t\t\t\tVirgen de Guadalupe\t\t\t<\/a>\n\n\t\t\t\t<\/h4>\n\t\t\t\t\t<div class=\"uael-post__meta-data\">\n\t\t\t\t\t<span class=\"uael-post__date\">\n\t\t\t\t\t\t\t\t\t\t\t\t\t<svg aria-hidden=\"true\" class=\"e-font-icon-svg e-fa-calendar\" viewBox=\"0 0 448 512\" xmlns=\"http:\/\/www.w3.org\/2000\/svg\"><path d=\"M12 192h424c6.6 0 12 5.4 12 12v260c0 26.5-21.5 48-48 48H48c-26.5 0-48-21.5-48-48V204c0-6.6 5.4-12 12-12zm436-44v-36c0-26.5-21.5-48-48-48h-48V12c0-6.6-5.4-12-12-12h-40c-6.6 0-12 5.4-12 12v52H160V12c0-6.6-5.4-12-12-12h-40c-6.6 0-12 5.4-12 12v52H48C21.5 64 0 85.5 0 112v36c0 6.6 5.4 12 12 12h424c6.6 0 12-5.4 12-12z\"><\/path><\/svg>\t\t\t\t\t\t\t\t\t\n\t\t\t19 de octubre de 2024\t\t<\/span>\n\t\t<span class=\"uael-post__terms-meta uael-post__terms-meta-tag\"><svg aria-hidden=\"true\" class=\"e-font-icon-svg e-fas-tag\" viewBox=\"0 0 512 512\" xmlns=\"http:\/\/www.w3.org\/2000\/svg\"><path d=\"M0 252.118V48C0 21.49 21.49 0 48 0h204.118a48 48 0 0 1 33.941 14.059l211.882 211.882c18.745 18.745 18.745 49.137 0 67.882L293.823 497.941c-18.745 18.745-49.137 18.745-67.882 0L14.059 286.059A48 48 0 0 1 0 252.118zM112 64c-26.51 0-48 21.49-48 48s21.49 48 48 48 48-21.49 48-48-21.49-48-48-48z\"><\/path><\/svg> <a href=\"https:\/\/ikostudio.it\/es\/tag\/guadalupe-es\/\" class=\"uael-listing__terms-link\" id=\"uael-post-term-guadalupe-es\" aria-labelledby=\"uael-post-term-guadalupe-es\">Guadalupe<\/a> <a href=\"https:\/\/ikostudio.it\/es\/tag\/vitral-guadalupe\/\" class=\"uael-listing__terms-link\" id=\"uael-post-term-vitral-guadalupe\" aria-labelledby=\"uael-post-term-vitral-guadalupe\">Vitral Guadalupe<\/a><\/span>\t\t<\/div>\n\t\t<div class=\"uael-post__separator\"><\/div>\n\t\t<div class=\"uael-post__excerpt\">\n\t\t\tVirgen de Guadalupe Una de las obras m\u00e1s originales que he creado es, sin duda, una Virgen de Guadalupe con elementos contempor\u00e1neos y provocativos. Un ...\t\t<\/div>\n\n\t\t\t\t\t<a class=\"uael-post__read-more elementor-button\" href=\"https:\/\/ikostudio.it\/es\/virgen-de-guadalupe\/\" target=\"_self\" aria-labelledby=\"uael-post-24742\">\n\t\t\t\t\t<span class=\"elementor-button-content-wrapper\">\n\t\t\t\t\t\t\t\t\t\t\t\t\t\t<span class=\"elementor-button-icon elementor-align-icon-right\">\n\n\t\t\t\t\t\t\t\t\t\t\t\t\t\t\t\t\t\t\t<i class=\"fa fa-arrow-right\" aria-hidden=\"true\"><\/i>\n\t\t\t\t\t\t\t\t\t\n\t\t\t\t\t\t\t\t<\/span>\n\t\t\t\t\t\t\t\t\t\t\t\t\t\n\t\t\t\t\t\t<span class=\"elementor-button-text\" id=uael-post-24742>Leer m\u00e1s \u2192<\/span>\n\t\t\t\t\t<\/span>\n\t\t\t\t<\/a>\n\t\t\t\t\t\t<\/div>\n\t\t\t\n\t\t<\/div>\n\t\t\n\t<\/div>\n\n<\/div>\n\n<div class=\"uael-post-wrapper   blog-di-vetrate-artistiche \">\n\t<div class=\"uael-post__bg-wrap\">\n\n\t\t\t\t\t<a href=\"https:\/\/ikostudio.it\/es\/vitrales-religiosos-para-una-iglesia-en-africa\/\" target=\"_blank\" class=\"uael-post__complete-box-overlay\" aria-label=\"Caja de enlace completa\"><\/a>\n\t\t\t\t\n\t\t<div class=\"uael-post__inner-wrap \">\n\n\t\t\t\t<div class=\"uael-post__thumbnail\">\n\t\t\t\n\t\t\t<a href=\"https:\/\/ikostudio.it\/es\/vitrales-religiosos-para-una-iglesia-en-africa\/\" target=\"_blank\" title=\"Vitrales religiosos para una iglesia en \u00c1frica\"><img loading=\"lazy\" decoding=\"async\" width=\"980\" height=\"412\" src=\"https:\/\/ikostudio.it\/wp-content\/uploads\/2024\/10\/Vetrate-artistiche-per-una-chiesa-in-Africa.webp\" class=\"attachment-full size-full wp-image-24571\" alt=\"Vitrales religiosos para una Iglesia en \u00c1frica\" \/><\/a>\n\t\t\t\t\t<\/div>\n\t\t\n\t\t\t\n\t\t\t<div class=\"uael-post__content-wrap\">\n\n\t\t\t\t\t<h4 class=\"uael-post__title\">\n\n\t\t\n\t\t\t\t\t\t<a href=\"https:\/\/ikostudio.it\/es\/vitrales-religiosos-para-una-iglesia-en-africa\/\" target=\"_self\">\n\t\t\t\tVitrales religiosos para una iglesia en \u00c1frica\t\t\t<\/a>\n\n\t\t\t\t<\/h4>\n\t\t\t\t\t<div class=\"uael-post__meta-data\">\n\t\t\t\t\t<span class=\"uael-post__date\">\n\t\t\t\t\t\t\t\t\t\t\t\t\t<svg aria-hidden=\"true\" class=\"e-font-icon-svg e-fa-calendar\" viewBox=\"0 0 448 512\" xmlns=\"http:\/\/www.w3.org\/2000\/svg\"><path d=\"M12 192h424c6.6 0 12 5.4 12 12v260c0 26.5-21.5 48-48 48H48c-26.5 0-48-21.5-48-48V204c0-6.6 5.4-12 12-12zm436-44v-36c0-26.5-21.5-48-48-48h-48V12c0-6.6-5.4-12-12-12h-40c-6.6 0-12 5.4-12 12v52H160V12c0-6.6-5.4-12-12-12h-40c-6.6 0-12 5.4-12 12v52H48C21.5 64 0 85.5 0 112v36c0 6.6 5.4 12 12 12h424c6.6 0 12-5.4 12-12z\"><\/path><\/svg>\t\t\t\t\t\t\t\t\t\n\t\t\t17 de octubre de 2024\t\t<\/span>\n\t\t\t\t<\/div>\n\t\t<div class=\"uael-post__separator\"><\/div>\n\t\t<div class=\"uael-post__excerpt\">\n\t\t\tVitrales religiosos para una iglesia en \u00c1frica A principios de a\u00f1o, estuvimos involucrados en el dise\u00f1o y creaci\u00f3n de un conjunto de cinco vitrales religiosos ...\t\t<\/div>\n\n\t\t\t\t\t<a class=\"uael-post__read-more elementor-button\" href=\"https:\/\/ikostudio.it\/es\/vitrales-religiosos-para-una-iglesia-en-africa\/\" target=\"_self\" aria-labelledby=\"uael-post-24626\">\n\t\t\t\t\t<span class=\"elementor-button-content-wrapper\">\n\t\t\t\t\t\t\t\t\t\t\t\t\t\t<span class=\"elementor-button-icon elementor-align-icon-right\">\n\n\t\t\t\t\t\t\t\t\t\t\t\t\t\t\t\t\t\t\t<i class=\"fa fa-arrow-right\" aria-hidden=\"true\"><\/i>\n\t\t\t\t\t\t\t\t\t\n\t\t\t\t\t\t\t\t<\/span>\n\t\t\t\t\t\t\t\t\t\t\t\t\t\n\t\t\t\t\t\t<span class=\"elementor-button-text\" id=uael-post-24626>Leer m\u00e1s \u2192<\/span>\n\t\t\t\t\t<\/span>\n\t\t\t\t<\/a>\n\t\t\t\t\t\t<\/div>\n\t\t\t\n\t\t<\/div>\n\t\t\n\t<\/div>\n\n<\/div>\n\n<div class=\"uael-post-wrapper   blog-di-vetrate-artistiche non-categorizzato \">\n\t<div class=\"uael-post__bg-wrap\">\n\n\t\t\t\t\t<a href=\"https:\/\/ikostudio.it\/es\/puerta-con-rosas-mackintosh\/\" target=\"_blank\" class=\"uael-post__complete-box-overlay\" aria-label=\"Caja de enlace completa\"><\/a>\n\t\t\t\t\n\t\t<div class=\"uael-post__inner-wrap \">\n\n\t\t\t\t<div class=\"uael-post__thumbnail\">\n\t\t\t\n\t\t\t<a href=\"https:\/\/ikostudio.it\/es\/puerta-con-rosas-mackintosh\/\" target=\"_blank\" title=\"Puerta con rosas Mackintosh\"><img loading=\"lazy\" decoding=\"async\" width=\"980\" height=\"735\" src=\"https:\/\/ikostudio.it\/wp-content\/uploads\/2024\/06\/Porta-con-Rose-Mackintosh-Particolare.webp\" class=\"attachment-full size-full wp-image-24460\" alt=\"Puerta con rosas Mackintosh detalle\" \/><\/a>\n\t\t\t\t\t<\/div>\n\t\t\n\t\t\t\n\t\t\t<div class=\"uael-post__content-wrap\">\n\n\t\t\t\t\t<h4 class=\"uael-post__title\">\n\n\t\t\n\t\t\t\t\t\t<a href=\"https:\/\/ikostudio.it\/es\/puerta-con-rosas-mackintosh\/\" target=\"_self\">\n\t\t\t\tPuerta con rosas Mackintosh\t\t\t<\/a>\n\n\t\t\t\t<\/h4>\n\t\t\t\t\t<div class=\"uael-post__meta-data\">\n\t\t\t\t\t<span class=\"uael-post__date\">\n\t\t\t\t\t\t\t\t\t\t\t\t\t<svg aria-hidden=\"true\" class=\"e-font-icon-svg e-fa-calendar\" viewBox=\"0 0 448 512\" xmlns=\"http:\/\/www.w3.org\/2000\/svg\"><path d=\"M12 192h424c6.6 0 12 5.4 12 12v260c0 26.5-21.5 48-48 48H48c-26.5 0-48-21.5-48-48V204c0-6.6 5.4-12 12-12zm436-44v-36c0-26.5-21.5-48-48-48h-48V12c0-6.6-5.4-12-12-12h-40c-6.6 0-12 5.4-12 12v52H160V12c0-6.6-5.4-12-12-12h-40c-6.6 0-12 5.4-12 12v52H48C21.5 64 0 85.5 0 112v36c0 6.6 5.4 12 12 12h424c6.6 0 12-5.4 12-12z\"><\/path><\/svg>\t\t\t\t\t\t\t\t\t\n\t\t\t29 de junio de 2024\t\t<\/span>\n\t\t\t\t<\/div>\n\t\t<div class=\"uael-post__separator\"><\/div>\n\t\t<div class=\"uael-post__excerpt\">\n\t\t\tPuerta con rosas Mackintosh Despu\u00e9s de visitar nuestro taller en Bolsena en varias ocasiones, Marta y Pierluigi decidieron encargarnos una puerta con rosas Mackintosh para ...\t\t<\/div>\n\n\t\t\t\t\t<a class=\"uael-post__read-more elementor-button\" href=\"https:\/\/ikostudio.it\/es\/puerta-con-rosas-mackintosh\/\" target=\"_self\" aria-labelledby=\"uael-post-24474\">\n\t\t\t\t\t<span class=\"elementor-button-content-wrapper\">\n\t\t\t\t\t\t\t\t\t\t\t\t\t\t<span class=\"elementor-button-icon elementor-align-icon-right\">\n\n\t\t\t\t\t\t\t\t\t\t\t\t\t\t\t\t\t\t\t<i class=\"fa fa-arrow-right\" aria-hidden=\"true\"><\/i>\n\t\t\t\t\t\t\t\t\t\n\t\t\t\t\t\t\t\t<\/span>\n\t\t\t\t\t\t\t\t\t\t\t\t\t\n\t\t\t\t\t\t<span class=\"elementor-button-text\" id=uael-post-24474>Leer m\u00e1s \u2192<\/span>\n\t\t\t\t\t<\/span>\n\t\t\t\t<\/a>\n\t\t\t\t\t\t<\/div>\n\t\t\t\n\t\t<\/div>\n\t\t\n\t<\/div>\n\n<\/div>\n\n<div class=\"uael-post-wrapper   blog-di-vetrate-artistiche sin-categorizar \">\n\t<div class=\"uael-post__bg-wrap\">\n\n\t\t\t\t\t<a href=\"https:\/\/ikostudio.it\/es\/vitral-artistico-con-caballo\/\" target=\"_blank\" class=\"uael-post__complete-box-overlay\" aria-label=\"Caja de enlace completa\"><\/a>\n\t\t\t\t\n\t\t<div class=\"uael-post__inner-wrap \">\n\n\t\t\t\t<div class=\"uael-post__thumbnail\">\n\t\t\t\n\t\t\t<a href=\"https:\/\/ikostudio.it\/es\/vitral-artistico-con-caballo\/\" target=\"_blank\" title=\"Vitral art\u00edstico con caballo\"><img loading=\"lazy\" decoding=\"async\" width=\"563\" height=\"750\" src=\"https:\/\/ikostudio.it\/wp-content\/uploads\/2023\/11\/Vetrata-Artistica-con-Cavallo.webp\" class=\"attachment-full size-full wp-image-24270\" alt=\"vitral art\u00edstico con caballo\" \/><\/a>\n\t\t\t\t\t<\/div>\n\t\t\n\t\t\t\n\t\t\t<div class=\"uael-post__content-wrap\">\n\n\t\t\t\t\t<h4 class=\"uael-post__title\">\n\n\t\t\n\t\t\t\t\t\t<a href=\"https:\/\/ikostudio.it\/es\/vitral-artistico-con-caballo\/\" target=\"_self\">\n\t\t\t\tVitral art\u00edstico con caballo\t\t\t<\/a>\n\n\t\t\t\t<\/h4>\n\t\t\t\t\t<div class=\"uael-post__meta-data\">\n\t\t\t\t\t<span class=\"uael-post__date\">\n\t\t\t\t\t\t\t\t\t\t\t\t\t<svg aria-hidden=\"true\" class=\"e-font-icon-svg e-fa-calendar\" viewBox=\"0 0 448 512\" xmlns=\"http:\/\/www.w3.org\/2000\/svg\"><path d=\"M12 192h424c6.6 0 12 5.4 12 12v260c0 26.5-21.5 48-48 48H48c-26.5 0-48-21.5-48-48V204c0-6.6 5.4-12 12-12zm436-44v-36c0-26.5-21.5-48-48-48h-48V12c0-6.6-5.4-12-12-12h-40c-6.6 0-12 5.4-12 12v52H160V12c0-6.6-5.4-12-12-12h-40c-6.6 0-12 5.4-12 12v52H48C21.5 64 0 85.5 0 112v36c0 6.6 5.4 12 12 12h424c6.6 0 12-5.4 12-12z\"><\/path><\/svg>\t\t\t\t\t\t\t\t\t\n\t\t\t16 de noviembre de 2023\t\t<\/span>\n\t\t\t\t<\/div>\n\t\t<div class=\"uael-post__separator\"><\/div>\n\t\t<div class=\"uael-post__excerpt\">\n\t\t\tVitral art\u00edstico con caballo En este art\u00edculo presentamos un vitral art\u00edstico con caballo creado recientemente y exclusivamente por pasi\u00f3n. Los animales siempre han sido fuentes ...\t\t<\/div>\n\n\t\t\t\t\t<a class=\"uael-post__read-more elementor-button\" href=\"https:\/\/ikostudio.it\/es\/vitral-artistico-con-caballo\/\" target=\"_self\" aria-labelledby=\"uael-post-24288\">\n\t\t\t\t\t<span class=\"elementor-button-content-wrapper\">\n\t\t\t\t\t\t\t\t\t\t\t\t\t\t<span class=\"elementor-button-icon elementor-align-icon-right\">\n\n\t\t\t\t\t\t\t\t\t\t\t\t\t\t\t\t\t\t\t<i class=\"fa fa-arrow-right\" aria-hidden=\"true\"><\/i>\n\t\t\t\t\t\t\t\t\t\n\t\t\t\t\t\t\t\t<\/span>\n\t\t\t\t\t\t\t\t\t\t\t\t\t\n\t\t\t\t\t\t<span class=\"elementor-button-text\" id=uael-post-24288>Leer m\u00e1s \u2192<\/span>\n\t\t\t\t\t<\/span>\n\t\t\t\t<\/a>\n\t\t\t\t\t\t<\/div>\n\t\t\t\n\t\t<\/div>\n\t\t\n\t<\/div>\n\n<\/div>\n\n<div class=\"uael-post-wrapper   blog-di-vetrate-artistiche sin-categorizar \">\n\t<div class=\"uael-post__bg-wrap\">\n\n\t\t\t\t\t<a href=\"https:\/\/ikostudio.it\/es\/vitrales-con-cuervos\/\" target=\"_blank\" class=\"uael-post__complete-box-overlay\" aria-label=\"Caja de enlace completa\"><\/a>\n\t\t\t\t\n\t\t<div class=\"uael-post__inner-wrap \">\n\n\t\t\t\t<div class=\"uael-post__thumbnail\">\n\t\t\t\n\t\t\t<a href=\"https:\/\/ikostudio.it\/es\/vitrales-con-cuervos\/\" target=\"_blank\" title=\"Vitrales con cuervos\"><img loading=\"lazy\" decoding=\"async\" width=\"980\" height=\"736\" src=\"https:\/\/ikostudio.it\/wp-content\/uploads\/2023\/08\/Vetrate-con-corvi.webp\" class=\"attachment-full size-full wp-image-24207\" alt=\"Vetrate con corvi\" \/><\/a>\n\t\t\t\t\t<\/div>\n\t\t\n\t\t\t\n\t\t\t<div class=\"uael-post__content-wrap\">\n\n\t\t\t\t\t<h4 class=\"uael-post__title\">\n\n\t\t\n\t\t\t\t\t\t<a href=\"https:\/\/ikostudio.it\/es\/vitrales-con-cuervos\/\" target=\"_self\">\n\t\t\t\tVitrales con cuervos\t\t\t<\/a>\n\n\t\t\t\t<\/h4>\n\t\t\t\t\t<div class=\"uael-post__meta-data\">\n\t\t\t\t\t<span class=\"uael-post__date\">\n\t\t\t\t\t\t\t\t\t\t\t\t\t<svg aria-hidden=\"true\" class=\"e-font-icon-svg e-fa-calendar\" viewBox=\"0 0 448 512\" xmlns=\"http:\/\/www.w3.org\/2000\/svg\"><path d=\"M12 192h424c6.6 0 12 5.4 12 12v260c0 26.5-21.5 48-48 48H48c-26.5 0-48-21.5-48-48V204c0-6.6 5.4-12 12-12zm436-44v-36c0-26.5-21.5-48-48-48h-48V12c0-6.6-5.4-12-12-12h-40c-6.6 0-12 5.4-12 12v52H160V12c0-6.6-5.4-12-12-12h-40c-6.6 0-12 5.4-12 12v52H48C21.5 64 0 85.5 0 112v36c0 6.6 5.4 12 12 12h424c6.6 0 12-5.4 12-12z\"><\/path><\/svg>\t\t\t\t\t\t\t\t\t\n\t\t\t5 de agosto de 2023\t\t<\/span>\n\t\t<span class=\"uael-post__terms-meta uael-post__terms-meta-tag\"><svg aria-hidden=\"true\" class=\"e-font-icon-svg e-fas-tag\" viewBox=\"0 0 512 512\" xmlns=\"http:\/\/www.w3.org\/2000\/svg\"><path d=\"M0 252.118V48C0 21.49 21.49 0 48 0h204.118a48 48 0 0 1 33.941 14.059l211.882 211.882c18.745 18.745 18.745 49.137 0 67.882L293.823 497.941c-18.745 18.745-49.137 18.745-67.882 0L14.059 286.059A48 48 0 0 1 0 252.118zM112 64c-26.51 0-48 21.49-48 48s21.49 48 48 48 48-21.49 48-48-21.49-48-48-48z\"><\/path><\/svg> <a href=\"https:\/\/ikostudio.it\/es\/tag\/cuervos\/\" class=\"uael-listing__terms-link\" id=\"uael-post-term-cuervos\" aria-labelledby=\"uael-post-term-cuervos\">cuervos<\/a> <a href=\"https:\/\/ikostudio.it\/es\/tag\/pajaros\/\" class=\"uael-listing__terms-link\" id=\"uael-post-term-pajaros\" aria-labelledby=\"uael-post-term-pajaros\">P\u00e1jaros<\/a><\/span>\t\t<\/div>\n\t\t<div class=\"uael-post__separator\"><\/div>\n\t\t<div class=\"uael-post__excerpt\">\n\t\t\tVitrales con Cuervos: Simbolismo y Arte en el Taller IKO Studio Este a\u00f1o, nuestro estudio recibi\u00f3 un encargo realmente original: realizar cuatro vitrales con cuervos ...\t\t<\/div>\n\n\t\t\t\t\t<a class=\"uael-post__read-more elementor-button\" href=\"https:\/\/ikostudio.it\/es\/vitrales-con-cuervos\/\" target=\"_self\" aria-labelledby=\"uael-post-24252\">\n\t\t\t\t\t<span class=\"elementor-button-content-wrapper\">\n\t\t\t\t\t\t\t\t\t\t\t\t\t\t<span class=\"elementor-button-icon elementor-align-icon-right\">\n\n\t\t\t\t\t\t\t\t\t\t\t\t\t\t\t\t\t\t\t<i class=\"fa fa-arrow-right\" aria-hidden=\"true\"><\/i>\n\t\t\t\t\t\t\t\t\t\n\t\t\t\t\t\t\t\t<\/span>\n\t\t\t\t\t\t\t\t\t\t\t\t\t\n\t\t\t\t\t\t<span class=\"elementor-button-text\" id=uael-post-24252>Leer m\u00e1s \u2192<\/span>\n\t\t\t\t\t<\/span>\n\t\t\t\t<\/a>\n\t\t\t\t\t\t<\/div>\n\t\t\t\n\t\t<\/div>\n\t\t\n\t<\/div>\n\n<\/div>\n\n<div class=\"uael-post-wrapper   blog-di-vetrate-artistiche sin-categorizar \">\n\t<div class=\"uael-post__bg-wrap\">\n\n\t\t\t\t\t<a href=\"https:\/\/ikostudio.it\/es\/vitrales-de-los-recuerdos\/\" target=\"_blank\" class=\"uael-post__complete-box-overlay\" aria-label=\"Caja de enlace completa\"><\/a>\n\t\t\t\t\n\t\t<div class=\"uael-post__inner-wrap \">\n\n\t\t\t\t<div class=\"uael-post__thumbnail\">\n\t\t\t\n\t\t\t<a href=\"https:\/\/ikostudio.it\/es\/vitrales-de-los-recuerdos\/\" target=\"_blank\" title=\"Vitrales de los recuerdos.\"><img loading=\"lazy\" decoding=\"async\" width=\"980\" height=\"735\" src=\"https:\/\/ikostudio.it\/wp-content\/uploads\/2023\/05\/Vetrate-dei-Ricordi-Quadrifora.webp\" class=\"attachment-full size-full wp-image-24000\" alt=\"Vetrate dei Ricordi Quadrifora\" \/><\/a>\n\t\t\t\t\t<\/div>\n\t\t\n\t\t\t\n\t\t\t<div class=\"uael-post__content-wrap\">\n\n\t\t\t\t\t<h4 class=\"uael-post__title\">\n\n\t\t\n\t\t\t\t\t\t<a href=\"https:\/\/ikostudio.it\/es\/vitrales-de-los-recuerdos\/\" target=\"_self\">\n\t\t\t\tVitrales de los recuerdos.\t\t\t<\/a>\n\n\t\t\t\t<\/h4>\n\t\t\t\t\t<div class=\"uael-post__meta-data\">\n\t\t\t\t\t<span class=\"uael-post__date\">\n\t\t\t\t\t\t\t\t\t\t\t\t\t<svg aria-hidden=\"true\" class=\"e-font-icon-svg e-fa-calendar\" viewBox=\"0 0 448 512\" xmlns=\"http:\/\/www.w3.org\/2000\/svg\"><path d=\"M12 192h424c6.6 0 12 5.4 12 12v260c0 26.5-21.5 48-48 48H48c-26.5 0-48-21.5-48-48V204c0-6.6 5.4-12 12-12zm436-44v-36c0-26.5-21.5-48-48-48h-48V12c0-6.6-5.4-12-12-12h-40c-6.6 0-12 5.4-12 12v52H160V12c0-6.6-5.4-12-12-12h-40c-6.6 0-12 5.4-12 12v52H48C21.5 64 0 85.5 0 112v36c0 6.6 5.4 12 12 12h424c6.6 0 12-5.4 12-12z\"><\/path><\/svg>\t\t\t\t\t\t\t\t\t\n\t\t\t29 de mayo de 2023\t\t<\/span>\n\t\t\t\t<\/div>\n\t\t<div class=\"uael-post__separator\"><\/div>\n\t\t<div class=\"uael-post__excerpt\">\n\t\t\tVitrales de los recuerdos Decid\u00ed escribir un art\u00edculo sobre los vitrales de los recuerdos, nombre que invent\u00e9 para un proyecto muy original y rom\u00e1ntico. Lynn ...\t\t<\/div>\n\n\t\t\t\t\t<a class=\"uael-post__read-more elementor-button\" href=\"https:\/\/ikostudio.it\/es\/vitrales-de-los-recuerdos\/\" target=\"_self\" aria-labelledby=\"uael-post-24078\">\n\t\t\t\t\t<span class=\"elementor-button-content-wrapper\">\n\t\t\t\t\t\t\t\t\t\t\t\t\t\t<span class=\"elementor-button-icon elementor-align-icon-right\">\n\n\t\t\t\t\t\t\t\t\t\t\t\t\t\t\t\t\t\t\t<i class=\"fa fa-arrow-right\" aria-hidden=\"true\"><\/i>\n\t\t\t\t\t\t\t\t\t\n\t\t\t\t\t\t\t\t<\/span>\n\t\t\t\t\t\t\t\t\t\t\t\t\t\n\t\t\t\t\t\t<span class=\"elementor-button-text\" id=uael-post-24078>Leer m\u00e1s \u2192<\/span>\n\t\t\t\t\t<\/span>\n\t\t\t\t<\/a>\n\t\t\t\t\t\t<\/div>\n\t\t\t\n\t\t<\/div>\n\t\t\n\t<\/div>\n\n<\/div>\n\n<div class=\"uael-post-wrapper   blog-di-vetrate-artistiche sin-categorizar \">\n\t<div class=\"uael-post__bg-wrap\">\n\n\t\t\t\t\t<a href=\"https:\/\/ikostudio.it\/es\/vidriera-artistica-con-angel\/\" target=\"_blank\" class=\"uael-post__complete-box-overlay\" aria-label=\"Caja de enlace completa\"><\/a>\n\t\t\t\t\n\t\t<div class=\"uael-post__inner-wrap \">\n\n\t\t\t\t<div class=\"uael-post__thumbnail\">\n\t\t\t\n\t\t\t<a href=\"https:\/\/ikostudio.it\/es\/vidriera-artistica-con-angel\/\" target=\"_blank\" title=\"Vidriera Art\u00edstica con \u00c1ngel\"><img loading=\"lazy\" decoding=\"async\" width=\"488\" height=\"750\" src=\"https:\/\/ikostudio.it\/wp-content\/uploads\/2023\/03\/Angelo-per-cappella-cimiteriale.webp\" class=\"attachment-full size-full wp-image-23976\" alt=\"Vidriera Art\u00edstica con \u00c1ngel por a Capilla de Cementerio en Roma\" \/><\/a>\n\t\t\t\t\t<\/div>\n\t\t\n\t\t\t\n\t\t\t<div class=\"uael-post__content-wrap\">\n\n\t\t\t\t\t<h4 class=\"uael-post__title\">\n\n\t\t\n\t\t\t\t\t\t<a href=\"https:\/\/ikostudio.it\/es\/vidriera-artistica-con-angel\/\" target=\"_self\">\n\t\t\t\tVidriera Art\u00edstica con \u00c1ngel\t\t\t<\/a>\n\n\t\t\t\t<\/h4>\n\t\t\t\t\t<div class=\"uael-post__meta-data\">\n\t\t\t\t\t<span class=\"uael-post__date\">\n\t\t\t\t\t\t\t\t\t\t\t\t\t<svg aria-hidden=\"true\" class=\"e-font-icon-svg e-fa-calendar\" viewBox=\"0 0 448 512\" xmlns=\"http:\/\/www.w3.org\/2000\/svg\"><path d=\"M12 192h424c6.6 0 12 5.4 12 12v260c0 26.5-21.5 48-48 48H48c-26.5 0-48-21.5-48-48V204c0-6.6 5.4-12 12-12zm436-44v-36c0-26.5-21.5-48-48-48h-48V12c0-6.6-5.4-12-12-12h-40c-6.6 0-12 5.4-12 12v52H160V12c0-6.6-5.4-12-12-12h-40c-6.6 0-12 5.4-12 12v52H48C21.5 64 0 85.5 0 112v36c0 6.6 5.4 12 12 12h424c6.6 0 12-5.4 12-12z\"><\/path><\/svg>\t\t\t\t\t\t\t\t\t\n\t\t\t11 de marzo de 2023\t\t<\/span>\n\t\t\t\t<\/div>\n\t\t<div class=\"uael-post__separator\"><\/div>\n\t\t<div class=\"uael-post__excerpt\">\n\t\t\tVidriera Art\u00edstica con \u00c1ngel: Una Obra Exclusiva para una Capilla Privada en Roma Tuvimos el honor de crear una vidriera art\u00edstica con \u00e1ngel para la ...\t\t<\/div>\n\n\t\t\t\t\t<a class=\"uael-post__read-more elementor-button\" href=\"https:\/\/ikostudio.it\/es\/vidriera-artistica-con-angel\/\" target=\"_self\" aria-labelledby=\"uael-post-23985\">\n\t\t\t\t\t<span class=\"elementor-button-content-wrapper\">\n\t\t\t\t\t\t\t\t\t\t\t\t\t\t<span class=\"elementor-button-icon elementor-align-icon-right\">\n\n\t\t\t\t\t\t\t\t\t\t\t\t\t\t\t\t\t\t\t<i class=\"fa fa-arrow-right\" aria-hidden=\"true\"><\/i>\n\t\t\t\t\t\t\t\t\t\n\t\t\t\t\t\t\t\t<\/span>\n\t\t\t\t\t\t\t\t\t\t\t\t\t\n\t\t\t\t\t\t<span class=\"elementor-button-text\" id=uael-post-23985>Leer m\u00e1s \u2192<\/span>\n\t\t\t\t\t<\/span>\n\t\t\t\t<\/a>\n\t\t\t\t\t\t<\/div>\n\t\t\t\n\t\t<\/div>\n\t\t\n\t<\/div>\n\n<\/div>\n\n<div class=\"uael-post-wrapper   blog-di-vetrate-artistiche \">\n\t<div class=\"uael-post__bg-wrap\">\n\n\t\t\t\t\t<a href=\"https:\/\/ikostudio.it\/es\/vitral-artistico-con-flores-para-una-puerta\/\" target=\"_blank\" class=\"uael-post__complete-box-overlay\" aria-label=\"Caja de enlace completa\"><\/a>\n\t\t\t\t\n\t\t<div class=\"uael-post__inner-wrap \">\n\n\t\t\t\t<div class=\"uael-post__thumbnail\">\n\t\t\t\n\t\t\t<a href=\"https:\/\/ikostudio.it\/es\/vitral-artistico-con-flores-para-una-puerta\/\" target=\"_blank\" title=\"Vitral Art\u00edstico con Flores para una Puerta\"><img loading=\"lazy\" decoding=\"async\" width=\"344\" height=\"750\" src=\"https:\/\/ikostudio.it\/wp-content\/uploads\/2022\/09\/Vetrata-con-fiori-per-una-porta.webp\" class=\"attachment-full size-full wp-image-23778\" alt=\"Vitrale Art\u00edstico con Flores para una Puerta\" \/><\/a>\n\t\t\t\t\t<\/div>\n\t\t\n\t\t\t\n\t\t\t<div class=\"uael-post__content-wrap\">\n\n\t\t\t\t\t<h4 class=\"uael-post__title\">\n\n\t\t\n\t\t\t\t\t\t<a href=\"https:\/\/ikostudio.it\/es\/vitral-artistico-con-flores-para-una-puerta\/\" target=\"_self\">\n\t\t\t\tVitral Art\u00edstico con Flores para una Puerta\t\t\t<\/a>\n\n\t\t\t\t<\/h4>\n\t\t\t\t\t<div class=\"uael-post__meta-data\">\n\t\t\t\t\t<span class=\"uael-post__date\">\n\t\t\t\t\t\t\t\t\t\t\t\t\t<svg aria-hidden=\"true\" class=\"e-font-icon-svg e-fa-calendar\" viewBox=\"0 0 448 512\" xmlns=\"http:\/\/www.w3.org\/2000\/svg\"><path d=\"M12 192h424c6.6 0 12 5.4 12 12v260c0 26.5-21.5 48-48 48H48c-26.5 0-48-21.5-48-48V204c0-6.6 5.4-12 12-12zm436-44v-36c0-26.5-21.5-48-48-48h-48V12c0-6.6-5.4-12-12-12h-40c-6.6 0-12 5.4-12 12v52H160V12c0-6.6-5.4-12-12-12h-40c-6.6 0-12 5.4-12 12v52H48C21.5 64 0 85.5 0 112v36c0 6.6 5.4 12 12 12h424c6.6 0 12-5.4 12-12z\"><\/path><\/svg>\t\t\t\t\t\t\t\t\t\n\t\t\t17 de septiembre de 2022\t\t<\/span>\n\t\t<span class=\"uael-post__terms-meta uael-post__terms-meta-tag\"><svg aria-hidden=\"true\" class=\"e-font-icon-svg e-fas-tag\" viewBox=\"0 0 512 512\" xmlns=\"http:\/\/www.w3.org\/2000\/svg\"><path d=\"M0 252.118V48C0 21.49 21.49 0 48 0h204.118a48 48 0 0 1 33.941 14.059l211.882 211.882c18.745 18.745 18.745 49.137 0 67.882L293.823 497.941c-18.745 18.745-49.137 18.745-67.882 0L14.059 286.059A48 48 0 0 1 0 252.118zM112 64c-26.51 0-48 21.49-48 48s21.49 48 48 48 48-21.49 48-48-21.49-48-48-48z\"><\/path><\/svg> <a href=\"https:\/\/ikostudio.it\/es\/tag\/puerta-artesanal\/\" class=\"uael-listing__terms-link\" id=\"uael-post-term-puerta-artesanal\" aria-labelledby=\"uael-post-term-puerta-artesanal\">Puerta artesanal<\/a> <a href=\"https:\/\/ikostudio.it\/es\/tag\/puerta-artistica\/\" class=\"uael-listing__terms-link\" id=\"uael-post-term-puerta-artistica\" aria-labelledby=\"uael-post-term-puerta-artistica\">puerta art\u00edstica<\/a><\/span>\t\t<\/div>\n\t\t<div class=\"uael-post__separator\"><\/div>\n\t\t<div class=\"uael-post__excerpt\">\n\t\t\tVitral Art\u00edstico con Flores para una Puerta: Elegancia y Detalles Pintados a Mano Fuimos contactados por correo electr\u00f3nico por una pareja de Noruega, espec\u00edficamente de ...\t\t<\/div>\n\n\t\t\t\t\t<a class=\"uael-post__read-more elementor-button\" href=\"https:\/\/ikostudio.it\/es\/vitral-artistico-con-flores-para-una-puerta\/\" target=\"_self\" aria-labelledby=\"uael-post-23833\">\n\t\t\t\t\t<span class=\"elementor-button-content-wrapper\">\n\t\t\t\t\t\t\t\t\t\t\t\t\t\t<span class=\"elementor-button-icon elementor-align-icon-right\">\n\n\t\t\t\t\t\t\t\t\t\t\t\t\t\t\t\t\t\t\t<i class=\"fa fa-arrow-right\" aria-hidden=\"true\"><\/i>\n\t\t\t\t\t\t\t\t\t\n\t\t\t\t\t\t\t\t<\/span>\n\t\t\t\t\t\t\t\t\t\t\t\t\t\n\t\t\t\t\t\t<span class=\"elementor-button-text\" id=uael-post-23833>Leer m\u00e1s \u2192<\/span>\n\t\t\t\t\t<\/span>\n\t\t\t\t<\/a>\n\t\t\t\t\t\t<\/div>\n\t\t\t\n\t\t<\/div>\n\t\t\n\t<\/div>\n\n<\/div>\n\n<div class=\"uael-post-wrapper   blog-di-vetrate-artistiche non-categorizzato \">\n\t<div class=\"uael-post__bg-wrap\">\n\n\t\t\t\t\t<a href=\"https:\/\/ikostudio.it\/es\/vitral-moderno-con-el-lago\/\" target=\"_blank\" class=\"uael-post__complete-box-overlay\" aria-label=\"Caja de enlace completa\"><\/a>\n\t\t\t\t\n\t\t<div class=\"uael-post__inner-wrap \">\n\n\t\t\t\t<div class=\"uael-post__thumbnail\">\n\t\t\t\n\t\t\t<a href=\"https:\/\/ikostudio.it\/es\/vitral-moderno-con-el-lago\/\" target=\"_blank\" title=\"Vitral moderno con el lago\"><img loading=\"lazy\" decoding=\"async\" width=\"705\" height=\"750\" src=\"https:\/\/ikostudio.it\/wp-content\/uploads\/2022\/07\/Vetrata-Moderna-con-il-Lago.webp\" class=\"attachment-full size-full wp-image-23663\" alt=\"Vitral art\u00edstico moderno de colores\" \/><\/a>\n\t\t\t\t\t<\/div>\n\t\t\n\t\t\t\n\t\t\t<div class=\"uael-post__content-wrap\">\n\n\t\t\t\t\t<h4 class=\"uael-post__title\">\n\n\t\t\n\t\t\t\t\t\t<a href=\"https:\/\/ikostudio.it\/es\/vitral-moderno-con-el-lago\/\" target=\"_self\">\n\t\t\t\tVitral moderno con el lago\t\t\t<\/a>\n\n\t\t\t\t<\/h4>\n\t\t\t\t\t<div class=\"uael-post__meta-data\">\n\t\t\t\t\t<span class=\"uael-post__date\">\n\t\t\t\t\t\t\t\t\t\t\t\t\t<svg aria-hidden=\"true\" class=\"e-font-icon-svg e-fa-calendar\" viewBox=\"0 0 448 512\" xmlns=\"http:\/\/www.w3.org\/2000\/svg\"><path d=\"M12 192h424c6.6 0 12 5.4 12 12v260c0 26.5-21.5 48-48 48H48c-26.5 0-48-21.5-48-48V204c0-6.6 5.4-12 12-12zm436-44v-36c0-26.5-21.5-48-48-48h-48V12c0-6.6-5.4-12-12-12h-40c-6.6 0-12 5.4-12 12v52H160V12c0-6.6-5.4-12-12-12h-40c-6.6 0-12 5.4-12 12v52H48C21.5 64 0 85.5 0 112v36c0 6.6 5.4 12 12 12h424c6.6 0 12-5.4 12-12z\"><\/path><\/svg>\t\t\t\t\t\t\t\t\t\n\t\t\t1 de agosto de 2022\t\t<\/span>\n\t\t<span class=\"uael-post__terms-meta uael-post__terms-meta-tag\"><svg aria-hidden=\"true\" class=\"e-font-icon-svg e-fas-tag\" viewBox=\"0 0 512 512\" xmlns=\"http:\/\/www.w3.org\/2000\/svg\"><path d=\"M0 252.118V48C0 21.49 21.49 0 48 0h204.118a48 48 0 0 1 33.941 14.059l211.882 211.882c18.745 18.745 18.745 49.137 0 67.882L293.823 497.941c-18.745 18.745-49.137 18.745-67.882 0L14.059 286.059A48 48 0 0 1 0 252.118zM112 64c-26.51 0-48 21.49-48 48s21.49 48 48 48 48-21.49 48-48-21.49-48-48-48z\"><\/path><\/svg> <a href=\"https:\/\/ikostudio.it\/es\/tag\/lago-de-bolsena\/\" class=\"uael-listing__terms-link\" id=\"uael-post-term-lago-de-bolsena\" aria-labelledby=\"uael-post-term-lago-de-bolsena\">Lago de Bolsena<\/a> <a href=\"https:\/\/ikostudio.it\/es\/tag\/naturaleza\/\" class=\"uael-listing__terms-link\" id=\"uael-post-term-naturaleza\" aria-labelledby=\"uael-post-term-naturaleza\">Naturaleza<\/a><\/span>\t\t<\/div>\n\t\t<div class=\"uael-post__separator\"><\/div>\n\t\t<div class=\"uael-post__excerpt\">\n\t\t\tVitral moderno con el lago: un homenaje al Lago de Bolsena El Lago de Bolsena nos ha fascinado desde el momento en que lo conocimos, ...\t\t<\/div>\n\n\t\t\t\t\t<a class=\"uael-post__read-more elementor-button\" href=\"https:\/\/ikostudio.it\/es\/vitral-moderno-con-el-lago\/\" target=\"_self\" aria-labelledby=\"uael-post-23693\">\n\t\t\t\t\t<span class=\"elementor-button-content-wrapper\">\n\t\t\t\t\t\t\t\t\t\t\t\t\t\t<span class=\"elementor-button-icon elementor-align-icon-right\">\n\n\t\t\t\t\t\t\t\t\t\t\t\t\t\t\t\t\t\t\t<i class=\"fa fa-arrow-right\" aria-hidden=\"true\"><\/i>\n\t\t\t\t\t\t\t\t\t\n\t\t\t\t\t\t\t\t<\/span>\n\t\t\t\t\t\t\t\t\t\t\t\t\t\n\t\t\t\t\t\t<span class=\"elementor-button-text\" id=uael-post-23693>Leer m\u00e1s \u2192<\/span>\n\t\t\t\t\t<\/span>\n\t\t\t\t<\/a>\n\t\t\t\t\t\t<\/div>\n\t\t\t\n\t\t<\/div>\n\t\t\n\t<\/div>\n\n<\/div>\n\n<div class=\"uael-post-wrapper   blog-di-vetrate-artistiche \">\n\t<div class=\"uael-post__bg-wrap\">\n\n\t\t\t\t\t<a href=\"https:\/\/ikostudio.it\/es\/vitrales-con-pajaros\/\" target=\"_blank\" class=\"uael-post__complete-box-overlay\" aria-label=\"Caja de enlace completa\"><\/a>\n\t\t\t\t\n\t\t<div class=\"uael-post__inner-wrap \">\n\n\t\t\t\t<div class=\"uael-post__thumbnail\">\n\t\t\t\n\t\t\t<a href=\"https:\/\/ikostudio.it\/es\/vitrales-con-pajaros\/\" target=\"_blank\" title=\"Vitrales con p\u00e1jaros\"><img loading=\"lazy\" decoding=\"async\" width=\"980\" height=\"323\" src=\"https:\/\/ikostudio.it\/wp-content\/uploads\/2022\/05\/Vetrata-Artistica-con-Fenicotteri.webp\" class=\"attachment-full size-full wp-image-23460\" alt=\"Vitral con Flamencos\" \/><\/a>\n\t\t\t\t\t<\/div>\n\t\t\n\t\t\t\n\t\t\t<div class=\"uael-post__content-wrap\">\n\n\t\t\t\t\t<h4 class=\"uael-post__title\">\n\n\t\t\n\t\t\t\t\t\t<a href=\"https:\/\/ikostudio.it\/es\/vitrales-con-pajaros\/\" target=\"_self\">\n\t\t\t\tVitrales con p\u00e1jaros\t\t\t<\/a>\n\n\t\t\t\t<\/h4>\n\t\t\t\t\t<div class=\"uael-post__meta-data\">\n\t\t\t\t\t<span class=\"uael-post__date\">\n\t\t\t\t\t\t\t\t\t\t\t\t\t<svg aria-hidden=\"true\" class=\"e-font-icon-svg e-fa-calendar\" viewBox=\"0 0 448 512\" xmlns=\"http:\/\/www.w3.org\/2000\/svg\"><path d=\"M12 192h424c6.6 0 12 5.4 12 12v260c0 26.5-21.5 48-48 48H48c-26.5 0-48-21.5-48-48V204c0-6.6 5.4-12 12-12zm436-44v-36c0-26.5-21.5-48-48-48h-48V12c0-6.6-5.4-12-12-12h-40c-6.6 0-12 5.4-12 12v52H160V12c0-6.6-5.4-12-12-12h-40c-6.6 0-12 5.4-12 12v52H48C21.5 64 0 85.5 0 112v36c0 6.6 5.4 12 12 12h424c6.6 0 12-5.4 12-12z\"><\/path><\/svg>\t\t\t\t\t\t\t\t\t\n\t\t\t4 de mayo de 2022\t\t<\/span>\n\t\t<span class=\"uael-post__terms-meta uael-post__terms-meta-tag\"><svg aria-hidden=\"true\" class=\"e-font-icon-svg e-fas-tag\" viewBox=\"0 0 512 512\" xmlns=\"http:\/\/www.w3.org\/2000\/svg\"><path d=\"M0 252.118V48C0 21.49 21.49 0 48 0h204.118a48 48 0 0 1 33.941 14.059l211.882 211.882c18.745 18.745 18.745 49.137 0 67.882L293.823 497.941c-18.745 18.745-49.137 18.745-67.882 0L14.059 286.059A48 48 0 0 1 0 252.118zM112 64c-26.51 0-48 21.49-48 48s21.49 48 48 48 48-21.49 48-48-21.49-48-48-48z\"><\/path><\/svg> <a href=\"https:\/\/ikostudio.it\/es\/tag\/abubilla\/\" class=\"uael-listing__terms-link\" id=\"uael-post-term-abubilla\" aria-labelledby=\"uael-post-term-abubilla\">Abubilla<\/a> <a href=\"https:\/\/ikostudio.it\/es\/tag\/buho\/\" class=\"uael-listing__terms-link\" id=\"uael-post-term-buho\" aria-labelledby=\"uael-post-term-buho\">B\u00faho<\/a><\/span>\t\t<\/div>\n\t\t<div class=\"uael-post__separator\"><\/div>\n\t\t<div class=\"uael-post__excerpt\">\n\t\t\tVitrales con p\u00e1jaros: Creaciones Exclusivas y Refinadas En IKO Studio hemos creado una serie de vitrales art\u00edsticos con p\u00e1jaros, celebrando su belleza y encanto atemporal. ...\t\t<\/div>\n\n\t\t\t\t\t<a class=\"uael-post__read-more elementor-button\" href=\"https:\/\/ikostudio.it\/es\/vitrales-con-pajaros\/\" target=\"_self\" aria-labelledby=\"uael-post-23511\">\n\t\t\t\t\t<span class=\"elementor-button-content-wrapper\">\n\t\t\t\t\t\t\t\t\t\t\t\t\t\t<span class=\"elementor-button-icon elementor-align-icon-right\">\n\n\t\t\t\t\t\t\t\t\t\t\t\t\t\t\t\t\t\t\t<i class=\"fa fa-arrow-right\" aria-hidden=\"true\"><\/i>\n\t\t\t\t\t\t\t\t\t\n\t\t\t\t\t\t\t\t<\/span>\n\t\t\t\t\t\t\t\t\t\t\t\t\t\n\t\t\t\t\t\t<span class=\"elementor-button-text\" id=uael-post-23511>Leer m\u00e1s \u2192<\/span>\n\t\t\t\t\t<\/span>\n\t\t\t\t<\/a>\n\t\t\t\t\t\t<\/div>\n\t\t\t\n\t\t<\/div>\n\t\t\n\t<\/div>\n\n<\/div>\n\n<div class=\"uael-post-wrapper   blog-di-vetrate-artistiche \">\n\t<div class=\"uael-post__bg-wrap\">\n\n\t\t\t\t\t<a href=\"https:\/\/ikostudio.it\/es\/lamparas-con-mariposas\/\" target=\"_blank\" class=\"uael-post__complete-box-overlay\" aria-label=\"Caja de enlace completa\"><\/a>\n\t\t\t\t\n\t\t<div class=\"uael-post__inner-wrap \">\n\n\t\t\t\t<div class=\"uael-post__thumbnail\">\n\t\t\t\n\t\t\t<a href=\"https:\/\/ikostudio.it\/es\/lamparas-con-mariposas\/\" target=\"_blank\" title=\"L\u00e1mparas con mariposas\"><img loading=\"lazy\" decoding=\"async\" width=\"980\" height=\"736\" src=\"https:\/\/ikostudio.it\/wp-content\/uploads\/2021\/11\/Lampade-con-farfalle.webp\" class=\"attachment-full size-full wp-image-22603\" alt=\"L\u00e1mparas con mariposas\" \/><\/a>\n\t\t\t\t\t<\/div>\n\t\t\n\t\t\t\n\t\t\t<div class=\"uael-post__content-wrap\">\n\n\t\t\t\t\t<h4 class=\"uael-post__title\">\n\n\t\t\n\t\t\t\t\t\t<a href=\"https:\/\/ikostudio.it\/es\/lamparas-con-mariposas\/\" target=\"_self\">\n\t\t\t\tL\u00e1mparas con mariposas\t\t\t<\/a>\n\n\t\t\t\t<\/h4>\n\t\t\t\t\t<div class=\"uael-post__meta-data\">\n\t\t\t\t\t<span class=\"uael-post__date\">\n\t\t\t\t\t\t\t\t\t\t\t\t\t<svg aria-hidden=\"true\" class=\"e-font-icon-svg e-fa-calendar\" viewBox=\"0 0 448 512\" xmlns=\"http:\/\/www.w3.org\/2000\/svg\"><path d=\"M12 192h424c6.6 0 12 5.4 12 12v260c0 26.5-21.5 48-48 48H48c-26.5 0-48-21.5-48-48V204c0-6.6 5.4-12 12-12zm436-44v-36c0-26.5-21.5-48-48-48h-48V12c0-6.6-5.4-12-12-12h-40c-6.6 0-12 5.4-12 12v52H160V12c0-6.6-5.4-12-12-12h-40c-6.6 0-12 5.4-12 12v52H48C21.5 64 0 85.5 0 112v36c0 6.6 5.4 12 12 12h424c6.6 0 12-5.4 12-12z\"><\/path><\/svg>\t\t\t\t\t\t\t\t\t\n\t\t\t28 de noviembre de 2021\t\t<\/span>\n\t\t<span class=\"uael-post__terms-meta uael-post__terms-meta-tag\"><svg aria-hidden=\"true\" class=\"e-font-icon-svg e-fas-tag\" viewBox=\"0 0 512 512\" xmlns=\"http:\/\/www.w3.org\/2000\/svg\"><path d=\"M0 252.118V48C0 21.49 21.49 0 48 0h204.118a48 48 0 0 1 33.941 14.059l211.882 211.882c18.745 18.745 18.745 49.137 0 67.882L293.823 497.941c-18.745 18.745-49.137 18.745-67.882 0L14.059 286.059A48 48 0 0 1 0 252.118zM112 64c-26.51 0-48 21.49-48 48s21.49 48 48 48 48-21.49 48-48-21.49-48-48-48z\"><\/path><\/svg> <a href=\"https:\/\/ikostudio.it\/es\/tag\/iluminacion-artesanal\/\" class=\"uael-listing__terms-link\" id=\"uael-post-term-iluminacion-artesanal\" aria-labelledby=\"uael-post-term-iluminacion-artesanal\">iluminaci\u00f3n artesanal<\/a> <a href=\"https:\/\/ikostudio.it\/es\/tag\/iluminacion-artistica\/\" class=\"uael-listing__terms-link\" id=\"uael-post-term-iluminacion-artistica\" aria-labelledby=\"uael-post-term-iluminacion-artistica\">iluminaci\u00f3n art\u00edstica<\/a><\/span>\t\t<\/div>\n\t\t<div class=\"uael-post__separator\"><\/div>\n\t\t<div class=\"uael-post__excerpt\">\n\t\t\tL\u00e1mparas con mariposas Nos han encargado dos l\u00e1mparas con mariposas para un apartamento en Roma. La solicitud fue la realizaci\u00f3n de dos l\u00e1mparas de sobremesa ...\t\t<\/div>\n\n\t\t\t\t\t<a class=\"uael-post__read-more elementor-button\" href=\"https:\/\/ikostudio.it\/es\/lamparas-con-mariposas\/\" target=\"_self\" aria-labelledby=\"uael-post-22657\">\n\t\t\t\t\t<span class=\"elementor-button-content-wrapper\">\n\t\t\t\t\t\t\t\t\t\t\t\t\t\t<span class=\"elementor-button-icon elementor-align-icon-right\">\n\n\t\t\t\t\t\t\t\t\t\t\t\t\t\t\t\t\t\t\t<i class=\"fa fa-arrow-right\" aria-hidden=\"true\"><\/i>\n\t\t\t\t\t\t\t\t\t\n\t\t\t\t\t\t\t\t<\/span>\n\t\t\t\t\t\t\t\t\t\t\t\t\t\n\t\t\t\t\t\t<span class=\"elementor-button-text\" id=uael-post-22657>Leer m\u00e1s \u2192<\/span>\n\t\t\t\t\t<\/span>\n\t\t\t\t<\/a>\n\t\t\t\t\t\t<\/div>\n\t\t\t\n\t\t<\/div>\n\t\t\n\t<\/div>\n\n<\/div>\n\n<div class=\"uael-post-wrapper   blog-di-vetrate-artistiche \">\n\t<div class=\"uael-post__bg-wrap\">\n\n\t\t\t\t\t<a href=\"https:\/\/ikostudio.it\/es\/vitrales-artisticos-con-mariposas\/\" target=\"_blank\" class=\"uael-post__complete-box-overlay\" aria-label=\"Caja de enlace completa\"><\/a>\n\t\t\t\t\n\t\t<div class=\"uael-post__inner-wrap \">\n\n\t\t\t\t<div class=\"uael-post__thumbnail\">\n\t\t\t\n\t\t\t<a href=\"https:\/\/ikostudio.it\/es\/vitrales-artisticos-con-mariposas\/\" target=\"_blank\" title=\"Vitrales art\u00edsticos con mariposas\"><img loading=\"lazy\" decoding=\"async\" width=\"640\" height=\"361\" src=\"https:\/\/ikostudio.it\/wp-content\/uploads\/2019\/08\/Farfalle-in-Vetrate-Artistiche.webp\" class=\"attachment-full size-full wp-image-1808\" alt=\"Vitrales art\u00edsticos con mariposas\" \/><\/a>\n\t\t\t\t\t<\/div>\n\t\t\n\t\t\t\n\t\t\t<div class=\"uael-post__content-wrap\">\n\n\t\t\t\t\t<h4 class=\"uael-post__title\">\n\n\t\t\n\t\t\t\t\t\t<a href=\"https:\/\/ikostudio.it\/es\/vitrales-artisticos-con-mariposas\/\" target=\"_self\">\n\t\t\t\tVitrales art\u00edsticos con mariposas\t\t\t<\/a>\n\n\t\t\t\t<\/h4>\n\t\t\t\t\t<div class=\"uael-post__meta-data\">\n\t\t\t\t\t<span class=\"uael-post__date\">\n\t\t\t\t\t\t\t\t\t\t\t\t\t<svg aria-hidden=\"true\" class=\"e-font-icon-svg e-fa-calendar\" viewBox=\"0 0 448 512\" xmlns=\"http:\/\/www.w3.org\/2000\/svg\"><path d=\"M12 192h424c6.6 0 12 5.4 12 12v260c0 26.5-21.5 48-48 48H48c-26.5 0-48-21.5-48-48V204c0-6.6 5.4-12 12-12zm436-44v-36c0-26.5-21.5-48-48-48h-48V12c0-6.6-5.4-12-12-12h-40c-6.6 0-12 5.4-12 12v52H160V12c0-6.6-5.4-12-12-12h-40c-6.6 0-12 5.4-12 12v52H48C21.5 64 0 85.5 0 112v36c0 6.6 5.4 12 12 12h424c6.6 0 12-5.4 12-12z\"><\/path><\/svg>\t\t\t\t\t\t\t\t\t\n\t\t\t28 de noviembre de 2021\t\t<\/span>\n\t\t<span class=\"uael-post__terms-meta uael-post__terms-meta-tag\"><svg aria-hidden=\"true\" class=\"e-font-icon-svg e-fas-tag\" viewBox=\"0 0 512 512\" xmlns=\"http:\/\/www.w3.org\/2000\/svg\"><path d=\"M0 252.118V48C0 21.49 21.49 0 48 0h204.118a48 48 0 0 1 33.941 14.059l211.882 211.882c18.745 18.745 18.745 49.137 0 67.882L293.823 497.941c-18.745 18.745-49.137 18.745-67.882 0L14.059 286.059A48 48 0 0 1 0 252.118zM112 64c-26.51 0-48 21.49-48 48s21.49 48 48 48 48-21.49 48-48-21.49-48-48-48z\"><\/path><\/svg> <a href=\"https:\/\/ikostudio.it\/es\/tag\/arte-y-mariposas\/\" class=\"uael-listing__terms-link\" id=\"uael-post-term-arte-y-mariposas\" aria-labelledby=\"uael-post-term-arte-y-mariposas\">Arte y mariposas<\/a> <a href=\"https:\/\/ikostudio.it\/es\/tag\/damien-hirst-es\/\" class=\"uael-listing__terms-link\" id=\"uael-post-term-damien-hirst-es\" aria-labelledby=\"uael-post-term-damien-hirst-es\">Damien Hirst<\/a><\/span>\t\t<\/div>\n\t\t<div class=\"uael-post__separator\"><\/div>\n\t\t<div class=\"uael-post__excerpt\">\n\t\t\tEl uso de la imagen de la mariposa representada en el vitral en un art\u00edculo de Diego Tolomelli\t\t<\/div>\n\n\t\t\t\t\t<a class=\"uael-post__read-more elementor-button\" href=\"https:\/\/ikostudio.it\/es\/vitrales-artisticos-con-mariposas\/\" target=\"_self\" aria-labelledby=\"uael-post-22598\">\n\t\t\t\t\t<span class=\"elementor-button-content-wrapper\">\n\t\t\t\t\t\t\t\t\t\t\t\t\t\t<span class=\"elementor-button-icon elementor-align-icon-right\">\n\n\t\t\t\t\t\t\t\t\t\t\t\t\t\t\t\t\t\t\t<i class=\"fa fa-arrow-right\" aria-hidden=\"true\"><\/i>\n\t\t\t\t\t\t\t\t\t\n\t\t\t\t\t\t\t\t<\/span>\n\t\t\t\t\t\t\t\t\t\t\t\t\t\n\t\t\t\t\t\t<span class=\"elementor-button-text\" id=uael-post-22598>Leer m\u00e1s \u2192<\/span>\n\t\t\t\t\t<\/span>\n\t\t\t\t<\/a>\n\t\t\t\t\t\t<\/div>\n\t\t\t\n\t\t<\/div>\n\t\t\n\t<\/div>\n\n<\/div>\n\n<div class=\"uael-post-wrapper   blog-di-vetrate-artistiche non-categorizzato \">\n\t<div class=\"uael-post__bg-wrap\">\n\n\t\t\t\t\t<a href=\"https:\/\/ikostudio.it\/es\/puerta-con-vidriera-artistica-de-estilo-veneciano\/\" target=\"_blank\" class=\"uael-post__complete-box-overlay\" aria-label=\"Caja de enlace completa\"><\/a>\n\t\t\t\t\n\t\t<div class=\"uael-post__inner-wrap \">\n\n\t\t\t\t<div class=\"uael-post__thumbnail\">\n\t\t\t\n\t\t\t<a href=\"https:\/\/ikostudio.it\/es\/puerta-con-vidriera-artistica-de-estilo-veneciano\/\" target=\"_blank\" title=\"Puerta con Vidriera Art\u00edstica de Estilo Veneciano\"><img loading=\"lazy\" decoding=\"async\" width=\"980\" height=\"736\" src=\"https:\/\/ikostudio.it\/wp-content\/uploads\/2021\/11\/Porta-Atmosfera-Veneziana-Particolare.webp\" class=\"attachment-full size-full wp-image-22482\" alt=\"Puerta Atm\u00f3sfera Veneciana\" \/><\/a>\n\t\t\t\t\t<\/div>\n\t\t\n\t\t\t\n\t\t\t<div class=\"uael-post__content-wrap\">\n\n\t\t\t\t\t<h4 class=\"uael-post__title\">\n\n\t\t\n\t\t\t\t\t\t<a href=\"https:\/\/ikostudio.it\/es\/puerta-con-vidriera-artistica-de-estilo-veneciano\/\" target=\"_self\">\n\t\t\t\tPuerta con Vidriera Art\u00edstica de Estilo Veneciano\t\t\t<\/a>\n\n\t\t\t\t<\/h4>\n\t\t\t\t\t<div class=\"uael-post__meta-data\">\n\t\t\t\t\t<span class=\"uael-post__date\">\n\t\t\t\t\t\t\t\t\t\t\t\t\t<svg aria-hidden=\"true\" class=\"e-font-icon-svg e-fa-calendar\" viewBox=\"0 0 448 512\" xmlns=\"http:\/\/www.w3.org\/2000\/svg\"><path d=\"M12 192h424c6.6 0 12 5.4 12 12v260c0 26.5-21.5 48-48 48H48c-26.5 0-48-21.5-48-48V204c0-6.6 5.4-12 12-12zm436-44v-36c0-26.5-21.5-48-48-48h-48V12c0-6.6-5.4-12-12-12h-40c-6.6 0-12 5.4-12 12v52H160V12c0-6.6-5.4-12-12-12h-40c-6.6 0-12 5.4-12 12v52H48C21.5 64 0 85.5 0 112v36c0 6.6 5.4 12 12 12h424c6.6 0 12-5.4 12-12z\"><\/path><\/svg>\t\t\t\t\t\t\t\t\t\n\t\t\t18 de noviembre de 2021\t\t<\/span>\n\t\t<span class=\"uael-post__terms-meta uael-post__terms-meta-tag\"><svg aria-hidden=\"true\" class=\"e-font-icon-svg e-fas-tag\" viewBox=\"0 0 512 512\" xmlns=\"http:\/\/www.w3.org\/2000\/svg\"><path d=\"M0 252.118V48C0 21.49 21.49 0 48 0h204.118a48 48 0 0 1 33.941 14.059l211.882 211.882c18.745 18.745 18.745 49.137 0 67.882L293.823 497.941c-18.745 18.745-49.137 18.745-67.882 0L14.059 286.059A48 48 0 0 1 0 252.118zM112 64c-26.51 0-48 21.49-48 48s21.49 48 48 48 48-21.49 48-48-21.49-48-48-48z\"><\/path><\/svg> <a href=\"https:\/\/ikostudio.it\/es\/tag\/puerta-artesanal\/\" class=\"uael-listing__terms-link\" id=\"uael-post-term-puerta-artesanal\" aria-labelledby=\"uael-post-term-puerta-artesanal\">Puerta artesanal<\/a> <a href=\"https:\/\/ikostudio.it\/es\/tag\/puerta-artistica\/\" class=\"uael-listing__terms-link\" id=\"uael-post-term-puerta-artistica\" aria-labelledby=\"uael-post-term-puerta-artistica\">puerta art\u00edstica<\/a><\/span>\t\t<\/div>\n\t\t<div class=\"uael-post__separator\"><\/div>\n\t\t<div class=\"uael-post__excerpt\">\n\t\t\tPuerta con Vidriera Art\u00edstica de Estilo Veneciano \u2013 Dise\u00f1o a Medida Nuestra Puerta con Vidriera Art\u00edstica de Estilo Veneciano se inspira en los emblem\u00e1ticos arcos ...\t\t<\/div>\n\n\t\t\t\t\t<a class=\"uael-post__read-more elementor-button\" href=\"https:\/\/ikostudio.it\/es\/puerta-con-vidriera-artistica-de-estilo-veneciano\/\" target=\"_self\" aria-labelledby=\"uael-post-22496\">\n\t\t\t\t\t<span class=\"elementor-button-content-wrapper\">\n\t\t\t\t\t\t\t\t\t\t\t\t\t\t<span class=\"elementor-button-icon elementor-align-icon-right\">\n\n\t\t\t\t\t\t\t\t\t\t\t\t\t\t\t\t\t\t\t<i class=\"fa fa-arrow-right\" aria-hidden=\"true\"><\/i>\n\t\t\t\t\t\t\t\t\t\n\t\t\t\t\t\t\t\t<\/span>\n\t\t\t\t\t\t\t\t\t\t\t\t\t\n\t\t\t\t\t\t<span class=\"elementor-button-text\" id=uael-post-22496>Leer m\u00e1s \u2192<\/span>\n\t\t\t\t\t<\/span>\n\t\t\t\t<\/a>\n\t\t\t\t\t\t<\/div>\n\t\t\t\n\t\t<\/div>\n\t\t\n\t<\/div>\n\n<\/div>\n\t\t\t\t<\/div>\n\t\t\t\t\t\t<div class=\"uael-post-inf-loader\">\n\t\t\t\t<div class=\"uael-post-loader-1\"><\/div>\n\t\t\t\t<div class=\"uael-post-loader-2\"><\/div>\n\t\t\t\t<div class=\"uael-post-loader-3\"><\/div>\n\t\t\t<\/div>\n\t\t\t\t\t\t\n\t\t<\/div>\n\n\t\t\t\t\t\t<\/div>\n\t\t<div class=\"uael-post__footer\">\n\t\t\t\t\t\t<nav class=\"uael-grid-pagination\" style=\"display:none;\" role=\"navigation\" aria-label=\"Paginaci\u00f3n\" data-total=\"2\" data-next-page=\"2\">\n\t\t\t\t\t\t\t<\/nav>\n\t\t\t\t\t<\/div>\n\t\t\t\t\t\t<\/div>\n\t\t\t\t<\/div>\n\t\t\t\t<\/div>\n\t\t\t\t\t<\/div>\n\t\t\t\t<\/div>\n\t\t\t\t<\/div>\n\t\t","protected":false},"excerpt":{"rendered":"<p>Vetrate artistiche per una chiesa in Africa October 17, 2024 Vetrate artistiche per una chiesa in Africa All&#8217;inizio dell&#8217;anno siamo stati coinvolti nella progettazione e realizzazione di un set di cinque vetrate artistiche per una chiesa in Africa, precisamente in Ruanda. Il progetto \u00e8 nato con una telefonata dagli Stati Uniti, una prima conversazione per [&hellip;]<\/p>\n","protected":false},"author":3,"featured_media":0,"parent":0,"menu_order":0,"comment_status":"closed","ping_status":"closed","template":"","meta":{"footnotes":""},"class_list":["post-1337","page","type-page","status-publish","hentry"],"_links":{"self":[{"href":"https:\/\/ikostudio.it\/es\/wp-json\/wp\/v2\/pages\/1337","targetHints":{"allow":["GET"]}}],"collection":[{"href":"https:\/\/ikostudio.it\/es\/wp-json\/wp\/v2\/pages"}],"about":[{"href":"https:\/\/ikostudio.it\/es\/wp-json\/wp\/v2\/types\/page"}],"author":[{"embeddable":true,"href":"https:\/\/ikostudio.it\/es\/wp-json\/wp\/v2\/users\/3"}],"replies":[{"embeddable":true,"href":"https:\/\/ikostudio.it\/es\/wp-json\/wp\/v2\/comments?post=1337"}],"version-history":[{"count":0,"href":"https:\/\/ikostudio.it\/es\/wp-json\/wp\/v2\/pages\/1337\/revisions"}],"wp:attachment":[{"href":"https:\/\/ikostudio.it\/es\/wp-json\/wp\/v2\/media?parent=1337"}],"curies":[{"name":"wp","href":"https:\/\/api.w.org\/{rel}","templated":true}]}}