{"id":1321,"date":"2014-03-13T00:00:00","date_gmt":"2014-03-13T00:00:00","guid":{"rendered":"http:\/\/ikostudio.it\/index.php\/biografia\/"},"modified":"2024-12-18T09:10:07","modified_gmt":"2024-12-18T09:10:07","slug":"diego-tolomelli-artista-de-vitrales","status":"publish","type":"page","link":"https:\/\/ikostudio.it\/es\/diego-tolomelli-artista-de-vitrales\/","title":{"rendered":"Diego Tolomelli Artista de Vitrales"},"content":{"rendered":"\t\t<div data-elementor-type=\"wp-post\" data-elementor-id=\"1321\" class=\"elementor elementor-1321 elementor-943\" data-elementor-post-type=\"page\">\n\t\t\t\t<div class=\"elementor-element elementor-element-8351d10 e-flex e-con-boxed e-con e-parent\" data-id=\"8351d10\" data-element_type=\"container\" data-e-type=\"container\">\n\t\t\t\t\t<div class=\"e-con-inner\">\n\t\t\t\t<div class=\"elementor-element elementor-element-f097258 elementor-widget elementor-widget-text-editor\" data-id=\"f097258\" data-element_type=\"widget\" data-e-type=\"widget\" data-widget_type=\"text-editor.default\">\n\t\t\t\t<div class=\"elementor-widget-container\">\n\t\t\t\t\t\t\t\t\t<h1>Diego Tolomelli, artista de vitrales<\/h1>\n<p>Nacido en Pav\u00eda en 1974, Diego Tolomelli, artista de vitrales, comenz\u00f3 su andadura art\u00edstica tras finalizar sus estudios de agrimensor, optando por su pasi\u00f3n por el arte. Fascinado por el mundo del vitral art\u00edstico, se form\u00f3 inicialmente en el taller, donde aprendi\u00f3 la t\u00e9cnica Tiffany. Sus primeras obras, paneles decorativos y objetos de arte en vidrio, le permitieron perfeccionar esta t\u00e9cnica y recibir sus primeros encargos de amigos y familiares.<\/p>\n\t\t\t\t\t\t\t\t<\/div>\n\t\t\t\t<\/div>\n\t\t\t\t\t<\/div>\n\t\t\t\t<\/div>\n\t\t<div class=\"elementor-element elementor-element-aea5830 e-flex e-con-boxed e-con e-parent\" data-id=\"aea5830\" data-element_type=\"container\" data-e-type=\"container\">\n\t\t\t\t\t<div class=\"e-con-inner\">\n\t\t<div class=\"elementor-element elementor-element-f710e38 e-con-full e-flex e-con e-child\" data-id=\"f710e38\" data-element_type=\"container\" data-e-type=\"container\">\n\t\t\t\t<div class=\"elementor-element elementor-element-4f8077a elementor-widget elementor-widget-image\" data-id=\"4f8077a\" data-element_type=\"widget\" data-e-type=\"widget\" data-widget_type=\"image.default\">\n\t\t\t\t<div class=\"elementor-widget-container\">\n\t\t\t\t\t\t\t\t\t\t\t\t\t\t\t<img fetchpriority=\"high\" decoding=\"async\" width=\"459\" height=\"750\" src=\"https:\/\/ikostudio.it\/wp-content\/uploads\/2024\/12\/Diego-Tolomelli-Artista-di-Vetrate.webp\" class=\"attachment-large size-large wp-image-28314\" alt=\"Diego Tolomelli Artista de Vitrales y Vidrieras\" \/>\t\t\t\t\t\t\t\t\t\t\t\t\t\t\t<\/div>\n\t\t\t\t<\/div>\n\t\t\t\t<\/div>\n\t\t<div class=\"elementor-element elementor-element-2da9c19 e-con-full e-flex e-con e-child\" data-id=\"2da9c19\" data-element_type=\"container\" data-e-type=\"container\">\n\t\t\t\t<div class=\"elementor-element elementor-element-e0ca074 elementor-widget elementor-widget-text-editor\" data-id=\"e0ca074\" data-element_type=\"widget\" data-e-type=\"widget\" data-widget_type=\"text-editor.default\">\n\t\t\t\t<div class=\"elementor-widget-container\">\n\t\t\t\t\t\t\t\t\t<h2>Londres y la experiencia en prestigiosos estudios de vitrales<\/h2>\n<p>En 1998, Diego se mud\u00f3 a Londres, donde comenz\u00f3 a vender sus creaciones en vidrio en el famoso <strong>mercado de Portobello<\/strong>, mientras aprendes el conocimiento del idioma ingl\u00e9s.<br \/>\nEn el a\u00f1o 2000 fue contratado en los hist\u00f3rico taller de vitrales <strong>John Hardman Studios<\/strong>, fundado en 1838, uno de los talleres de creaci\u00f3n de mobiliario lit\u00fargico para iglesias g\u00f3ticas cat\u00f3licas m\u00e1s importantes del Reino Unido. Inicialmente dedicado a tareas b\u00e1sicas, como estucar vidrieras, Diego r\u00e1pidamente se distingui\u00f3 por sus habilidades. Al poco tiempo se le encomendaron tareas m\u00e1s complejas, como cortar vidrio y montar vidrieras emplomadas. Durante este per\u00edodo, descubri\u00f3 la t\u00e9cnica de la grisalla, la tradicional pintura sobre vidrio, que se convirti\u00f3 en el coraz\u00f3n de su pasi\u00f3n art\u00edstica.<\/p>\n<p>En 2005 se uni\u00f3 al equipo de <strong>Norgrove Studios<\/strong> en Redditch, especializ\u00e1ndose en la restauraci\u00f3n y conservaci\u00f3n de vidrieras en iglesias de Gales y las Midlands inglesas. Aqu\u00ed adquiri\u00f3 experiencia pr\u00e1ctica en obras de construcci\u00f3n, aprendiendo a quitar vidrieras antiguas de estructuras de piedra medievales, restaurarlas siguiendo las reglas de la restauraci\u00f3n conservadora y reinstalarlas con t\u00e9cnicas originales de la \u00e9poca.<\/p>\n\t\t\t\t\t\t\t\t<\/div>\n\t\t\t\t<\/div>\n\t\t\t\t<\/div>\n\t\t\t\t\t<\/div>\n\t\t\t\t<\/div>\n\t\t<div class=\"elementor-element elementor-element-e78de2f e-flex e-con-boxed e-con e-parent\" data-id=\"e78de2f\" data-element_type=\"container\" data-e-type=\"container\">\n\t\t\t\t\t<div class=\"e-con-inner\">\n\t\t\t\t<div class=\"elementor-element elementor-element-b396d1f elementor-widget elementor-widget-text-editor\" data-id=\"b396d1f\" data-element_type=\"widget\" data-e-type=\"widget\" data-widget_type=\"text-editor.default\">\n\t\t\t\t<div class=\"elementor-widget-container\">\n\t\t\t\t\t\t\t\t\t<p>Entre los proyectos m\u00e1s importantes en los que ha colaborado:<\/p>\n<ul>\n<li>La reproducci\u00f3n de las vidrieras del \u00e1bside principal de la <strong>iglesia de Farm Street en Londres<\/strong> para un encargo privado en Jap\u00f3n, una obra monumental que ocup\u00f3 todo el estudio durante m\u00e1s de cuatro meses.<\/li>\n<li>La restauraci\u00f3n de una prestigiosa colecci\u00f3n de vitrales medievales para <strong>Sam Fogg<\/strong>, con obras datadas entre 1200 y 1500, expuestas en Londres y documentadas en el cat\u00e1logo \u00abImages in Light: Stained Glass 1200-1550\u00bb. Esta colecci\u00f3n fue adquirida posteriormente por el <a href=\"https:\/\/www.getty.edu\/art\/exhibitions\/stained_glass\/\" target=\"_blank\" rel=\"noopener\"><strong>Museo Getty<\/strong><\/a>. Diego se sorprendi\u00f3 al descubrir a\u00f1os despu\u00e9s que una restauraci\u00f3n que hab\u00eda realizado hab\u00eda sido elegida para la portada de un libro comprado en los Uffizi de Florencia.<\/li>\n<li>La creaci\u00f3n de ocho vitrales conmemorativas para el <strong>Parlamento Brit\u00e1nico<\/strong>, parte de los planes para el nuevo milenio. Estas obras de estilo naif representan la historia milenaria del Reino Unido con un dise\u00f1o complejo y simb\u00f3lico.<\/li>\n<\/ul>\n\t\t\t\t\t\t\t\t<\/div>\n\t\t\t\t<\/div>\n\t\t\t\t\t<\/div>\n\t\t\t\t<\/div>\n\t\t<div class=\"elementor-element elementor-element-b8bf08d e-grid e-con-boxed e-con e-parent\" data-id=\"b8bf08d\" data-element_type=\"container\" data-e-type=\"container\">\n\t\t\t\t\t<div class=\"e-con-inner\">\n\t\t\t\t<div class=\"elementor-element elementor-element-453550b elementor-widget elementor-widget-image\" data-id=\"453550b\" data-element_type=\"widget\" data-e-type=\"widget\" data-widget_type=\"image.default\">\n\t\t\t\t<div class=\"elementor-widget-container\">\n\t\t\t\t\t\t\t\t\t\t\t\t<figure class=\"wp-caption\">\n\t\t\t\t\t\t\t\t\t\t<img decoding=\"async\" width=\"200\" height=\"300\" src=\"https:\/\/ikostudio.it\/wp-content\/uploads\/2019\/08\/farm-street-200x300.jpg\" class=\"attachment-medium size-medium wp-image-482\" alt=\"Iglesia G\u00f3tica de Farm Street Londres\" srcset=\"https:\/\/ikostudio.it\/wp-content\/uploads\/2019\/08\/farm-street-200x300.jpg 200w, https:\/\/ikostudio.it\/wp-content\/uploads\/2019\/08\/farm-street.jpg 333w\" sizes=\"(max-width: 200px) 100vw, 200px\" \/>\t\t\t\t\t\t\t\t\t\t\t<figcaption class=\"widget-image-caption wp-caption-text\">Iglesia de Farm Street en Londres<\/figcaption>\n\t\t\t\t\t\t\t\t\t\t<\/figure>\n\t\t\t\t\t\t\t\t\t<\/div>\n\t\t\t\t<\/div>\n\t\t\t\t<div class=\"elementor-element elementor-element-c3b600f elementor-widget elementor-widget-image\" data-id=\"c3b600f\" data-element_type=\"widget\" data-e-type=\"widget\" data-widget_type=\"image.default\">\n\t\t\t\t<div class=\"elementor-widget-container\">\n\t\t\t\t\t\t\t\t\t\t\t\t<figure class=\"wp-caption\">\n\t\t\t\t\t\t\t\t\t\t<img decoding=\"async\" width=\"225\" height=\"300\" src=\"https:\/\/ikostudio.it\/wp-content\/uploads\/2024\/12\/Images-in-Light-Libro-di-Vetrate-225x300.jpg\" class=\"attachment-medium size-medium wp-image-28317\" alt=\"Images in Light Stained Glass 1200-1550 Libro Vidrieras Edad Media\" srcset=\"https:\/\/ikostudio.it\/wp-content\/uploads\/2024\/12\/Images-in-Light-Libro-di-Vetrate-225x300.jpg 225w, https:\/\/ikostudio.it\/wp-content\/uploads\/2024\/12\/Images-in-Light-Libro-di-Vetrate.jpg 563w\" sizes=\"(max-width: 225px) 100vw, 225px\" \/>\t\t\t\t\t\t\t\t\t\t\t<figcaption class=\"widget-image-caption wp-caption-text\">Images in Light Libro de Vidrieras<\/figcaption>\n\t\t\t\t\t\t\t\t\t\t<\/figure>\n\t\t\t\t\t\t\t\t\t<\/div>\n\t\t\t\t<\/div>\n\t\t\t\t<div class=\"elementor-element elementor-element-d7581ba elementor-widget elementor-widget-image\" data-id=\"d7581ba\" data-element_type=\"widget\" data-e-type=\"widget\" data-widget_type=\"image.default\">\n\t\t\t\t<div class=\"elementor-widget-container\">\n\t\t\t\t\t\t\t\t\t\t\t\t<figure class=\"wp-caption\">\n\t\t\t\t\t\t\t\t\t\t<img loading=\"lazy\" decoding=\"async\" width=\"220\" height=\"300\" src=\"https:\/\/ikostudio.it\/wp-content\/uploads\/2024\/12\/Vetrate-Artistiche-Parlamento-Britannico-220x300.jpg\" class=\"attachment-medium size-medium wp-image-28320\" alt=\"Vidrieras art\u00edsticas del Parlamento Brit\u00e1nico Londres Westminster\" srcset=\"https:\/\/ikostudio.it\/wp-content\/uploads\/2024\/12\/Vetrate-Artistiche-Parlamento-Britannico-220x300.jpg 220w, https:\/\/ikostudio.it\/wp-content\/uploads\/2024\/12\/Vetrate-Artistiche-Parlamento-Britannico.jpg 550w\" sizes=\"(max-width: 220px) 100vw, 220px\" \/>\t\t\t\t\t\t\t\t\t\t\t<figcaption class=\"widget-image-caption wp-caption-text\">Vidrieras art\u00edsticas del Parlamento Brit\u00e1nico<\/figcaption>\n\t\t\t\t\t\t\t\t\t\t<\/figure>\n\t\t\t\t\t\t\t\t\t<\/div>\n\t\t\t\t<\/div>\n\t\t\t\t\t<\/div>\n\t\t\t\t<\/div>\n\t\t<div class=\"elementor-element elementor-element-98e0cfd e-flex e-con-boxed e-con e-parent\" data-id=\"98e0cfd\" data-element_type=\"container\" data-e-type=\"container\">\n\t\t\t\t\t<div class=\"e-con-inner\">\n\t\t\t\t<div class=\"elementor-element elementor-element-36fb54b elementor-widget elementor-widget-text-editor\" data-id=\"36fb54b\" data-element_type=\"widget\" data-e-type=\"widget\" data-widget_type=\"text-editor.default\">\n\t\t\t\t<div class=\"elementor-widget-container\">\n\t\t\t\t\t\t\t\t\t<h2>El regreso a Italia y la fundaci\u00f3n de IKO Studio<\/h2>\n<p>Despu\u00e9s de siete a\u00f1os en el Reino Unido, Diego decide regresar a Italia, donde es contratado por el famoso estudio romano <strong>Vetrate d&#8217;Arte Giuliani<\/strong>. Aqu\u00ed contribuy\u00f3 a importantes proyectos para el Vaticano, incluida la creaci\u00f3n del escudo papal para la <strong>Universidad Lateranense<\/strong>.<\/p>\n<p>En este per\u00edodo colabor\u00f3 \u200b\u200bcon el artista <strong>Ivan Polverari<\/strong> para crear un vitral para la Capilla Pontificia de San Giovanni in Laterano. Adem\u00e1s, particip\u00f3 en el dise\u00f1o e instalaci\u00f3n de los vitrales de la <strong>Catedral de Abuja<\/strong> en Nigeria, experiencia que lo llev\u00f3 a desplazarse in situ para supervisar personalmente las obras.<\/p>\n<h3>Diego Tolomelli,\u00a0Artista de Vitrales y empresario<\/h3>\n<p>En 2008 fund\u00f3 <strong>IKO Studio<\/strong>, con el objetivo de aunar en un solo estudio las buenas pr\u00e1cticas adquiridas a lo largo de los distintos a\u00f1os de trabajo, junto con la organizaci\u00f3n del trabajo brit\u00e1nica y el perfecto conocimiento del ingl\u00e9s que pudiera abrirle las puertas a un mercado internacional.<\/p>\n<p>Comenz\u00f3 a darse a conocer abriendo inmediatamente una p\u00e1gina web, para ser pionero en el uso de las redes sociales pero tambi\u00e9n a nivel local con exposiciones y mercados.<\/p>\n<p>Y aqu\u00ed llegan los primeros encargos para Diego Tolomelli, Artista de Vitrales.<\/p>\n\t\t\t\t\t\t\t\t<\/div>\n\t\t\t\t<\/div>\n\t\t\t\t\t<\/div>\n\t\t\t\t<\/div>\n\t\t<div class=\"elementor-element elementor-element-b73cb06 e-flex e-con-boxed e-con e-parent\" data-id=\"b73cb06\" data-element_type=\"container\" data-e-type=\"container\">\n\t\t\t\t\t<div class=\"e-con-inner\">\n\t\t\t\t<div class=\"elementor-element elementor-element-15cf1c9 elementor-widget elementor-widget-image\" data-id=\"15cf1c9\" data-element_type=\"widget\" data-e-type=\"widget\" data-widget_type=\"image.default\">\n\t\t\t\t<div class=\"elementor-widget-container\">\n\t\t\t\t\t\t\t\t\t\t\t\t<figure class=\"wp-caption\">\n\t\t\t\t\t\t\t\t\t\t<img loading=\"lazy\" decoding=\"async\" width=\"800\" height=\"286\" src=\"https:\/\/ikostudio.it\/wp-content\/uploads\/2019\/08\/Vetrate-Monaci-Benedettini-di-Norcia.webp\" class=\"attachment-large size-large wp-image-2207\" alt=\"Vidrieras Sagradas para los Monjes Benedictinos de Nursia\" \/>\t\t\t\t\t\t\t\t\t\t\t<figcaption class=\"widget-image-caption wp-caption-text\">Vitrales Monjes Benedictinos de Nursia<\/figcaption>\n\t\t\t\t\t\t\t\t\t\t<\/figure>\n\t\t\t\t\t\t\t\t\t<\/div>\n\t\t\t\t<\/div>\n\t\t\t\t\t<\/div>\n\t\t\t\t<\/div>\n\t\t<div class=\"elementor-element elementor-element-844ac7b e-flex e-con-boxed e-con e-parent\" data-id=\"844ac7b\" data-element_type=\"container\" data-e-type=\"container\">\n\t\t\t\t\t<div class=\"e-con-inner\">\n\t\t\t\t<div class=\"elementor-element elementor-element-884b518 elementor-widget elementor-widget-text-editor\" data-id=\"884b518\" data-element_type=\"widget\" data-e-type=\"widget\" data-widget_type=\"text-editor.default\">\n\t\t\t\t<div class=\"elementor-widget-container\">\n\t\t\t\t\t\t\t\t\t<h3>Obras maestras y reconocimientos a lo largo de los a\u00f1os<\/h3>\n<ul>\n<li><strong>Iglesia de San Girolamo en Corviale, Roma (2012):<\/strong> creaci\u00f3n de dos vitrales art\u00edsticos.<\/li>\n<li><strong>Un nuevo estudio de vitrales (2014):<\/strong> la Asociaci\u00f3n Americana de Vidrieras Art\u00edsticas public\u00f3 un art\u00edculo en su revista contando la historia de la fundaci\u00f3n de IKO Studio y la experiencia de Diego Tolomelli, reconocido artista de vitrales.<\/li>\n<li><strong>Capilla Pontificia de la Universidad Lateranense (2017):<\/strong> restauraci\u00f3n y modificaci\u00f3n de un vitral previamente realizado en colaboraci\u00f3n con el estudio Vetrate d&#8217;Arte Giuliani.<\/li>\n<li><strong>Palazzo Nani Mocenigo, Venecia (2017):<\/strong> creaci\u00f3n de una ventana de tres luces con vidrios venecianos soplados de Murano, dise\u00f1ada para el hotel de lujo <a href=\"https:\/\/www.hotelnanimocenigo.com\/\" target=\"_blank\" rel=\"noopener\">Nani Mocenigo Palace<\/a>.<\/li>\n<li><strong>Expo Internacional Via Pulchritudinis (2018):<\/strong> Diego represent\u00f3 el arte sacro italiano, ilustrando t\u00e9cnicas y mensajes simb\u00f3licos propios del vitral art\u00edstico.<\/li>\n<li><strong>Monasterio Benedictino de Nursia (2018):<\/strong> creaci\u00f3n de cinco vitrales art\u00edsticos para la capilla de madera, construida tras el terremoto que destruy\u00f3 el complejo mon\u00e1stico.<\/li>\n<li><strong>Monasterio de las Monjas Benedictinas de Ghiffa (2022):<\/strong> dise\u00f1o y creaci\u00f3n de un gran vitral basado en una obra del artista Ivan Polverari.<\/li>\n<li><strong>Vitrales pare la Iglesia, <em><b>Our Mother Mary Queen of Heaven and Earth<\/b><\/em>, Ruanda (2023):<\/strong> dise\u00f1o de cinco vitrales figurativos, incluyendo una reproducci\u00f3n de <em>La \u00daltima Cena<\/em> de Leonardo, para una iglesia en Ruanda.<\/li>\n<\/ul>\n\t\t\t\t\t\t\t\t<\/div>\n\t\t\t\t<\/div>\n\t\t\t\t\t<\/div>\n\t\t\t\t<\/div>\n\t\t<div class=\"elementor-element elementor-element-ffda6cc e-grid e-con-boxed e-con e-parent\" data-id=\"ffda6cc\" data-element_type=\"container\" data-e-type=\"container\">\n\t\t\t\t\t<div class=\"e-con-inner\">\n\t\t\t\t<div class=\"elementor-element elementor-element-d8c2022 elementor-widget elementor-widget-image\" data-id=\"d8c2022\" data-element_type=\"widget\" data-e-type=\"widget\" data-widget_type=\"image.default\">\n\t\t\t\t<div class=\"elementor-widget-container\">\n\t\t\t\t\t\t\t\t\t\t\t\t<figure class=\"wp-caption\">\n\t\t\t\t\t\t\t\t\t\t\t<a href=\"https:\/\/ikostudio.it\/wp-content\/uploads\/2024\/12\/Vetrate-Palazzo-Nani-Mocenigo-Venezia.jpg\" data-elementor-open-lightbox=\"yes\" data-elementor-lightbox-title=\"Palacio Nani Mocenigo Venecia\" data-e-action-hash=\"#elementor-action%3Aaction%3Dlightbox%26settings%3DeyJpZCI6MjgzMjYsInVybCI6Imh0dHBzOlwvXC9pa29zdHVkaW8uaXRcL3dwLWNvbnRlbnRcL3VwbG9hZHNcLzIwMjRcLzEyXC9WZXRyYXRlLVBhbGF6em8tTmFuaS1Nb2Nlbmlnby1WZW5lemlhLndlYnAifQ%3D%3D\">\n\t\t\t\t\t\t\t<img loading=\"lazy\" decoding=\"async\" width=\"225\" height=\"300\" src=\"https:\/\/ikostudio.it\/wp-content\/uploads\/2024\/12\/Vetrate-Palazzo-Nani-Mocenigo-Venezia-225x300.jpg\" class=\"attachment-medium size-medium wp-image-28326\" alt=\"Palacio Nani Mocenigo Venecia\" srcset=\"https:\/\/ikostudio.it\/wp-content\/uploads\/2024\/12\/Vetrate-Palazzo-Nani-Mocenigo-Venezia-225x300.jpg 225w, https:\/\/ikostudio.it\/wp-content\/uploads\/2024\/12\/Vetrate-Palazzo-Nani-Mocenigo-Venezia.jpg 563w\" sizes=\"(max-width: 225px) 100vw, 225px\" \/>\t\t\t\t\t\t\t\t<\/a>\n\t\t\t\t\t\t\t\t\t\t\t<figcaption class=\"widget-image-caption wp-caption-text\">Palacio Nani Mocenigo en Venecia<\/figcaption>\n\t\t\t\t\t\t\t\t\t\t<\/figure>\n\t\t\t\t\t\t\t\t\t<\/div>\n\t\t\t\t<\/div>\n\t\t\t\t<div class=\"elementor-element elementor-element-eeba5f5 elementor-widget elementor-widget-image\" data-id=\"eeba5f5\" data-element_type=\"widget\" data-e-type=\"widget\" data-widget_type=\"image.default\">\n\t\t\t\t<div class=\"elementor-widget-container\">\n\t\t\t\t\t\t\t\t\t\t\t\t<figure class=\"wp-caption\">\n\t\t\t\t\t\t\t\t\t\t\t<a href=\"https:\/\/ikostudio.it\/wp-content\/uploads\/2024\/12\/Vetrata-Monastero-Ghiffa.jpg\" data-elementor-open-lightbox=\"yes\" data-elementor-lightbox-title=\"Vidriera del Monasterio de Ghiffa\" data-e-action-hash=\"#elementor-action%3Aaction%3Dlightbox%26settings%3DeyJpZCI6MjgzMjMsInVybCI6Imh0dHBzOlwvXC9pa29zdHVkaW8uaXRcL3dwLWNvbnRlbnRcL3VwbG9hZHNcLzIwMjRcLzEyXC9WZXRyYXRhLU1vbmFzdGVyby1HaGlmZmEud2VicCJ9\">\n\t\t\t\t\t\t\t<img loading=\"lazy\" decoding=\"async\" width=\"225\" height=\"300\" src=\"https:\/\/ikostudio.it\/wp-content\/uploads\/2024\/12\/Vetrata-Monastero-Ghiffa-225x300.jpg\" class=\"attachment-medium size-medium wp-image-28323\" alt=\"Vidriera del Monasterio de las Monjas Benedictinas de Ghiffa\" srcset=\"https:\/\/ikostudio.it\/wp-content\/uploads\/2024\/12\/Vetrata-Monastero-Ghiffa-225x300.jpg 225w, https:\/\/ikostudio.it\/wp-content\/uploads\/2024\/12\/Vetrata-Monastero-Ghiffa.jpg 562w\" sizes=\"(max-width: 225px) 100vw, 225px\" \/>\t\t\t\t\t\t\t\t<\/a>\n\t\t\t\t\t\t\t\t\t\t\t<figcaption class=\"widget-image-caption wp-caption-text\">Vidriera del Monasterio de Ghiffa<\/figcaption>\n\t\t\t\t\t\t\t\t\t\t<\/figure>\n\t\t\t\t\t\t\t\t\t<\/div>\n\t\t\t\t<\/div>\n\t\t\t\t<div class=\"elementor-element elementor-element-94b88cb elementor-widget elementor-widget-image\" data-id=\"94b88cb\" data-element_type=\"widget\" data-e-type=\"widget\" data-widget_type=\"image.default\">\n\t\t\t\t<div class=\"elementor-widget-container\">\n\t\t\t\t\t\t\t\t\t\t\t\t<figure class=\"wp-caption\">\n\t\t\t\t\t\t\t\t\t\t\t<a href=\"https:\/\/ikostudio.it\/wp-content\/uploads\/2024\/10\/Gesu-misericordioso-Vetrate-artistiche-Africa.webp\" data-elementor-open-lightbox=\"yes\" data-elementor-lightbox-title=\"Vitral art\u00edstico Jes\u00fas Misericordioso\" data-e-action-hash=\"#elementor-action%3Aaction%3Dlightbox%26settings%3DeyJpZCI6MjQ1ODIsInVybCI6Imh0dHBzOlwvXC9pa29zdHVkaW8uaXRcL3dwLWNvbnRlbnRcL3VwbG9hZHNcLzIwMjRcLzEwXC9HZXN1LW1pc2VyaWNvcmRpb3NvLVZldHJhdGUtYXJ0aXN0aWNoZS1BZnJpY2Eud2VicCJ9\">\n\t\t\t\t\t\t\t<img loading=\"lazy\" decoding=\"async\" width=\"177\" height=\"300\" src=\"https:\/\/ikostudio.it\/wp-content\/uploads\/2024\/10\/Gesu-misericordioso-Vetrate-artistiche-Africa-177x300.jpg\" class=\"attachment-medium size-medium wp-image-24582\" alt=\"Vitrale Art\u00edstico Sagrado Jes\u00fas Misericordioso\" srcset=\"https:\/\/ikostudio.it\/wp-content\/uploads\/2024\/10\/Gesu-misericordioso-Vetrate-artistiche-Africa-177x300.jpg 177w, https:\/\/ikostudio.it\/wp-content\/uploads\/2024\/10\/Gesu-misericordioso-Vetrate-artistiche-Africa.jpg 442w\" sizes=\"(max-width: 177px) 100vw, 177px\" \/>\t\t\t\t\t\t\t\t<\/a>\n\t\t\t\t\t\t\t\t\t\t\t<figcaption class=\"widget-image-caption wp-caption-text\">Vetrata commissionata per l'Africa<\/figcaption>\n\t\t\t\t\t\t\t\t\t\t<\/figure>\n\t\t\t\t\t\t\t\t\t<\/div>\n\t\t\t\t<\/div>\n\t\t\t\t\t<\/div>\n\t\t\t\t<\/div>\n\t\t<div class=\"elementor-element elementor-element-1608ede e-flex e-con-boxed e-con e-parent\" data-id=\"1608ede\" data-element_type=\"container\" data-e-type=\"container\">\n\t\t\t\t\t<div class=\"e-con-inner\">\n\t\t\t\t<div class=\"elementor-element elementor-element-5cdd1cb elementor-widget elementor-widget-text-editor\" data-id=\"5cdd1cb\" data-element_type=\"widget\" data-e-type=\"widget\" data-widget_type=\"text-editor.default\">\n\t\t\t\t<div class=\"elementor-widget-container\">\n\t\t\t\t\t\t\t\t\t<h3>Diego Tolomelli, artista de vitrales y maestro<\/h3>\n<p>Con IKO Studio naci\u00f3 tambi\u00e9n una aut\u00e9ntica escuela de vidrieras art\u00edsticas a nivel internacional.<\/p>\n<p>A pesar de su experiencia como profesor, naci\u00f3 en Inglaterra donde imparte cursos nocturnos. Cuando deja Roma y consigue organizar cursos intensivos y residenciales, la docencia se convierte en una gran satisfacci\u00f3n. Aprendi\u00f3 el idioma espa\u00f1ol y logr\u00f3 formar a j\u00f3venes artistas del vidrio de todo el mundo, algunos de ellos patrocinados por la comunidad europea, escuelas de arte extranjeras y la asociaci\u00f3n American Glass Guild. Llegan invitaciones internacionales para Diego Tolomelli, vitralista y docente, es llamado a ense\u00f1ar dos veces en Uruguay, dos veces en Colombia y en Kobe, Jap\u00f3n.<\/p>\n<p>Con la misma pasi\u00f3n, todav\u00eda hoy en Bolsena organizamos <a href=\"https:\/\/ikostudio.it\/es\/cursos-de-vitrales-artisticos\/\" target=\"_blank\" rel=\"noopener\">cursos intensivos y residenciales de vidrieras art\u00edsticas<\/a>.<\/p>\n\t\t\t\t\t\t\t\t<\/div>\n\t\t\t\t<\/div>\n\t\t\t\t\t<\/div>\n\t\t\t\t<\/div>\n\t\t<div class=\"elementor-element elementor-element-d040a19 e-flex e-con-boxed e-con e-parent\" data-id=\"d040a19\" data-element_type=\"container\" data-e-type=\"container\">\n\t\t\t\t\t<div class=\"e-con-inner\">\n\t\t\t\t<div class=\"elementor-element elementor-element-565db6b elementor-widget elementor-widget-text-editor\" data-id=\"565db6b\" data-element_type=\"widget\" data-e-type=\"widget\" data-widget_type=\"text-editor.default\">\n\t\t\t\t<div class=\"elementor-widget-container\">\n\t\t\t\t\t\t\t\t\t<h2>La misi\u00f3n art\u00edstica de IKO Studio<\/h2>\n<p>Las creaciones de IKO Studio son el resultado de una gran pasi\u00f3n por este arte. Los a\u00f1os de experiencia en este campo nos han proporcionado las habilidades t\u00e9cnicas y art\u00edsticas para crear obras de vidrio \u00fanicas que se diferencian en la fabricaci\u00f3n y la atenci\u00f3n al detalle. Desde el dise\u00f1o hasta el boceto, desde la selecci\u00f3n de materiales hasta el minucioso trabajo de pintura y montaje, cada paso del proceso se lleva a cabo con la m\u00e1xima atenci\u00f3n, garantizando trabajos en vidrio que son aut\u00e9nticas obras maestras.<\/p>\n<p>\u00bfTienes un proyecto especial en mente o te gustar\u00eda un asesoramiento personalizado para un vitral art\u00edstico? Ya sea una residencia privada, una iglesia o un espacio p\u00fablico, estamos aqu\u00ed para crear juntos algo extraordinario.<br \/>\n<a href=\"https:\/\/ikostudio.it\/es\/contactos\/\" target=\"_blank\" rel=\"noopener\">Cont\u00e1ctenos hoy para solicitar una cotizaci\u00f3n gratuita.<\/a><\/p>\n\t\t\t\t\t\t\t\t<\/div>\n\t\t\t\t<\/div>\n\t\t\t\t\t<\/div>\n\t\t\t\t<\/div>\n\t\t\t\t<\/div>\n\t\t","protected":false},"excerpt":{"rendered":"<p>Diego Tolomelli, artista de vitrales Nacido en Pav\u00eda en 1974, Diego Tolomelli, artista de vitrales, comenz\u00f3 su andadura art\u00edstica tras finalizar sus estudios de agrimensor, optando por su pasi\u00f3n por el arte. Fascinado por el mundo del vitral art\u00edstico, se form\u00f3 inicialmente en el taller, donde aprendi\u00f3 la t\u00e9cnica Tiffany. Sus primeras obras, paneles decorativos [&hellip;]<\/p>\n","protected":false},"author":3,"featured_media":491,"parent":0,"menu_order":0,"comment_status":"closed","ping_status":"closed","template":"","meta":{"footnotes":""},"class_list":["post-1321","page","type-page","status-publish","has-post-thumbnail","hentry"],"_links":{"self":[{"href":"https:\/\/ikostudio.it\/es\/wp-json\/wp\/v2\/pages\/1321","targetHints":{"allow":["GET"]}}],"collection":[{"href":"https:\/\/ikostudio.it\/es\/wp-json\/wp\/v2\/pages"}],"about":[{"href":"https:\/\/ikostudio.it\/es\/wp-json\/wp\/v2\/types\/page"}],"author":[{"embeddable":true,"href":"https:\/\/ikostudio.it\/es\/wp-json\/wp\/v2\/users\/3"}],"replies":[{"embeddable":true,"href":"https:\/\/ikostudio.it\/es\/wp-json\/wp\/v2\/comments?post=1321"}],"version-history":[{"count":0,"href":"https:\/\/ikostudio.it\/es\/wp-json\/wp\/v2\/pages\/1321\/revisions"}],"wp:featuredmedia":[{"embeddable":true,"href":"https:\/\/ikostudio.it\/es\/wp-json\/wp\/v2\/media\/491"}],"wp:attachment":[{"href":"https:\/\/ikostudio.it\/es\/wp-json\/wp\/v2\/media?parent=1321"}],"curies":[{"name":"wp","href":"https:\/\/api.w.org\/{rel}","templated":true}]}}